{"id":5239,"date":"2012-12-24T13:26:50","date_gmt":"2012-12-24T13:26:50","guid":{"rendered":"https:\/\/old.mercatflors.cat\/?page_id=5239"},"modified":"2023-02-14T16:44:32","modified_gmt":"2023-02-14T15:44:32","slug":"transparency","status":"publish","type":"page","link":"https:\/\/old.mercatflors.cat\/en\/the-mercat\/transparency\/","title":{"rendered":"Transparency"},"content":{"rendered":"<p><em>\u00daltima actualitzaci\u00f3 14\/02\/2023<\/em><\/p>\n<h2 id=\"informaci\u00f3 institucional i organitzativa\">Informaci\u00f3 institucional i organitzativa<\/h2>\n<p><strong>\u00d2RGANS DE GOVERN<\/strong><\/p>\n<ul>\n<li><span style=\"color: #0000ff;\"><a style=\"color: #0000ff;\" href=\"https:\/\/old.mercatflors.cat\/wp-content\/uploads\/2022\/01\/COMPOSICI\u00d3-CONSELL-GENERAL.pdf\">Composici\u00f3 dels \u00f2rgans de Govern<\/a><\/span><\/li>\n<li><span style=\"color: #0000ff;\"><a style=\"color: #0000ff;\" href=\"https:\/\/old.mercatflors.cat\/wp-content\/uploads\/2020\/05\/DOC-2.pdf\">Funcions del Consell General<\/a><\/span><\/li>\n<\/ul>\n<p><strong>ORGANITZACI\u00d3 I FUNCIONS<\/strong><\/p>\n<ul>\n<li><span style=\"color: #0000ff;\"><a style=\"color: #0000ff;\" href=\"https:\/\/old.mercatflors.cat\/wp-content\/uploads\/2019\/06\/Estatuts-Organitzaci\u00f3-i-funcions.pdf\">Estatuts<\/a><\/span><\/li>\n<\/ul>\n<p><strong>ALTS C\u00c0RRECS<\/strong><\/p>\n<ul>\n<li><span style=\"color: #0000ff;\"><a style=\"color: #0000ff;\" href=\"https:\/\/old.mercatflors.cat\/wp-content\/uploads\/2022\/02\/Cvs-cat-2.pdf\">CVs i dades de contacte<\/a><\/span><\/li>\n<li><span style=\"color: #0000ff;\"><a style=\"color: #0000ff;\" href=\"https:\/\/old.mercatflors.cat\/wp-content\/uploads\/2019\/06\/Funcions-i-atribucions-Alts-c\u00e0rrecs.pdf\">Funcions i atribucions<\/a><\/span><\/li>\n<li><span style=\"color: #0000ff;\"><a style=\"color: #0000ff;\" href=\"https:\/\/old.mercatflors.cat\/wp-content\/uploads\/2019\/06\/Retribucions-indemnitzacions-per-cessament-i-dietes-Alts-c\u00e0rrecs.pdf\">Retribucions, indemnitzacions per cessament de c\u00e0rrecs i dietes<\/a><\/span><\/li>\n<li>Despeses de viatges\u00a0(<a href=\"https:\/\/old.mercatflors.cat\/wp-content\/uploads\/2019\/06\/Despeses-de-viatges-Alts-c%C3%A0rrecs.pdf\"><span style=\"color: #0000ff;\">2018<\/span><\/a>,\u00a0<a href=\"https:\/\/old.mercatflors.cat\/wp-content\/uploads\/2020\/05\/DOC-4.pdf\"><span style=\"color: #0000ff;\">2019<\/span><\/a>,\u00a0<a href=\"https:\/\/old.mercatflors.cat\/wp-content\/uploads\/2021\/02\/Despeses-viatges-Directora-2020.pdf\"><span style=\"color: #0000ff;\">2020<\/span><\/a>,\u00a0<span style=\"color: #0000ff;\"><a style=\"color: #0000ff;\" href=\"https:\/\/old.mercatflors.cat\/wp-content\/uploads\/2022\/01\/Viatges-2021.pdf\">2021<\/a><\/span>)<\/li>\n<\/ul>\n<p><strong>PERSONAL<\/strong><\/p>\n<ul>\n<li><span style=\"color: #0000ff;\"><a style=\"color: #0000ff;\" href=\"https:\/\/old.mercatflors.cat\/wp-content\/uploads\/2022\/12\/RLT-Desembre-2022-34-llocs.pdf\">Organigrama i Estructura Organitzativa<\/a><\/span><\/li>\n<li><span style=\"color: #0000ff;\"><a style=\"color: #0000ff;\" href=\"https:\/\/old.mercatflors.cat\/wp-content\/uploads\/2019\/06\/Retribucions-indemnitzacions-per-cessament-i-dietes-Personal.pdf\">Retribucions, indemnitzacions per cessament de c\u00e0rrecs i dietes<\/a><\/span><\/li>\n<li><span style=\"color: #0000ff;\"><a style=\"color: #0000ff;\" href=\"https:\/\/old.mercatflors.cat\/wp-content\/uploads\/2019\/06\/Acords-laborals-Personal.pdf\">Acords laborals<\/a><\/span><\/li>\n<li><span style=\"color: #0000ff;\"><a style=\"color: #0000ff;\" href=\"https:\/\/old.mercatflors.cat\/el-mercat\/ofertes-de-treball\/\">Processos de selecci\u00f3 de personal<\/a><\/span><\/li>\n<\/ul>\n<h2 id=\"acci\u00f3 de govern\">Acci\u00f3 de govern<\/h2>\n<p><strong>PLANS I PROGRAMES<\/strong><\/p>\n<p><a href=\"https:\/\/old.mercatflors.cat\/wp-content\/uploads\/2022\/01\/Pla-estrat.-i-act.-2021-25.pdf\"><span style=\"color: #0000ff;\">Pla estrat\u00e8gic d\u2019actuaci\u00f3 2021-2025<\/span><\/a><br \/>\n<a href=\"https:\/\/old.mercatflors.cat\/wp-content\/uploads\/2019\/11\/Pla-dActuaci\u00f3-2018-2021-Indicadors.pdf\"><span style=\"color: #0000ff;\">Pla d\u2019actuaci\u00f3 2018\/2021 + Indicadors<\/span><\/a><br \/>\n<a href=\"https:\/\/old.mercatflors.cat\/wp-content\/uploads\/2019\/11\/Indicadors-12-16.pdf\"><span style=\"color: #0000ff;\">Indicadors 2012\/2016<\/span><\/a><br \/>\n<a href=\"https:\/\/old.mercatflors.cat\/wp-content\/uploads\/2023\/02\/Indicadors_2017_202021.pdf\"><span style=\"color: #0000ff;\">Indicadors 2017\/2021<\/span><\/a><\/p>\n<h2 id=\"gesti\u00f3 econ\u00f2mica i administrativa\">Gesti\u00f3 econ\u00f2mica i administrativa<\/h2>\n<p><strong>GESTI\u00d3 PRESSUPOST\u00c0RIA I FINANCERA<\/strong><\/p>\n<ul>\n<li><span style=\"color: #0000ff;\"><a style=\"color: #0000ff;\" href=\"https:\/\/old.mercatflors.cat\/wp-content\/uploads\/2021\/11\/Doc-3-Pressupost-CMF-2022.pdf\">Pressupost 2022<\/a><\/span><\/li>\n<li><a href=\"https:\/\/old.mercatflors.cat\/wp-content\/uploads\/2021\/02\/Pressupost-2021.pdf\"><span style=\"color: #0000ff;\">Pressupost 2021<\/span><\/a><\/li>\n<li><span style=\"color: #0000ff;\"><a style=\"color: #0000ff;\" href=\"https:\/\/old.mercatflors.cat\/wp-content\/uploads\/2019\/11\/Expedient-Pressupost-2020-signat.pdf\">Pressupost 2020<\/a><\/span><\/li>\n<li><span style=\"color: #0000ff;\"><a style=\"color: #0000ff;\" href=\"https:\/\/drive.google.com\/file\/d\/1Pkm4N1tG1j1UPPkDYw2VtdphDY5qD3rb\/view?usp=sharing\">Pressupost 2019<\/a><\/span><\/li>\n<li>Liquidaci\u00f3 del Pressupost i resultats i informes financers:\u00a0<span style=\"color: #0000ff;\"><a style=\"color: #0000ff;\" href=\"https:\/\/old.mercatflors.cat\/wp-content\/uploads\/2019\/06\/Liquidaci\u00f3-del-Pressupost-i-resultats-i-informes-financers-2017-Gesti\u00f3-pressupost\u00e0ria-i-financera.pdf\">2017<\/a>,\u00a0<\/span><span style=\"color: #0000ff;\"><a style=\"color: #0000ff;\" href=\"https:\/\/old.mercatflors.cat\/wp-content\/uploads\/2019\/06\/Liquidaci\u00f3-del-Pressupost-i-resultats-i-informes-financers-2018-Gesti\u00f3-pressupost\u00e0ria-i-financera.pdf\">2018<\/a>,\u00a0<a style=\"color: #0000ff;\" href=\"https:\/\/old.mercatflors.cat\/wp-content\/uploads\/2021\/11\/Liquidaci\u00f3-Pressupost-CMF-2019-Signat-i-escanejat.pdf\">2019<\/a>, <a style=\"color: #0000ff;\" href=\"https:\/\/old.mercatflors.cat\/wp-content\/uploads\/2021\/11\/LIQUIDACIO\u0301-PRESSUPOST-2020-definitiva_SIGNAT.pdf\">2020<\/a><\/span><\/li>\n<li>Informe d&#8217;auditoria i Comptes Anuals: <a href=\"https:\/\/old.mercatflors.cat\/wp-content\/uploads\/2019\/07\/Informe-Auditoria-Comptes-Anuals-al-31.12.2018-CAT.pdf\"><span style=\"color: #0000ff;\">2018<\/span><\/a>,<span style=\"color: #0000ff;\">\u00a0<a style=\"color: #0000ff;\" href=\"https:\/\/old.mercatflors.cat\/wp-content\/uploads\/2022\/01\/Compte-general-2019.pdf\">2019<\/a>, <a style=\"color: #0000ff;\" href=\"https:\/\/old.mercatflors.cat\/wp-content\/uploads\/2022\/01\/Compte-general-2020_compressed.pdf\">2020,<\/a>\u00a0<a href=\"https:\/\/old.mercatflors.cat\/wp-content\/uploads\/2022\/05\/Compte-General-21-CMF-tot-.pdf\">2021<\/a><\/span><\/li>\n<\/ul>\n<p><strong>CONTRACTACI\u00d3 P\u00daBLICA<\/strong><\/p>\n<ul>\n<li><span style=\"color: #0000ff;\"><a style=\"color: #0000ff;\" href=\"https:\/\/old.mercatflors.cat\/el-mercat\/perfil-del-contractant\/\">Perfil del contractant<\/a><\/span><\/li>\n<li><a href=\"https:\/\/ajuntament.barcelona.cat\/transparencia\/ca\/contractacio-publica-del-consorci-del-mercat-de-les-florscentre-de-les-arts-de-moviment\"><span style=\"color: #0000ff;\">Dades de contractaci\u00f3<\/span><\/a><\/li>\n<\/ul>\n<p><strong>SUBVENCIONS, TRANSFER\u00c8NCIES I ENCOMANES DE GESTI\u00d3<\/strong><\/p>\n<ul>\n<li>Relaci\u00f3 de subvencions, transfer\u00e8ncies i encomanes de gesti\u00f3 (<a href=\"https:\/\/old.mercatflors.cat\/wp-content\/uploads\/2019\/06\/Relaci\u00f3-de-subvencions-transfer\u00e8ncies-i-encomanes-de-gesti\u00f3-Subvencions-transfer\u00e8ncies-i-ecoman.pdf\"><span style=\"color: #0000ff;\">2017<\/span><\/a>, <a href=\"https:\/\/old.mercatflors.cat\/wp-content\/uploads\/2020\/05\/DOC-5.pdf\"><span style=\"color: #0000ff;\">2018<\/span><\/a>,\u00a0<a href=\"https:\/\/old.mercatflors.cat\/wp-content\/uploads\/2020\/05\/DOC-6.pdf\"><span style=\"color: #0000ff;\">2019<\/span><\/a>, <a href=\"https:\/\/old.mercatflors.cat\/wp-content\/uploads\/2022\/01\/Subvencions-i-transfere\u0300ncies-2019.pdf\"><span style=\"color: #0000ff;\">2020<\/span><\/a>)<\/li>\n<\/ul>\n<p><strong>CONVENIS<\/strong><\/p>\n<ul>\n<li><a href=\"https:\/\/old.mercatflors.cat\/wp-content\/uploads\/2022\/01\/Convenis-a-2021.pdf\"><span style=\"color: #0000ff;\">Relaci\u00f3 de convenis<\/span><\/a><\/li>\n<\/ul>\n<p><strong>PATRIMONI<\/strong><\/p>\n<ul>\n<li><span style=\"color: #0000ff;\"><a style=\"color: #0000ff;\" href=\"https:\/\/old.mercatflors.cat\/wp-content\/uploads\/2022\/01\/Inventari-Mercat-Flors-2007-2021.pdf\">Inventari i gesti\u00f3 del patrimoni<\/a><\/span><\/li>\n<\/ul>\n<h2 id=\"participaci\u00f3 i relaci\u00f3 amb la ciutadania\">Relaci\u00f3 amb la ciutadania<\/h2>\n<p><strong>CANALS D&#8217;ATENCI\u00d3 CIUTADANA<\/strong><\/p>\n<ul>\n<li><a href=\"https:\/\/ajuntament.barcelona.cat\/transparencia\/ca\/acces-la-informacio-publica\"><span style=\"color: #0000ff;\">Dret d&#8217;acc\u00e9s a la informaci\u00f3 p\u00fablica<\/span><\/a><\/li>\n<\/ul>\n<h2 id=\"avaluaci\u00f3 de la transpar\u00e8ncia\">Avaluaci\u00f3 de la transpar\u00e8ncia<\/h2>\n<p><strong>S\u00cdNDIC DE GREUGES DE CATALUNYA<\/strong><\/p>\n<ul>\n<li><span style=\"color: #0000ff;\"><a style=\"color: #0000ff;\" href=\"http:\/\/www.sindic.cat\/ca\/page.asp?id=356\">Informe transpar\u00e8ncia, acc\u00e9s a la informaci\u00f3 p\u00fablica i bon govern<\/a><\/span><\/li>\n<\/ul>\n","protected":false},"excerpt":{"rendered":"<p>\u00daltima actualitzaci\u00f3 14\/02\/2023 Informaci\u00f3 institucional i organitzativa \u00d2RGANS DE GOVERN [&hellip;]<\/p>\n","protected":false},"author":1,"featured_media":0,"parent":5233,"menu_order":0,"comment_status":"open","ping_status":"open","template":"","meta":[],"_links":{"self":[{"href":"https:\/\/old.mercatflors.cat\/en\/wp-json\/wp\/v2\/pages\/5239\/"}],"collection":[{"href":"https:\/\/old.mercatflors.cat\/en\/wp-json\/wp\/v2\/pages\/"}],"about":[{"href":"https:\/\/old.mercatflors.cat\/en\/wp-json\/wp\/v2\/types\/page\/"}],"author":[{"embeddable":true,"href":"https:\/\/old.mercatflors.cat\/en\/wp-json\/wp\/v2\/users\/1\/"}],"replies":[{"embeddable":true,"href":"https:\/\/old.mercatflors.cat\/en\/wp-json\/wp\/v2\/comments\/?post=5239"}],"version-history":[{"count":0,"href":"https:\/\/old.mercatflors.cat\/en\/wp-json\/wp\/v2\/pages\/5239\/revisions\/"}],"up":[{"embeddable":true,"href":"https:\/\/old.mercatflors.cat\/en\/wp-json\/wp\/v2\/pages\/5233\/"}],"wp:attachment":[{"href":"https:\/\/old.mercatflors.cat\/en\/wp-json\/wp\/v2\/media\/?parent=5239"}],"curies":[{"name":"wp","href":"https:\/\/api.w.org\/{rel}","templated":true}]}}