{"id":20977,"date":"2017-02-08T10:25:03","date_gmt":"2017-02-08T09:25:03","guid":{"rendered":"https:\/\/old.mercatflors.cat\/?page_id=20977"},"modified":"2020-12-02T10:29:44","modified_gmt":"2020-12-02T09:29:44","slug":"suscribete-a-nuestro-boletin","status":"publish","type":"page","link":"https:\/\/old.mercatflors.cat\/es\/suscribete-a-nuestro-boletin\/","title":{"rendered":"Suscr\u00edbete a nuestro bolet\u00edn"},"content":{"rendered":"<p><iframe loading=\"lazy\" src=\"https:\/\/es.patronbase.com\/_MercatFlorsEs\/Signup\/Form?layout=plain\" width=\"740\" height=\"800\" frameborder=\"0\"><br \/>\n<\/iframe><\/p>\n<div style=\"overflow: auto; height: 90px; border: solid 1px black; padding: 8px;\">\n<p><strong>INFORMACI\u00d3N B\u00c1SICA SOBRE PROTECCI\u00d3N DE DATOS<\/strong><\/p>\n<p><strong>Responsable<\/strong>:\u00a0<span class=\"s1\">CONSORCI MERCAT DE LES FLORS<\/span><\/p>\n<p><strong>Finalidad<\/strong>:<\/p>\n<ul>\n<li><span class=\"s1\">Gesti\u00f3n alta\/suscripci\u00f3n \u00a0a trav\u00e9s de nuestra web<\/span><\/li>\n<li><span class=\"s1\">Env\u00edo de informaci\u00f3n sobre nosotros,<\/span><\/li>\n<li><span class=\"s1\">Env\u00edo de publicidad y promociones<\/span><\/li>\n<li><span class=\"s1\">Suscripci\u00f3n a nuestro bolet\u00edn<\/span><\/li>\n<\/ul>\n<p><strong>Legitimaci\u00f3n<\/strong><br \/>\nConsentimiento del cliente.<br \/>\n<strong><br \/>\nDestinatarios<\/strong><br \/>\nSus datos personales pueden ser cedidos por motivos de organizaci\u00f3n interna operativa de Mercat de les Flors, a empresas colaboradoras, y administraciones p\u00fablicas.<br \/>\nSiempre se ceder\u00e1n los datos necesarios para dicha gesti\u00f3n y cumpliendo con todas las medidas de seguridad que establece la normativa de protecci\u00f3n de datos<\/p>\n<p><strong>Derechos<\/strong><br \/>\nAcceso, rectificaci\u00f3n, supresi\u00f3n, limitaci\u00f3n, oposici\u00f3n y portabilidad, as\u00ed como otros derechos explicados en la Informaci\u00f3n Adicional<\/p>\n<p><strong>Procedencia<\/strong><\/p>\n<ul>\n<li>Formulario instalaciones del Mercat<\/li>\n<li>Formulario Web<\/li>\n<li>Entidades que colaboran con nosotros para la venta de entradas\/gesti\u00f3n de las mismas<\/li>\n<\/ul>\n<p><strong>Informaci\u00f3n adicional<\/strong><br \/>\nPuede consultar la informaci\u00f3n adicional sobre Protecci\u00f3n de Datos en nuestra\u00a0<strong><a href=\"https:\/\/old.mercatflors.cat\/es\/politica-de-privacidad\/\" target=\"_blank\" rel=\"noopener\">Pol\u00edtica de Privacidad<\/a>.<\/strong><\/p>\n<\/div>\n<p>&nbsp;<\/p>\n","protected":false},"excerpt":{"rendered":"<p>INFORMACI\u00d3N B\u00c1SICA SOBRE PROTECCI\u00d3N DE DATOS Responsable:\u00a0CONSORCI MERCAT DE LES [&hellip;]<\/p>\n","protected":false},"author":1,"featured_media":47719,"parent":0,"menu_order":0,"comment_status":"open","ping_status":"open","template":"","meta":[],"_links":{"self":[{"href":"https:\/\/old.mercatflors.cat\/es\/wp-json\/wp\/v2\/pages\/20977\/"}],"collection":[{"href":"https:\/\/old.mercatflors.cat\/es\/wp-json\/wp\/v2\/pages\/"}],"about":[{"href":"https:\/\/old.mercatflors.cat\/es\/wp-json\/wp\/v2\/types\/page\/"}],"author":[{"embeddable":true,"href":"https:\/\/old.mercatflors.cat\/es\/wp-json\/wp\/v2\/users\/1\/"}],"replies":[{"embeddable":true,"href":"https:\/\/old.mercatflors.cat\/es\/wp-json\/wp\/v2\/comments\/?post=20977"}],"version-history":[{"count":0,"href":"https:\/\/old.mercatflors.cat\/es\/wp-json\/wp\/v2\/pages\/20977\/revisions\/"}],"wp:featuredmedia":[{"embeddable":true,"href":"https:\/\/old.mercatflors.cat\/es\/wp-json\/wp\/v2\/media\/47719\/"}],"wp:attachment":[{"href":"https:\/\/old.mercatflors.cat\/es\/wp-json\/wp\/v2\/media\/?parent=20977"}],"curies":[{"name":"wp","href":"https:\/\/api.w.org\/{rel}","templated":true}]}}