{"id":24634,"date":"2018-10-02T13:10:06","date_gmt":"2018-10-02T12:10:06","guid":{"rendered":"https:\/\/old.mercatflors.cat\/?page_id=24634\/"},"modified":"2018-10-02T13:50:15","modified_gmt":"2018-10-02T12:50:15","slug":"informacio-basica-sobre-la-proteccio-de-dades","status":"publish","type":"page","link":"https:\/\/old.mercatflors.cat\/es\/informacio-basica-sobre-la-proteccio-de-dades\/","title":{"rendered":"Informaci\u00f3 b\u00e0sica sobre la protecci\u00f3 de dades"},"content":{"rendered":"<p>Como consecuencia de la aplicaci\u00f3n, a partir del 25 de mayo de 2018, del Reglamento General de Protecci\u00f3n de Datos de la Uni\u00f3n Europea, el Consorci Mercat de les Flors ha actualizado\u00a0su Pol\u00edtica de Protecci\u00f3n de Datos.<\/p>\n<p>Por este motivo le\u00a0pedimos que, por favor, lea detenidamente\u00a0la informaci\u00f3n b\u00e1sica sobre Protecci\u00f3n de Datos que\u00a0encontrar\u00e1 a continuaci\u00f3n.<\/p>\n<p>Si desea m\u00e1s informaci\u00f3n sobre este tema consulte por favor\u00a0nuestra Pol\u00edtica de Privacidad disponible\u00a0en nuestra web, cuyo link encontrar\u00e1\u00a0en el \u00faltimo punto de esta informaci\u00f3n b\u00e1sica.<\/p>\n<p>&nbsp;<\/p>\n<table class=\"template_taula\" style=\"height: 299px;\" border=\"1\" width=\"698\">\n<tbody>\n<tr>\n<td class=\"titols_taula\" style=\"width: 180px;\">INFORMACI\u00d3N B\u00c1SICA SOBRE PROTECCI\u00d3N DE DATOS<\/td>\n<td class=\"titols_taula\">CURRICULUM<\/td>\n<\/tr>\n<tr>\n<td class=\"text_taula\" style=\"background-color: #ffed00;\"><strong>Responsable<\/strong><\/td>\n<td class=\"text_taula\">Consorci Mercat de les Flors<\/td>\n<\/tr>\n<tr>\n<td class=\"text_taula\" style=\"background-color: #ffed00;\"><strong>Finalidad<\/strong><\/td>\n<td class=\"text_taula\">Gesti\u00f3n de candidatos para su participaci\u00f3n en los procesos de selecci\u00f3n<\/td>\n<\/tr>\n<tr>\n<td class=\"text_taula\" style=\"background-color: #ffed00;\"><strong>Legitimaci\u00f3n<\/strong><\/td>\n<td class=\"text_taula\">Consentimiento del candidato<\/td>\n<\/tr>\n<tr>\n<td class=\"text_taula\" style=\"background-color: #ffed00;\"><strong>Destinatarios<\/strong><\/td>\n<td class=\"text_taula\">Sus datos personales pueden ser cedidos\u00a0por motivos de organizaci\u00f3n operativa interna a empresas colaboradoras. Siempre se cedir\u00e1n los datos<\/td>\n<\/tr>\n<tr>\n<td class=\"text_taula\" style=\"background-color: #ffed00;\"><strong>Derechos<\/strong><\/td>\n<td class=\"text_taula\">Acceso, rectificaci\u00f3n, supresi\u00f3n, limitaci\u00f3n, oposici\u00f3n\u00a0y portabilidad, as\u00ed como otros derechos explicados en la Informaci\u00f3n Adicional<\/td>\n<\/tr>\n<tr>\n<td class=\"text_taula\" style=\"background-color: #ffed00;\"><strong>Informaci\u00f3n adicional<\/strong><\/td>\n<td class=\"text_taula\">Para consultar la informaci\u00f3n adicional sobre Protecci\u00f3n de Datos\u00a0rogamos consulte nuestra pol\u00edtica de Privacidad\u2026 (<a href=\"https:\/\/old.mercatflors.cat\/es\/aviso-legal\/\"><span style=\"color: #0000ff;\">https:\/\/old.mercatflors.cat\/es\/aviso-legal\/<\/span><\/a>)<\/td>\n<\/tr>\n<\/tbody>\n<\/table>\n<p>&nbsp;<\/p>\n<p>Si tiene\u00a0cualquier duda o preocupaci\u00f3n sobre la forma en que tratamos\u00a0y usamos sus datos personales o desea ejercer cualquier\u00a0de los derechos, p\u00f3ngase en contacto\u00a0con nosotros escribiendo a: <span style=\"color: #0000ff;\"><a style=\"color: #0000ff;\" href=\"mailto:protecciodedades@mercatflors.cat\">protecciodedades@mercatflors.cat<\/a><\/span><\/p>\n","protected":false},"excerpt":{"rendered":"<p>Como consecuencia de la aplicaci\u00f3n, a partir del 25 de [&hellip;]<\/p>\n","protected":false},"author":1,"featured_media":0,"parent":0,"menu_order":0,"comment_status":"closed","ping_status":"closed","template":"","meta":[],"_links":{"self":[{"href":"https:\/\/old.mercatflors.cat\/es\/wp-json\/wp\/v2\/pages\/24634\/"}],"collection":[{"href":"https:\/\/old.mercatflors.cat\/es\/wp-json\/wp\/v2\/pages\/"}],"about":[{"href":"https:\/\/old.mercatflors.cat\/es\/wp-json\/wp\/v2\/types\/page\/"}],"author":[{"embeddable":true,"href":"https:\/\/old.mercatflors.cat\/es\/wp-json\/wp\/v2\/users\/1\/"}],"replies":[{"embeddable":true,"href":"https:\/\/old.mercatflors.cat\/es\/wp-json\/wp\/v2\/comments\/?post=24634"}],"version-history":[{"count":0,"href":"https:\/\/old.mercatflors.cat\/es\/wp-json\/wp\/v2\/pages\/24634\/revisions\/"}],"wp:attachment":[{"href":"https:\/\/old.mercatflors.cat\/es\/wp-json\/wp\/v2\/media\/?parent=24634"}],"curies":[{"name":"wp","href":"https:\/\/api.w.org\/{rel}","templated":true}]}}