{"id":40397,"date":"2019-04-24T12:24:11","date_gmt":"2019-04-24T11:24:11","guid":{"rendered":"https:\/\/old.mercatflors.cat\/?page_id=40397"},"modified":"2022-10-25T18:57:29","modified_gmt":"2022-10-25T17:57:29","slug":"programa-en-residencia-2020-2021","status":"publish","type":"page","link":"https:\/\/old.mercatflors.cat\/es\/programa-en-residencia-2020-2021\/","title":{"rendered":"PROGRAMA &#8221; EN RESIDENCIA&#8221; 2020-2021"},"content":{"rendered":"<h2><strong>EN RESiDENCiA curso 2020-21<\/strong><\/h2>\n<p><strong>Comisariado y mediaci\u00f3n Mercat de les Flors \u2013 Graner:<\/strong><\/p>\n<p><strong>David Climent + alumnado de 4\u00ba ESO &#8211; Institut Salvador Espriu<\/strong><\/p>\n<p><u>EL ARTISTA<\/u><\/p>\n<p><strong>David Climent<\/strong> nace en Castell\u00f3 el 1977, hijo de una carnicera y un paleta. La influencia art\u00edstica m\u00e1s pr\u00f3xima es la de su t\u00edo Paulino, cantante en orquestas para boda, bautizos y comuniones. Antes de descubrir la faceta creativa, desarrolla diferentes actividades, como por ejemplo\u00a0boy scout, atleta, paleta, ayudante de top\u00f3grafo o camarero, entre otros.<\/p>\n<p>Alrededor del 1993, funda La\u00a0Nefaria\u00a0y\u00a0Poaldefem, donde participa en una serie de\u00a0<em>performances<\/em>\u00a0que surgen de un fuerte compromiso social y pol\u00edtico. Despu\u00e9s de unos a\u00f1os de creaciones instintivas y autodidactas, el 1997 decide empezar a formarse como actor, para lo cual hace varios talleres y seminarios y estudia en el aula de Teatro de la Universitat Jaume I. All\u00ed funda, junto a otros alumnos, La Casual, una compa\u00f1\u00eda de teatro vinculada a la universidad, y conoce a Pablo\u00a0Molinero, con el cual el 2003 crea Loscorderos.sc.<\/p>\n<p>Ha trabajado como int\u00e9rprete con compa\u00f1\u00edas como La\u00a0Danaus, Solo Pic\u00f3, La Fura dels Baus, Visitantes, La\u00a0Viuda, con creadores como por ejemplo Sergi L\u00f3pez, Jorge Pic\u00f3, Juan Carlos\u00a0L\u00e9rida\u00a0y Enric\u00a0Montefusco. Tambi\u00e9n ha colaborado en diferentes proyectos esc\u00e9nicos como por ejemplo los siguientes:\u00a0<em>Ca\u00edn\u00a0&amp;\u00a0Ca\u00edn<\/em>\u00a0de Mal Pelo,\u00a0<em>Pelado<\/em>\u00a0de Joan Catal\u00e0,\u00a0<em>C\u00f3mprame<\/em>\u00a0y\u00a0<em>The\u00a0legend\u00a0of\u00a0burning\u00a0man<\/em>\u00a0de\u00a0Insectotr\u00f2pics,\u00a0<em>Wasted<\/em>\u00a0y\u00a0<em>La calavera de\u00a0Connemara<\/em>\u00a0de Iv\u00e1n Morales,\u00a0Ji\u00a0Gou\u00a0de Neus Vila\u00a0Jurgens, entre otros.<\/p>\n<p>Desde el 2016 tambi\u00e9n desarrolla junto con\u00a0Pia\u00a0Nielsen\u00a0(Miss\u00a0Q) el proyecto musical Animal Vegetal.<\/p>\n<p><u>EL INSTITUTO<\/u><\/p>\n<p>Segunda participaci\u00f3n consecutiva del Instituto Salvador Espriu (el Clot, San Mart\u00ed) en EN RESIDENCIA, con un grupo de alumnos de cuarto de ESO. En la und\u00e9cima edici\u00f3n acogi\u00f3 la residencia de Clara\u00a0Nubiola.<\/p>\n<p>El Instituto Salvador Espriu fue puesto en marcha en 1996 y est\u00e1 situado en la plaza de las Glorias. Ocupa un edificio de nueva planta, junto al Centro Cultural La Farinera del Clot. El Salvador Espriu sit\u00faa la participaci\u00f3nen EN RESIDENCIA en los procesos de transformaci\u00f3n de toda su comunidad educativa y de sus conexiones con el entorno m\u00e1s inmediato.<\/p>\n<p><u>LOS PARTICIPANTES<\/u><strong>\u00a0<\/strong><\/p>\n<p><strong>Alumnos de 4\u00ba de ESO<\/strong><br \/>\nAbraham Josu\u00e9 Andrade G\u00f3mez, Deyran de Jes\u00fas Arias Burgos, \u00c1ngel Cuadros Pazmi\u00f1o, Anaid D\u00edaz L\u00f3pez, Elisa Fernanda Hern\u00e1ndez Alvarado, Salom\u00e9 Humanante Romero, Viktoriia Kisak, Aina L\u00f3pez Closas, Camila Abigail Navarro Genez, Joel N\u00fa\u00f1ez Pol, Joan Perera Torres, Carla P\u00e9rez Alonso, Aura Dom\u00e9nica Rivera Manrique, Samreen Samreen , Sonia Serrano Horrillo, Nikol Lucia Serrano Lievano, Jiahao Xu y Piero Josu\u00e9 Z\u00fa\u00f1iga Montalvo.<\/p>\n<p><strong>P<\/strong><strong>rofesores<\/strong><br \/>\nMontalb\u00e0 Bori y M\u00f2nica Sandoval<\/p>\n<p>Bloc de seguiment:\u00a0<span style=\"color: #0000ff;\"><a style=\"color: #0000ff;\" href=\"https:\/\/blocsenresidencia.bcn.cat\/salvadorespriu2021\/\">https:\/\/blocsenresidencia.bcn.cat\/salvadorespriu2021\/<\/a><\/span><\/p>\n<p>*****************************<\/p>\n<p>El Mercat de les Flors-Graner tambi\u00e9n est\u00e1 comisariando y mediando en la residencia de Silvia Sant Funk en el Instituto Montjuic, con el alumnado de 3\u00ba de ESO, consulta toda la informaci\u00f3n\u00a0<a href=\"http:\/\/granerbcn.cat\/educatius\/secundaria\/en-residencia\/\"><span style=\"color: #0000ff;\">AQU\u00cd<\/span><\/a><\/p>\n<p>M\u00e1s info y seguimiento del programa completo de EN RESiD\u00c8NCiA en\u00a0<a href=\"http:\/\/www.enresidencia.org\/\" target=\"_blank\" rel=\"noopener\">http:\/\/www.enresidencia.org\/<\/a><\/p>\n<p>EN RESiD\u00c8NCiA es un programa del Institut de Cultura de Barcelona y el Consorci d\u2019Educaci\u00f3 de Barcelona, ideado en cooperaci\u00f3n con la Asociaci\u00f3n A Bao A Qu<\/p>\n<p>*****************************<\/p>\n<p><strong>CONSULTA EL MATERIAL DE A\u00d1OS ANTERIORES DEL PROYECTO EN RESiDENCiA\u00a0<span style=\"color: #0000ff;\"><a style=\"color: #0000ff;\" href=\"https:\/\/old.mercatflors.cat\/es\/programa-en-residencia-archivo\/\">AQU\u00cd<\/a><\/span><\/strong><\/p>\n","protected":false},"excerpt":{"rendered":"<p>EN RESiDENCiA curso 2020-21 Comisariado y mediaci\u00f3n Mercat de les [&hellip;]<\/p>\n","protected":false},"author":1,"featured_media":0,"parent":0,"menu_order":0,"comment_status":"closed","ping_status":"closed","template":"","meta":[],"_links":{"self":[{"href":"https:\/\/old.mercatflors.cat\/es\/wp-json\/wp\/v2\/pages\/40397\/"}],"collection":[{"href":"https:\/\/old.mercatflors.cat\/es\/wp-json\/wp\/v2\/pages\/"}],"about":[{"href":"https:\/\/old.mercatflors.cat\/es\/wp-json\/wp\/v2\/types\/page\/"}],"author":[{"embeddable":true,"href":"https:\/\/old.mercatflors.cat\/es\/wp-json\/wp\/v2\/users\/1\/"}],"replies":[{"embeddable":true,"href":"https:\/\/old.mercatflors.cat\/es\/wp-json\/wp\/v2\/comments\/?post=40397"}],"version-history":[{"count":0,"href":"https:\/\/old.mercatflors.cat\/es\/wp-json\/wp\/v2\/pages\/40397\/revisions\/"}],"wp:attachment":[{"href":"https:\/\/old.mercatflors.cat\/es\/wp-json\/wp\/v2\/media\/?parent=40397"}],"curies":[{"name":"wp","href":"https:\/\/api.w.org\/{rel}","templated":true}]}}