{"id":40440,"date":"2019-04-26T13:14:06","date_gmt":"2019-04-26T12:14:06","guid":{"rendered":"https:\/\/old.mercatflors.cat\/?page_id=40440"},"modified":"2022-07-18T11:33:39","modified_gmt":"2022-07-18T10:33:39","slug":"proyecto-tots-dansen-red","status":"publish","type":"page","link":"https:\/\/old.mercatflors.cat\/es\/proyecto-tots-dansen-red\/","title":{"rendered":"Proyecto TOTS DANSEN"},"content":{"rendered":"<p>&nbsp;<\/p>\n<p>&nbsp;<\/p>\n<p>El Proyecto Tots Dansen tiene como objetivo reforzar e incrementar el compromiso de la danza con la educaci\u00f3n, las escuelas y la comunidad e impulsar proyectos educativos y acciones de proximidad que permitan la transmisi\u00f3n de los valores que puede aportar de manera intr\u00ednseca la danza como arte.<\/p>\n<p><img decoding=\"async\" loading=\"lazy\" class=\"alignnone wp-image-30673 size-large\" src=\"https:\/\/old.mercatflors.cat\/wp-content\/uploads\/2014\/05\/tots-dansen-790x490.jpg\" alt=\"\" width=\"790\" height=\"490\" srcset=\"https:\/\/old.mercatflors.cat\/wp-content\/uploads\/2014\/05\/tots-dansen.jpg 790w, https:\/\/old.mercatflors.cat\/wp-content\/uploads\/2014\/05\/tots-dansen-350x217.jpg 350w\" sizes=\"(max-width: 790px) 100vw, 790px\" \/><\/p>\n<p>Actualmente el proyecto forma parte del <a style=\"color: #0000ff;\" href=\"http:\/\/cultura.gencat.cat\/ca\/detall\/Noticies\/Pla-dImpuls-a-la-Dansa\">Pla d&#8217;Impuls a la Dansa promovido por el Departament de Cultura de la Generalitat de Catalunya<\/a><span style=\"color: #0000ff;\">, <\/span><span style=\"color: #000000;\">por lo que<\/span><span style=\"color: #0000ff;\">\u00a0<span style=\"color: #000000;\">sirve<\/span><\/span><span style=\"color: #000000;\">\u00a0<\/span>para incrementar y estabilizar esta iniciativa pedag\u00f3gica de alcance territorial que acerca el lenguaje del movimiento y la danza contempor\u00e1nea al p\u00fablico joven. Dirigido a centros de ense\u00f1anza secundaria, esta propuesta favorece la participaci\u00f3n del ciudadano y el conocimiento de la danza a Catalu\u00f1a.<\/p>\n<p>&nbsp;<\/p>\n<p>El TN comarcas de TV3 recoje la experiencia de los jovenes de Reus que participan en el curso 2018-2019 del Tots Dansen:<\/p>\n<p><iframe loading=\"lazy\" src=\"https:\/\/www.ccma.cat\/video\/embed\/5833568\/\" width=\"500px\" height=\"281px\" frameborder=\"0\" scrolling=\"no\" allowfullscreen=\"allowfullscreen\"><\/iframe><\/p>\n<p>Tots Dansen es un proyecto de la Xarxa Transversal, en colaboraci\u00f3n con el Mercat de les Flors y con el apoyo del Departament de Cultura de la Generalitat de Catalunya<\/p>\n<p><img decoding=\"async\" loading=\"lazy\" class=\"wp-image-43466 alignleft\" src=\"https:\/\/old.mercatflors.cat\/wp-content\/uploads\/2019\/07\/transversal-350x135.jpg\" alt=\"\" width=\"150\" height=\"58\" srcset=\"https:\/\/old.mercatflors.cat\/wp-content\/uploads\/2019\/07\/transversal-350x135.jpg 350w, https:\/\/old.mercatflors.cat\/wp-content\/uploads\/2019\/07\/transversal.jpg 650w\" sizes=\"(max-width: 150px) 100vw, 150px\" \/><img decoding=\"async\" loading=\"lazy\" class=\"alignnone wp-image-43470\" src=\"https:\/\/old.mercatflors.cat\/wp-content\/uploads\/2019\/07\/04-cultura.png\" alt=\"\" width=\"177\" height=\"95\" \/><\/p>\n<p><a href=\"https:\/\/old.mercatflors.cat\/es\/proyecto-tots-dansen\/\"><span style=\"color: #0000ff;\">Puedes leer toda la informaci\u00f3n del proyecto (y conocer sus antecedentes y evoluci\u00f3n) AQU\u00cd<\/span><\/a><\/p>\n","protected":false},"excerpt":{"rendered":"<p>&nbsp; &nbsp; El Proyecto Tots Dansen tiene como objetivo reforzar [&hellip;]<\/p>\n","protected":false},"author":1,"featured_media":37191,"parent":0,"menu_order":0,"comment_status":"closed","ping_status":"closed","template":"","meta":[],"_links":{"self":[{"href":"https:\/\/old.mercatflors.cat\/es\/wp-json\/wp\/v2\/pages\/40440\/"}],"collection":[{"href":"https:\/\/old.mercatflors.cat\/es\/wp-json\/wp\/v2\/pages\/"}],"about":[{"href":"https:\/\/old.mercatflors.cat\/es\/wp-json\/wp\/v2\/types\/page\/"}],"author":[{"embeddable":true,"href":"https:\/\/old.mercatflors.cat\/es\/wp-json\/wp\/v2\/users\/1\/"}],"replies":[{"embeddable":true,"href":"https:\/\/old.mercatflors.cat\/es\/wp-json\/wp\/v2\/comments\/?post=40440"}],"version-history":[{"count":0,"href":"https:\/\/old.mercatflors.cat\/es\/wp-json\/wp\/v2\/pages\/40440\/revisions\/"}],"wp:featuredmedia":[{"embeddable":true,"href":"https:\/\/old.mercatflors.cat\/es\/wp-json\/wp\/v2\/media\/37191\/"}],"wp:attachment":[{"href":"https:\/\/old.mercatflors.cat\/es\/wp-json\/wp\/v2\/media\/?parent=40440"}],"curies":[{"name":"wp","href":"https:\/\/api.w.org\/{rel}","templated":true}]}}