{"id":40443,"date":"2019-04-26T13:14:00","date_gmt":"2019-04-26T12:14:00","guid":{"rendered":"https:\/\/old.mercatflors.cat\/?page_id=40443"},"modified":"2019-04-26T13:14:00","modified_gmt":"2019-04-26T12:14:00","slug":"proyecto-versio-ciutat-dansa-red","status":"publish","type":"page","link":"https:\/\/old.mercatflors.cat\/es\/proyecto-versio-ciutat-dansa-red\/","title":{"rendered":"Proyecto VERSI\u00d3 CIUTAT DANSA"},"content":{"rendered":"<p>&nbsp;<\/p>\n<p>&nbsp;<\/p>\n<p>El <strong>Versi\u00f3 Ciutat Dansa<\/strong> es un programa piloto que impulsan el IMEB (Institut d\u2019Educaci\u00f3 de Barcelona) y el Mercat de les Flors dirigido al alumnado de secundaria y bachillerato de institutos p\u00fablicos de Barcelona. Nace de la necesidad de dar continuidad al proyecto ya consolidado <strong>Tot Dansa<\/strong>. El proyecto promueve la danza en el territorio, vinculando los centros educativos con entidades, equipamientos p\u00fablicos y espacios del entorno. Un trabajo en red que culmina en espect\u00e1culo a pie de calle: una coreograf\u00eda liderada por un\/a core\u00f3grafo\/a de renombre.<\/p>\n<p><img decoding=\"async\" loading=\"lazy\" class=\"alignleft size-full wp-image-22299\" src=\"https:\/\/old.mercatflors.cat\/wp-content\/uploads\/2017\/06\/muntatge-VERSI\u00d3-CIUTAT-DANS.jpg\" alt=\"Projecte VERSI\u00d3 CIUTAT DANSA - Mercat de les Flors\" width=\"710\" height=\"208\" srcset=\"https:\/\/old.mercatflors.cat\/wp-content\/uploads\/2017\/06\/muntatge-VERSI\u00d3-CIUTAT-DANS.jpg 710w, https:\/\/old.mercatflors.cat\/wp-content\/uploads\/2017\/06\/muntatge-VERSI\u00d3-CIUTAT-DANS-350x103.jpg 350w\" sizes=\"(max-width: 710px) 100vw, 710px\" \/><\/p>\n<p>&nbsp;<\/p>\n<p><strong>Las ideas clave del proyecto son:<\/strong><\/p>\n<p>Danza y territorio<br \/>\nDanza y cohesi\u00f3n social<br \/>\nDanza y acci\u00f3n comunitaria<br \/>\nLa Danza Contempor\u00e1nea en la educaci\u00f3n secundaria<br \/>\nDanza e innovaci\u00f3n educativa<\/p>\n<p><span style=\"color: #0000ff;\"><a style=\"color: #0000ff;\" href=\"https:\/\/old.mercatflors.cat\/projecte-versio-ciutat-dansa\/\"><br \/>\nPuedes leer toda la informaci\u00f3n del proyecto (y conocer sus antecedentes y objetivos) aqu\u00ed<\/a><\/span><\/p>\n","protected":false},"excerpt":{"rendered":"<p>&nbsp; &nbsp; El Versi\u00f3 Ciutat Dansa es un programa piloto [&hellip;]<\/p>\n","protected":false},"author":1,"featured_media":37253,"parent":0,"menu_order":0,"comment_status":"closed","ping_status":"closed","template":"","meta":[],"_links":{"self":[{"href":"https:\/\/old.mercatflors.cat\/es\/wp-json\/wp\/v2\/pages\/40443\/"}],"collection":[{"href":"https:\/\/old.mercatflors.cat\/es\/wp-json\/wp\/v2\/pages\/"}],"about":[{"href":"https:\/\/old.mercatflors.cat\/es\/wp-json\/wp\/v2\/types\/page\/"}],"author":[{"embeddable":true,"href":"https:\/\/old.mercatflors.cat\/es\/wp-json\/wp\/v2\/users\/1\/"}],"replies":[{"embeddable":true,"href":"https:\/\/old.mercatflors.cat\/es\/wp-json\/wp\/v2\/comments\/?post=40443"}],"version-history":[{"count":0,"href":"https:\/\/old.mercatflors.cat\/es\/wp-json\/wp\/v2\/pages\/40443\/revisions\/"}],"wp:featuredmedia":[{"embeddable":true,"href":"https:\/\/old.mercatflors.cat\/es\/wp-json\/wp\/v2\/media\/37253\/"}],"wp:attachment":[{"href":"https:\/\/old.mercatflors.cat\/es\/wp-json\/wp\/v2\/media\/?parent=40443"}],"curies":[{"name":"wp","href":"https:\/\/api.w.org\/{rel}","templated":true}]}}