{"id":40808,"date":"2019-05-29T10:59:28","date_gmt":"2019-05-29T09:59:28","guid":{"rendered":"https:\/\/old.mercatflors.cat\/?page_id=40808"},"modified":"2022-07-01T11:44:34","modified_gmt":"2022-07-01T10:44:34","slug":"descuentos","status":"publish","type":"page","link":"https:\/\/old.mercatflors.cat\/es\/descuentos\/","title":{"rendered":"Precios y Descuentos"},"content":{"rendered":"<p>&nbsp;<\/p>\n<p>&nbsp;<\/p>\n<table class=\"template_taula\" border=\"1\" width=\"741\">\n<tbody>\n<tr>\n<td class=\"titols_taula\" style=\"background-color: #000000;\"><strong>28\u20ac<\/strong><\/td>\n<td class=\"titols_taula\" style=\"background-color: #000000;\"><\/td>\n<\/tr>\n<tr>\n<td class=\"text_taula\" style=\"text-align: left;\">BALLET DE L&#8217;OP\u00c9RA DE LYON<\/td>\n<td class=\"text_taula\" style=\"text-align: center;\"><em>Dance<\/em><\/td>\n<\/tr>\n<tr>\n<td class=\"text_taula\" style=\"text-align: left;\">BALLET DE MARSEILLE<\/td>\n<td class=\"text_taula\" style=\"text-align: center;\"><em>4 peces de Childs-Carvalho-Lasseindra-Doherty<\/em><\/td>\n<\/tr>\n<tr>\n<td class=\"titols_taula\" style=\"background-color: #000000;\"><strong>25\u20ac<\/strong><\/td>\n<td class=\"titols_taula\" style=\"background-color: #000000;\"><\/td>\n<\/tr>\n<tr>\n<td class=\"text_taula\" style=\"text-align: left;\">ISRAEL GALV\u00c1N<\/td>\n<td class=\"text_taula\" style=\"text-align: center;\"><em>Amor brujo<\/em><\/td>\n<\/tr>\n<tr>\n<td class=\"text_taula\" style=\"text-align: left;\">ISRAEL GALV\u00c1N+ NI\u00d1O DE ELCHE<\/td>\n<td class=\"text_taula\" style=\"text-align: center;\"><em>Mellizo doble<\/em><\/td>\n<\/tr>\n<tr>\n<td class=\"text_taula\" style=\"text-align: left;\">JONAS &amp; LANDER<\/td>\n<td class=\"text_taula\" style=\"text-align: center;\"><em>Bate fado<\/em><\/td>\n<\/tr>\n<tr>\n<td class=\"text_taula\" style=\"text-align: left;\">FRAN\u00c7OIS CHAIGNAUD<\/td>\n<td class=\"text_taula\" style=\"text-align: center;\"><em>Romances inciertos<\/em><\/td>\n<\/tr>\n<tr>\n<td class=\"text_taula\" style=\"text-align: left;\">GISELLE VIENNE<\/td>\n<td class=\"text_taula\" style=\"text-align: center;\"><em>Crowd<\/em><\/td>\n<\/tr>\n<tr>\n<td class=\"text_taula\" style=\"text-align: left;\">LIA RODRIGUES<\/td>\n<td class=\"text_taula\" style=\"text-align: center;\"><em>Furia<\/em><\/td>\n<\/tr>\n<tr>\n<td class=\"text_taula\" style=\"text-align: left;\">LIA RODRIGUES<\/td>\n<td class=\"text_taula\" style=\"text-align: center;\"><em>Encantado<\/em><\/td>\n<\/tr>\n<tr>\n<td class=\"titols_taula\" style=\"background-color: #000000;\"><strong>22\u20ac<\/strong><\/td>\n<td class=\"titols_taula\" style=\"background-color: #000000;\"><\/td>\n<\/tr>\n<tr>\n<td class=\"text_taula\">JES\u00daS RUBIO<\/td>\n<td class=\"text_taula\" style=\"text-align: center;\"><em>Gran Bolero<\/em><\/td>\n<\/tr>\n<tr>\n<td class=\"text_taula\">CREA DANCE COMPANY by Maria Rovira<\/td>\n<td class=\"text_taula\" style=\"text-align: center;\"><em>Odissea<\/em><\/td>\n<\/tr>\n<tr>\n<td class=\"text_taula\">MAL PELO<\/td>\n<td class=\"text_taula\" style=\"text-align: center;\"><em>Highlands<\/em><\/td>\n<\/tr>\n<tr>\n<td class=\"text_taula\">ASUN NOALES<\/td>\n<td class=\"text_taula\" style=\"text-align: center;\"><em>La mort i la donzella<\/em><\/td>\n<\/tr>\n<tr>\n<td class=\"text_taula\">METTE INGVARSTEN<\/td>\n<td class=\"text_taula\" style=\"text-align: center;\"><em>to come (extended)<\/em><\/td>\n<\/tr>\n<tr>\n<td class=\"text_taula\">PERE FAURA<\/td>\n<td class=\"text_taula\" style=\"text-align: center;\"><em>Requiem nocturn<\/em><\/td>\n<\/tr>\n<tr>\n<td class=\"titols_taula\" style=\"background-color: #000000;\"><strong>20\u20ac<\/strong><\/td>\n<td class=\"titols_taula\" style=\"background-color: #000000;\"><\/td>\n<\/tr>\n<tr>\n<td class=\"text_taula\">SILVIA GRIBAUDI<\/td>\n<td class=\"text_taula\" style=\"text-align: center;\"><em>Monjour<\/em><\/td>\n<\/tr>\n<tr>\n<td class=\"text_taula\">ZOO\/THOMAS HAUERT<\/td>\n<td class=\"text_taula\" style=\"text-align: center;\"><em>Quartet<\/em><\/td>\n<\/tr>\n<tr>\n<td class=\"titols_taula\" style=\"background-color: #000000;\"><strong>18\u20ac<\/strong><\/td>\n<td class=\"titols_taula\" style=\"background-color: #000000;\"><\/td>\n<\/tr>\n<tr>\n<td class=\"text_taula\">AIDA COLMENERO<\/td>\n<td class=\"text_taula\" style=\"text-align: center;\"><em>Kolochi Baw<\/em><\/td>\n<\/tr>\n<tr>\n<td class=\"text_taula\">GABRIEL PANAIBRA<\/td>\n<td class=\"text_taula\" style=\"text-align: center;\"><em>Chered lies<\/em><\/td>\n<\/tr>\n<tr>\n<td class=\"text_taula\">ARACALADANZA<\/td>\n<td class=\"text_taula\" style=\"text-align: center;\"><em>Loop<\/em><\/td>\n<\/tr>\n<tr>\n<td class=\"text_taula\">OLGA DE SOTO<\/td>\n<td class=\"text_taula\" style=\"text-align: center;\"><em>Incorporer ce qui reste ici au coeur (?)<\/em><\/td>\n<\/tr>\n<tr>\n<td class=\"text_taula\">CUQUI JEREZ<\/td>\n<td class=\"text_taula\" style=\"text-align: center;\"><em>Las ultracosas<\/em><\/td>\n<\/tr>\n<tr>\n<td class=\"text_taula\">CUQUI JEREZ<\/td>\n<td class=\"text_taula\" style=\"text-align: center;\"><em>M\u00e1gica y el\u00e1stica<\/em><\/td>\n<\/tr>\n<tr>\n<td class=\"text_taula\">DANCE ON<\/td>\n<td class=\"text_taula\" style=\"text-align: center;\"><em>Works in silence<\/em><\/td>\n<\/tr>\n<tr>\n<td class=\"titols_taula\" style=\"background-color: #000000;\"><strong>16\u20ac<\/strong><\/td>\n<td class=\"titols_taula\" style=\"background-color: #000000;\"><\/td>\n<\/tr>\n<tr>\n<td class=\"text_taula\">TOUJOURS APR\u00c8S MINUIT<\/td>\n<td class=\"text_taula\" style=\"text-align: center;\"><em>\u00c0 vue<\/em><\/td>\n<\/tr>\n<tr>\n<td class=\"text_taula\">DANIEL ABREU<\/td>\n<td class=\"text_taula\" style=\"text-align: center;\"><em>El hijo<\/em><\/td>\n<\/tr>\n<tr>\n<td class=\"text_taula\">NATALIA JIM\u00c9NEZ<\/td>\n<td class=\"text_taula\" style=\"text-align: center;\"><em>Wolf<\/em><\/td>\n<\/tr>\n<tr>\n<td class=\"text_taula\">XAVIER BOB\u00c9S<\/td>\n<td class=\"text_taula\" style=\"text-align: center;\"><em>Corpus<\/em><\/td>\n<\/tr>\n<tr>\n<td class=\"text_taula\">CANTO DE LA CABRA<\/td>\n<td class=\"text_taula\" style=\"text-align: center;\"><em>Gota a gota<\/em><\/td>\n<\/tr>\n<tr>\n<td class=\"text_taula\">JAIME REFOYO<\/td>\n<td class=\"text_taula\" style=\"text-align: center;\"><em>Casa nostra<\/em><\/td>\n<\/tr>\n<tr>\n<td class=\"text_taula\">PHILIPPE SAIRE<\/td>\n<td class=\"text_taula\" style=\"text-align: center;\"><em>Hocus Pocus<\/em><\/td>\n<\/tr>\n<tr>\n<td class=\"text_taula\">PHILIPPE SAIRE<\/td>\n<td class=\"text_taula\" style=\"text-align: center;\"><em>Vacuum<\/em><\/td>\n<\/tr>\n<tr>\n<td class=\"text_taula\">PHILIPPE SAIRE<\/td>\n<td class=\"text_taula\" style=\"text-align: center;\"><em>Party Room<\/em><\/td>\n<\/tr>\n<tr>\n<td class=\"text_taula\">METTE INGVARSTEN<\/td>\n<td class=\"text_taula\" style=\"text-align: center;\"><em>50\/50 + Manual Focus<\/em><\/td>\n<\/tr>\n<tr>\n<td class=\"text_taula\">METTE INGVARSTEN<\/td>\n<td class=\"text_taula\" style=\"text-align: center;\"><em>The Dancing P\u00fablic<\/em><\/td>\n<\/tr>\n<tr>\n<td class=\"text_taula\">AMARANTA VELARDE<\/td>\n<td class=\"text_taula\" style=\"text-align: center;\"><em>Desbordes<\/em><\/td>\n<\/tr>\n<tr>\n<td class=\"text_taula\">POLIANA LIMA<\/td>\n<td class=\"text_taula\" style=\"text-align: center;\"><em>Las cosas se mueven pero no dicen nada<\/em><\/td>\n<\/tr>\n<tr>\n<td class=\"text_taula\">TAIAT<\/td>\n<td class=\"text_taula\" style=\"text-align: center;\"><em>TRES de Ballet Tri\u00e1dico<\/em><\/td>\n<\/tr>\n<tr>\n<td class=\"text_taula\">MADUIXA TEATRE<\/td>\n<td class=\"text_taula\" style=\"text-align: center;\"><em>Lu<\/em><\/td>\n<\/tr>\n<tr>\n<td class=\"text_taula\">N\u00daRIA GUIU<\/td>\n<td class=\"text_taula\" style=\"text-align: center;\"><em>Cyberexorcisme<\/em><\/td>\n<\/tr>\n<tr>\n<td class=\"text_taula\">VOLMIR CORDEIRO<\/td>\n<td class=\"text_taula\" style=\"text-align: center;\"><em>Metropole<\/em><\/td>\n<\/tr>\n<tr>\n<td class=\"text_taula\">LA MANUFACTURE<\/td>\n<td class=\"text_taula\" style=\"text-align: center;\"><em>Les Noces d\u2019Stravinsky \/ Piece Of Ensemble<\/em><\/td>\n<\/tr>\n<tr>\n<td class=\"titols_taula\" style=\"background-color: #000000;\"><strong>12\u20ac<\/strong><\/td>\n<td class=\"titols_taula\" style=\"background-color: #000000;\"><\/td>\n<\/tr>\n<tr>\n<td class=\"text_taula\">JES\u00daS RUBIO<\/td>\n<td class=\"text_taula\" style=\"text-align: center;\"><em>El hermoso misterio que nos une<\/em><\/td>\n<\/tr>\n<tr>\n<td class=\"text_taula\">CREA DANCE COMPANY by Maria Rovira<strong>*<\/strong><\/td>\n<td class=\"text_taula\" style=\"text-align: center;\"><em>Odissea<\/em><\/td>\n<\/tr>\n<tr>\n<td class=\"text_taula\">CECILIA COLACRAI<\/td>\n<td class=\"text_taula\" style=\"text-align: center;\"><em>R.A.V.E.<\/em><\/td>\n<\/tr>\n<tr>\n<td class=\"text_taula\">MACARENA RECUERDA<\/td>\n<td class=\"text_taula\" style=\"text-align: center;\"><em>Watching machine<\/em><\/td>\n<\/tr>\n<tr>\n<td class=\"text_taula\">FEDERICA PORELLO<\/td>\n<td class=\"text_taula\" style=\"text-align: center;\"><em>Nowhen<\/em><\/td>\n<\/tr>\n<tr>\n<td class=\"text_taula\">SI LOS MARTES FUERAN VIERNES<\/td>\n<td class=\"text_taula\" style=\"text-align: center;\"><em>The line of thougts<\/em><\/td>\n<\/tr>\n<tr>\n<td class=\"text_taula\">TRIXIE MUNYAMA<\/td>\n<td class=\"text_taula\" style=\"text-align: center;\"><em>Smeer<\/em><\/td>\n<\/tr>\n<tr>\n<td class=\"text_taula\">EL CONDE DE TORREFIEL<\/td>\n<td class=\"text_taula\" style=\"text-align: center;\"><em>Los protagonistas<\/em><\/td>\n<\/tr>\n<tr>\n<td class=\"text_taula\">ANNA RUBIROLA<\/td>\n<td class=\"text_taula\" style=\"text-align: center;\"><em>Plancton<\/em><\/td>\n<\/tr>\n<tr>\n<td class=\"text_taula\">ASUN NOALES<strong>*<\/strong><\/td>\n<td class=\"text_taula\" style=\"text-align: center;\"><em>La mort i la donzella<\/em><\/td>\n<\/tr>\n<tr>\n<td class=\"text_taula\">OLGA DE SOTO<\/td>\n<td class=\"text_taula\" style=\"text-align: center;\"><em>Incorporer Kids<\/em><\/td>\n<\/tr>\n<tr>\n<td class=\"text_taula\">JOAO LIMA<\/td>\n<td class=\"text_taula\" style=\"text-align: center;\"><em>Cavalo do Cao<\/em><\/td>\n<\/tr>\n<tr>\n<td class=\"text_taula\">RUTH CHILDS<\/td>\n<td class=\"text_taula\" style=\"text-align: center;\"><em>Judson Program<\/em><\/td>\n<\/tr>\n<tr>\n<td class=\"text_taula\">ROSER L\u00d3PEZ ESPINOSA<\/td>\n<td class=\"text_taula\" style=\"text-align: center;\"><em>Cometa<\/em><\/td>\n<\/tr>\n<tr>\n<td class=\"text_taula\">RAQUEL GUALTERO<\/td>\n<td class=\"text_taula\" style=\"text-align: center;\"><em>Panorama<\/em><\/td>\n<\/tr>\n<tr>\n<td class=\"text_taula\">ANA PI<\/td>\n<td class=\"text_taula\" style=\"text-align: center;\"><em>The Divine Cypher<\/em><\/td>\n<\/tr>\n<tr>\n<td class=\"titols_taula\" style=\"background-color: #000000;\"><strong>8\u20ac<\/strong><\/td>\n<td class=\"titols_taula\" style=\"background-color: #000000;\"><\/td>\n<\/tr>\n<tr>\n<td class=\"text_taula\">PORTMANTEAU<\/td>\n<td class=\"text_taula\" style=\"text-align: center;\"><em>Piste piste piste<\/em><\/td>\n<\/tr>\n<\/tbody>\n<\/table>\n<p>&nbsp;<br \/>\n<strong>* sesi\u00f3n matinal<\/strong><br \/>\n&nbsp;<br \/>\nEl Mercat de les Flors promueve acciones y participa en programas que facilitan el acceso y fomentan la participaci\u00f3n e inclusi\u00f3n de todas las personas.<\/p>\n<h2><strong>DESCUENTOS\u00a0 <\/strong><\/h2>\n<p><strong>&#8211; 50%<\/strong><\/p>\n<ul>\n<li>\u00b7 Menores de 14 a\u00f1os<\/li>\n<li>\u00b7 Titulares de la Tarjeta de discapacidad + acompa\u00f1ante<\/li>\n<li>\u00b7 Parados<\/li>\n<li>\u00b7 Familias numerosas, monoparentales o de acogida<\/li>\n<\/ul>\n<p>S\u00f3lo en taquilla: APDC, ACPDC, APCC, AAPDC, Institut del Teatre<\/p>\n<p><strong>_____________________________________________________________________________\u00a0\u00a0 <\/strong><\/p>\n<p><strong>&#8211; 30%<\/strong><\/p>\n<ul>\n<li>\u00b7 Embajadores<\/li>\n<li>\u00b7 Grupos a partir de 8 personas<\/li>\n<\/ul>\n<p><strong>_____________________________________________________________________________<\/strong><\/p>\n<p><strong>&#8211; 15%<\/strong><\/p>\n<ul>\n<li>\u00b7 Tarjeta Rosa<\/li>\n<li>\u00b7 Vecinos de Poble Sec<\/li>\n<li>\u00b7 Carnet de Biblioteques (s\u00f3lo en taquilla)<\/li>\n<li>\u00b7 Abonados al Teatre Lliure y al TNC<\/li>\n<li>\u00b7 Amigos de la Danza del APdC<\/li>\n<\/ul>\n<p>_____________________________________________________________________________________<\/p>\n<p><strong>J\u00d3VENES 10\u20ac<\/strong><\/p>\n<p>Tarifa plana <strong><em>Viernes j\u00f3venes<\/em><\/strong> para las funciones de los viernes para menores de 30 a\u00f1os<\/p>\n<ul>\n<li>\u00b7 15% para el resto de los d\u00edas<\/li>\n<\/ul>\n<p>_____________________________________________________________________________<\/p>\n<p><em>El precio m\u00ednimo una vez aplicado el descuento no podr\u00e1 ser inferior a 8\u20ac.<\/em><\/p>\n<p><em>Los descuentos se aplicar\u00e1n a los espect\u00e1culos de 28\u20ac, 25\u20ac, 22\u20ac, 18\u20ac, 16\u20ac, 12\u20ac y 10\u20ac y no ser\u00e1n acumulables con los abonos u otros descuentos o promociones. <\/em><\/p>\n<p><em>Las entradas con descuento requerir\u00e1n la presentaci\u00f3n de la acreditaci\u00f3n correspondiente para acceder a la sala. En caso de no poderlo acreditar el usuario deber\u00e1 abonar la diferencia con el precio normal.<\/em><\/p>\n","protected":false},"excerpt":{"rendered":"<p>&nbsp; &nbsp; 28\u20ac BALLET DE L&#8217;OP\u00c9RA DE LYON Dance BALLET [&hellip;]<\/p>\n","protected":false},"author":1,"featured_media":42584,"parent":0,"menu_order":0,"comment_status":"closed","ping_status":"closed","template":"","meta":[],"_links":{"self":[{"href":"https:\/\/old.mercatflors.cat\/es\/wp-json\/wp\/v2\/pages\/40808\/"}],"collection":[{"href":"https:\/\/old.mercatflors.cat\/es\/wp-json\/wp\/v2\/pages\/"}],"about":[{"href":"https:\/\/old.mercatflors.cat\/es\/wp-json\/wp\/v2\/types\/page\/"}],"author":[{"embeddable":true,"href":"https:\/\/old.mercatflors.cat\/es\/wp-json\/wp\/v2\/users\/1\/"}],"replies":[{"embeddable":true,"href":"https:\/\/old.mercatflors.cat\/es\/wp-json\/wp\/v2\/comments\/?post=40808"}],"version-history":[{"count":0,"href":"https:\/\/old.mercatflors.cat\/es\/wp-json\/wp\/v2\/pages\/40808\/revisions\/"}],"wp:featuredmedia":[{"embeddable":true,"href":"https:\/\/old.mercatflors.cat\/es\/wp-json\/wp\/v2\/media\/42584\/"}],"wp:attachment":[{"href":"https:\/\/old.mercatflors.cat\/es\/wp-json\/wp\/v2\/media\/?parent=40808"}],"curies":[{"name":"wp","href":"https:\/\/api.w.org\/{rel}","templated":true}]}}