{"id":41173,"date":"2019-06-13T10:23:05","date_gmt":"2019-06-13T09:23:05","guid":{"rendered":"https:\/\/old.mercatflors.cat\/?page_id=41173"},"modified":"2023-01-11T15:37:55","modified_gmt":"2023-01-11T14:37:55","slug":"artistas-residentes-y-asociados","status":"publish","type":"page","link":"https:\/\/old.mercatflors.cat\/es\/artistas-residentes-y-asociados\/","title":{"rendered":"Artistas residentes y asociados"},"content":{"rendered":"<h2>ARTISTAS RESIDENTES<\/h2>\n<p>&nbsp;<\/p>\n<h2>N\u00daRIA GUIU<\/h2>\n<p><img decoding=\"async\" loading=\"lazy\" class=\"alignnone wp-image-54902 size-medium\" src=\"https:\/\/old.mercatflors.cat\/wp-content\/uploads\/2022\/04\/N\u00daRIA-GUIU__Likes_Alice-Brazzit_nuriaguiu2-350-x-200-1-350x200.jpg\" alt=\"\" width=\"350\" height=\"200\" srcset=\"https:\/\/old.mercatflors.cat\/wp-content\/uploads\/2022\/04\/N\u00daRIA-GUIU__Likes_Alice-Brazzit_nuriaguiu2-350-x-200-1.jpg 350w, https:\/\/old.mercatflors.cat\/wp-content\/uploads\/2022\/04\/N\u00daRIA-GUIU__Likes_Alice-Brazzit_nuriaguiu2-350-x-200-1-223x127.jpg 223w\" sizes=\"(max-width: 350px) 100vw, 350px\" \/>\u00a0 \u00a0<iframe loading=\"lazy\" src=\"https:\/\/www.youtube.com\/embed\/EzKtP4ue-V4\" width=\"350\" height=\"200\" frameborder=\"0\" allowfullscreen=\"allowfullscreen\"><\/iframe><\/p>\n<p>Desde la temporada 2021-22 hasta el 2023 empezamos la colaboraci\u00f3n con la core\u00f3grafa N\u00faria\u00a0Guiu\u00a0como artista residente del Mercat.\u00a0Guiu\u00a0ha presentado dos de sus \u00faltimos trabajos que contin\u00faan girando por todas partes,\u00a0<em>Likes<\/em>\u00a0y\u00a0<em>Spiritual\u00a0Boyfriends<\/em>, y una nueva creaci\u00f3n que coproducimos,\u00a0<em>Cyberexorcisme<\/em>.<\/p>\n<p><span style=\"color: #0000ff;\"><a style=\"color: #0000ff;\" href=\"http:\/\/www.nuriaguiu.com\/\">www.nuriaguiu.com<\/a><\/span><\/p>\n<p><strong>Artista residente del Mercat de les Flors\u00a0<\/strong><strong>con el apoyo de:<\/strong><\/p>\n<p><img decoding=\"async\" loading=\"lazy\" class=\"alignnone size-full wp-image-43061\" src=\"https:\/\/old.mercatflors.cat\/wp-content\/uploads\/2019\/07\/sabadellfund.png\" alt=\"\" width=\"152\" height=\"55\" \/><\/p>\n<p>_____________________________________________________________________________________________________________<\/p>\n<h2>AINA ALEGRE<\/h2>\n<p><img decoding=\"async\" loading=\"lazy\" class=\"alignnone wp-image-54880 size-medium\" src=\"https:\/\/old.mercatflors.cat\/wp-content\/uploads\/2022\/04\/Alice-Brazzit-Aina-1964-350-x-200-1-350x200.jpg\" alt=\"\" width=\"350\" height=\"200\" srcset=\"https:\/\/old.mercatflors.cat\/wp-content\/uploads\/2022\/04\/Alice-Brazzit-Aina-1964-350-x-200-1.jpg 350w, https:\/\/old.mercatflors.cat\/wp-content\/uploads\/2022\/04\/Alice-Brazzit-Aina-1964-350-x-200-1-223x127.jpg 223w\" sizes=\"(max-width: 350px) 100vw, 350px\" \/>\u00a0 \u00a0\u00a0<iframe loading=\"lazy\" src=\"https:\/\/www.youtube.com\/embed\/BlNtNCm-Hlk\" width=\"350\" height=\"200\" frameborder=\"0\" allowfullscreen=\"allowfullscreen\"><\/iframe><\/p>\n<p>Desde la temporada 2021-22 hasta el 2023 empezamos la colaboraci\u00f3n con la core\u00f3grafa Aina Alegre como artista residente del Mercat. Alegre ha mostrado dos de sus creaciones,\u00a0<em>R-A-U-X-A<\/em>\u00a0y\u00a0<em>La nuit, nous autres<\/em>. Al mismo tiempo, Aina Alegre est\u00e1 trabajando en su pr\u00f3xima creaci\u00f3n\u00a0<em>THIS IS NOT &#8220;AN ACT OF LOVE AND RESISTANCE&#8221;<\/em> que, entre otras estructuras, tambi\u00e9n coproducimos desde el Mercat de les Flors.<\/p>\n<p><span style=\"color: #0000ff;\"><a style=\"color: #0000ff;\" href=\"https:\/\/www.aina-alegre.com\/\">www.aina-alegre.com<\/a><\/span><\/p>\n<p><strong>Artista residente del Mercat de les Flors\u00a0<\/strong><strong>con el apoyo de:<\/strong><\/p>\n<p><img decoding=\"async\" loading=\"lazy\" class=\"alignnone size-full wp-image-43061\" src=\"https:\/\/old.mercatflors.cat\/wp-content\/uploads\/2019\/07\/sabadellfund.png\" alt=\"\" width=\"152\" height=\"55\" \/><\/p>\n<p>_____________________________________________________________________________________________________________<\/p>\n<h2>GN | MC. GUY NADER | MARIA CAMPOS<\/h2>\n<p><img decoding=\"async\" loading=\"lazy\" class=\"alignleft size-full wp-image-24155\" src=\"https:\/\/old.mercatflors.cat\/wp-content\/uploads\/2018\/07\/Guy-Nader-Maria-Campos.jpg\" alt=\"GN | MC. Guy Nader | Maria Campos - Artistes residents del Mercat de les Flors\" width=\"350\" height=\"200\" srcset=\"https:\/\/old.mercatflors.cat\/wp-content\/uploads\/2018\/07\/Guy-Nader-Maria-Campos.jpg 350w, https:\/\/old.mercatflors.cat\/wp-content\/uploads\/2018\/07\/Guy-Nader-Maria-Campos-223x127.jpg 223w\" sizes=\"(max-width: 350px) 100vw, 350px\" \/> <iframe loading=\"lazy\" src=\"https:\/\/www.youtube.com\/embed\/RjGmWrMcHHo\" width=\"350\" height=\"200\" frameborder=\"0\" allowfullscreen=\"allowfullscreen\" data-mce-fragment=\"1\"><\/iframe><\/p>\n<p>Guy\u00a0Nader\u00a0y Maria Campos colaboran juntos desde 2006. Su trabajo ha sido presentado a diferentes festivales y teatros internacionales y nacionales. Guy\u00a0Nader, artista liban\u00e9s residente en Barcelona, fue galardonado con la beca\u00a0danceWEB\u00a0Europe en 2012 y recibi\u00f3 el primer premio al Festival Internacional\u00a0Masdanza\u00a0por su solo\u00a0<em>Where\u00a0The\u00a0Things\u00a0Hide<\/em>. Maria Campos, formada en la SEAD\u00a0de Austria y en la Escuela Superior de Artes de \u00c1msterdam (MTD), ha trabajado con\u00a0Meekers,\u00a0Protein\u00a0Dance, Solo Pic\u00f3 y \u00c0ngels\u00a0Margarit\u00a0\/ C\u00eda Mudanzas, entre otros. Sus \u00faltimas colaboraciones con compa\u00f1\u00edas de otros pa\u00edses los han catapultado internacionalmente, como la pieza\u00a0<em>Loop\u00a0de\u00a0loop<\/em>\u00a0para la compa\u00f1\u00eda eslovena\u00a0EnKnapGroup\u00a0en Ljubljana.<\/p>\n<p><em>Made\u00a0of\u00a0Space<\/em>\u00a0es una coproducci\u00f3n del Mercat de les Flors y elFestival Grec\u00a0que se estren\u00f3 el 1 de julio, en el marco delGrec 2021 Festival de Barcelona.\u00a0La compa\u00f1\u00eda, con sede en Barcelona y trayectoria internacional, explora el movimiento y el paisaje visual y sonoro para hablarnos sobre la dimensi\u00f3n\u00a0espacio-temporal. Su nueva creaci\u00f3n se presenta en el Mercat de les Flors en octubre de 2021: el 16 y 17 y del 22 al 24.<\/p>\n<p><u>\u00daltimos trabajos<\/u><\/p>\n<ul>\n<li>Made of Space<\/li>\n<li><em>Set of Sets<\/em><\/li>\n<li><em>Time Takes The Time Time Takes<\/em><\/li>\n<li><em>Tarann\u00e0<\/em><\/li>\n<\/ul>\n<p><span style=\"color: #0000ff;\"><a style=\"color: #0000ff;\" href=\"http:\/\/www.gn-mc.com\">www.gn-mc.com<\/a><\/span><\/p>\n<p>_____________________________________________________________________________________________________________<\/p>\n<h2>ARTISTAS ASOCIADOS<\/h2>\n<p>&nbsp;<\/p>\n<h2><strong>MARINA MASCARELL<\/strong><\/h2>\n<p><img decoding=\"async\" loading=\"lazy\" class=\"alignleft size-full wp-image-24151\" src=\"https:\/\/old.mercatflors.cat\/wp-content\/uploads\/2018\/07\/Marina-Mascarell.jpg\" alt=\"Marina Mascarell - artista associada al Mercat de les Flors\" width=\"350\" height=\"200\" srcset=\"https:\/\/old.mercatflors.cat\/wp-content\/uploads\/2018\/07\/Marina-Mascarell.jpg 350w, https:\/\/old.mercatflors.cat\/wp-content\/uploads\/2018\/07\/Marina-Mascarell-223x127.jpg 223w\" sizes=\"(max-width: 350px) 100vw, 350px\" \/> <iframe loading=\"lazy\" src=\"https:\/\/www.youtube.com\/embed\/vs5RjbbAFxc\" width=\"350\" height=\"200\" frameborder=\"0\" allowfullscreen=\"allowfullscreen\"><\/iframe><\/p>\n<p>La core\u00f3grafa espa\u00f1ola-neerlandesa Marina Mascarell fue galardonada con el prestigioso Premio de Danza del BNG\u00a0Bank\u00a02015 por ser una artista con gran talento y proyecci\u00f3n.\u00a0Desde 2012 trabaja como core\u00f3grafa independiente y ha creado piezas para grandes compa\u00f1\u00edas como el\u00a0Nederlands\u00a0Dans\u00a0Theater\u00a0I de La Haya, el Scapino\u00a0Ballet de R\u00f3terdam, el\u00a0Dance\u00a0Forum\u00a0Taipeh, el Ballet\u00a0Junior\u00a0de Ginebra o el Ballet de la \u00d3pera de Lyon; en el Mercat vimos\u00a0<em>Mongrel<\/em>, creaci\u00f3n para\u00a0G\u00f6teborgsOperans\u00a0Danskompani. Su trabajo creativo es un continuo descubrimiento de temas absolutamente actuales del mundo en que vivimos. Mascarell mostrar\u00e1 dos creaciones, durante la temporada 2021-2022, ambas coproducciones del Mercat:\u00a0<em>orthopedica\u00a0corporatio<\/em>\u00a0y\u00a0<em>Bird\u00a0Dog<\/em>, una creaci\u00f3n en formato online live\u00a0streaming\u00a0surgida de las necesidades de creaci\u00f3n que han provocado nuevos formatos durante la pandemia.<br \/>\n<u><\/u><\/p>\n<p><u>\u00daltimos trabajos<\/u><\/p>\n<ul>\n<li><em>Three Times Rebel<\/em><\/li>\n<li><em>Le diable bat sa femme et marie sa fille<\/em><\/li>\n<\/ul>\n<p><span style=\"color: #0000ff;\"><a style=\"color: #0000ff;\" href=\"http:\/\/www.marinamascarell.com\">www.marinamascarell.com<\/a><\/span><\/p>\n<p>_____________________________________________________________________________________________________________<\/p>\n<h2><strong>HUMANHOOD<\/strong><\/h2>\n<p><img decoding=\"async\" loading=\"lazy\" class=\"alignnone size-medium wp-image-51360\" src=\"https:\/\/old.mercatflors.cat\/wp-content\/uploads\/2021\/07\/HUMANHOOD-JuliaRudi_350x200-350x200.jpg\" alt=\"\" width=\"350\" height=\"200\" srcset=\"https:\/\/old.mercatflors.cat\/wp-content\/uploads\/2021\/07\/HUMANHOOD-JuliaRudi_350x200.jpg 350w, https:\/\/old.mercatflors.cat\/wp-content\/uploads\/2021\/07\/HUMANHOOD-JuliaRudi_350x200-223x127.jpg 223w\" sizes=\"(max-width: 350px) 100vw, 350px\" \/>\u00a0 \u00a0<iframe loading=\"lazy\" title=\"YouTube video player\" src=\"https:\/\/www.youtube.com\/embed\/kCJ8CpuuzVg\" width=\"350\" height=\"200\" frameborder=\"0\" allowfullscreen=\"allowfullscreen\"><\/iframe><\/p>\n<p>La temporada 2021-22 iniciamos una colaboraci\u00f3n con Humanhood como artistas asociados para acompa\u00f1ar el trabajo de esta compa\u00f1\u00eda catalana y brit\u00e1nica y hacer visible sus creaciones. Presentamos dos piezas:\u00a0<em>Zero<\/em>, un d\u00fao ya estrenado en Barcelona que queremos volver a ofrecer en la ciudad, y la nueva creaci\u00f3n\u00a0<em>Infinito<\/em>, en coproducci\u00f3n con la estructura londinense Sadler&#8217;s Wells y el mismo Mercat de les Flors.<\/p>\n<p><span style=\"color: #0000ff;\"><a style=\"color: #0000ff;\" href=\"https:\/\/www.humanhood.net\/\">https:\/\/www.humanhood.net\/<\/a><\/span><\/p>\n<p><strong>Compa\u00f1\u00eda asociada al Mercat de les Flors\u00a0<\/strong><strong>con el apoyo de:<\/strong><\/p>\n<p><img decoding=\"async\" loading=\"lazy\" class=\"alignnone size-full wp-image-43061\" src=\"https:\/\/old.mercatflors.cat\/wp-content\/uploads\/2019\/07\/sabadellfund.png\" alt=\"\" width=\"152\" height=\"55\" \/><\/p>\n<p>_____________________________________________________________________________________________________________<\/p>\n<h2>ROSER L\u00d3PEZ ESPINOSA<\/h2>\n<p><img decoding=\"async\" loading=\"lazy\" class=\"alignleft size-full wp-image-23538\" src=\"https:\/\/old.mercatflors.cat\/wp-content\/uploads\/2018\/06\/Roser-L\u00f3pez-Espinosa_350x200.jpg\" alt=\"Roser L\u00f3pez Espinosa - BRUIT (t\u00edtol provisional)\" width=\"350\" height=\"200\" srcset=\"https:\/\/old.mercatflors.cat\/wp-content\/uploads\/2018\/06\/Roser-L\u00f3pez-Espinosa_350x200.jpg 350w, https:\/\/old.mercatflors.cat\/wp-content\/uploads\/2018\/06\/Roser-L\u00f3pez-Espinosa_350x200-223x127.jpg 223w\" sizes=\"(max-width: 350px) 100vw, 350px\" \/> <iframe loading=\"lazy\" src=\"https:\/\/www.youtube.com\/embed\/JiIyLyehd0c\" width=\"350\" height=\"200\" frameborder=\"0\" allowfullscreen=\"allowfullscreen\"><\/iframe><\/p>\n<p>Roser L\u00f3pez Espinosa, licenciada en danza contempor\u00e1nea en \u00c1msterdam en AHK (Amsterdam University of the Arts), ha trabajado con core\u00f3grafos catalanes como \u00c0ngels\u00a0Margarit, Cesc Gelabert, Iago\u00a0Pericot\u00a0o Pere Faura. Desde el a\u00f1o 2006 desarrolla su propia obra como creadora, que le ha valido el reconocimiento con varios premios y est\u00e1 presente de forma regular en escenarios internacionales. Tambi\u00e9n es profesora en el Conservatorio Superior de Danza del Institut del Teatre de Barcelona y profesora invitada en centros y festivales internacionales. Como\u00a0core\u00f3grafa\u00a0est\u00e1 creando para compa\u00f1\u00edas internacionales como Sk\u00e5nes Dansteater de Suecia, para quien ha\u00a0realizado <em>The Entertainers<\/em>.<\/p>\n<p><u>\u00daltimos trabajos<\/u><\/p>\n<ul>\n<li><em>L\u2019estol<\/em><\/li>\n<li><em>Lowland<\/em><\/li>\n<li><em>Novembre<\/em><\/li>\n<\/ul>\n<p><span style=\"color: #0000ff;\"><a style=\"color: #0000ff;\" href=\"http:\/\/www.roserlopez.com\">www.roserlopez.com<\/a><\/span><\/p>\n<h2><span style=\"color: #ffff00;\"><a style=\"color: #ffff00;\" href=\"https:\/\/old.mercatflors.cat\/es\/artistes-residents-roser-lopez-espinosa\/\"><br \/>\nConsulta aqu\u00ed sus PROYECTOS PASADOS Y FUTUROS<\/a><\/span><\/h2>\n<p>_______________________________________________________________________________________<\/p>\n<h2>PERE FAURA<\/h2>\n<p><img decoding=\"async\" loading=\"lazy\" class=\"alignleft size-full wp-image-24154\" src=\"https:\/\/old.mercatflors.cat\/wp-content\/uploads\/2018\/07\/Pere-Faura.jpg\" alt=\"Pere Faura - Artista resident del Mercat de les Flors\" width=\"350\" height=\"200\" srcset=\"https:\/\/old.mercatflors.cat\/wp-content\/uploads\/2018\/07\/Pere-Faura.jpg 350w, https:\/\/old.mercatflors.cat\/wp-content\/uploads\/2018\/07\/Pere-Faura-223x127.jpg 223w\" sizes=\"(max-width: 350px) 100vw, 350px\" \/> <iframe loading=\"lazy\" src=\"https:\/\/www.youtube.com\/embed\/zYj4iztd1Sk\" width=\"350\" height=\"200\" frameborder=\"0\" allowfullscreen=\"allowfullscreen\"><\/iframe><\/p>\n<p>Graduado en la School for New Dance Development (SNDO) de Amsterdam en 2006 con una pieza de danza que gan\u00f3 el ITS Festival Award y estuvo seleccionada para la gira DansClick en los Pa\u00edses Bajos. Ese mismo a\u00f1o entra como core\u00f3grafo residente en el Teatro Frascati de \u00c1msterdam, donde crea la mayor parte de sus obras, presentadas internacionalmente, y en 2009 recibe el prestigioso premio Charlotte K\u00f6hler Prijs. En 2011 vuelve a Barcelona y trabaja en nuevas producciones y colaboraciones con otros artistas. El trabajo de Faura se caracteriza por la apropiaci\u00f3n de elementos de la cultura pop remezclados en una coreograf\u00eda multidisciplinar que combina todos los elementos del engranaje teatral.<\/p>\n<p><u>\u00daltimos trabajos<\/u><\/p>\n<ul>\n<li><em>Sweet Tyranny<\/em><\/li>\n<li><em>Sweet Fever<\/em><\/li>\n<li><em>Sin baile no hay para\u00edso<\/em><\/li>\n<\/ul>\n<p><span style=\"color: #0000ff;\"><a style=\"color: #0000ff;\" href=\"http:\/\/www.perefaura.com\">www.perefaura.com<\/a><\/span><\/p>\n<p>_______________________________________________________________________________________<\/p>\n<h2><strong>ALBERT QUESADA<\/strong><\/h2>\n<p><img decoding=\"async\" loading=\"lazy\" class=\"alignleft size-full wp-image-23473\" src=\"https:\/\/old.mercatflors.cat\/wp-content\/uploads\/2018\/06\/Albert-Quesada_Flamingo_350x200.jpg\" alt=\"Albert Quesada - Flamingos\" width=\"350\" height=\"200\" srcset=\"https:\/\/old.mercatflors.cat\/wp-content\/uploads\/2018\/06\/Albert-Quesada_Flamingo_350x200.jpg 350w, https:\/\/old.mercatflors.cat\/wp-content\/uploads\/2018\/06\/Albert-Quesada_Flamingo_350x200-223x127.jpg 223w\" sizes=\"(max-width: 350px) 100vw, 350px\" \/> <iframe loading=\"lazy\" src=\"https:\/\/www.youtube.com\/embed\/gD2BYzjzQ60\" width=\"350\" height=\"200\" frameborder=\"0\" allowfullscreen=\"allowfullscreen\"><\/iframe><\/p>\n<p>Bailar\u00edn y core\u00f3grafo entre Barcelona y Bruselas, se form\u00f3 en la MDT (\u00c1msterdam) y en PARTS (Bruselas) despu\u00e9s de sus estudios de filosof\u00eda y de ingenier\u00eda multimedia en Barcelona. La exploraci\u00f3n y la traducci\u00f3n de estructuras musicales y composiciones en la coreograf\u00eda y la invitaci\u00f3n al espectador a percibir y escuchar las obras propuestas se sit\u00faa en el coraz\u00f3n de su trabajo coreogr\u00e1fico. Colabora de forma habitual con el core\u00f3grafo Thomas Hauert. Bajo el nombre de la compa\u00f1\u00eda ACME, lleva a cabo muchos proyectos art\u00edsticos, tanto educativos como para escena.<\/p>\n<p><u>\u00daltimos trabajos<\/u><\/p>\n<ul>\n<li style=\"list-style-type: none;\">\n<ul>\n<li><em>Wagner &amp; Ligeti<\/em><\/li>\n<li><em>Slow Sports<\/em><\/li>\n<\/ul>\n<\/li>\n<\/ul>\n<ul>\n<li><em>OneTwoThreeOneTwo<\/em><\/li>\n<\/ul>\n<p><span style=\"color: #0000ff;\"><a style=\"color: #0000ff;\" href=\"http:\/\/www.acmearts.xyz\/acme\">www.acmearts.xyz\/acme<\/a><\/span><\/p>\n","protected":false},"excerpt":{"rendered":"<p>ARTISTAS RESIDENTES &nbsp; N\u00daRIA GUIU \u00a0 \u00a0 Desde la temporada [&hellip;]<\/p>\n","protected":false},"author":1,"featured_media":0,"parent":0,"menu_order":0,"comment_status":"closed","ping_status":"closed","template":"","meta":[],"_links":{"self":[{"href":"https:\/\/old.mercatflors.cat\/es\/wp-json\/wp\/v2\/pages\/41173\/"}],"collection":[{"href":"https:\/\/old.mercatflors.cat\/es\/wp-json\/wp\/v2\/pages\/"}],"about":[{"href":"https:\/\/old.mercatflors.cat\/es\/wp-json\/wp\/v2\/types\/page\/"}],"author":[{"embeddable":true,"href":"https:\/\/old.mercatflors.cat\/es\/wp-json\/wp\/v2\/users\/1\/"}],"replies":[{"embeddable":true,"href":"https:\/\/old.mercatflors.cat\/es\/wp-json\/wp\/v2\/comments\/?post=41173"}],"version-history":[{"count":0,"href":"https:\/\/old.mercatflors.cat\/es\/wp-json\/wp\/v2\/pages\/41173\/revisions\/"}],"wp:attachment":[{"href":"https:\/\/old.mercatflors.cat\/es\/wp-json\/wp\/v2\/media\/?parent=41173"}],"curies":[{"name":"wp","href":"https:\/\/api.w.org\/{rel}","templated":true}]}}