{"id":42206,"date":"2019-06-26T11:46:04","date_gmt":"2019-06-26T10:46:04","guid":{"rendered":"https:\/\/old.mercatflors.cat\/?page_id=42206"},"modified":"2019-06-26T11:46:04","modified_gmt":"2019-06-26T10:46:04","slug":"comunidad","status":"publish","type":"page","link":"https:\/\/old.mercatflors.cat\/es\/comunidad\/","title":{"rendered":"Comunidad"},"content":{"rendered":"<h2><strong>Art i part Poble-sec<\/strong><\/h2>\n<p>El programa ART i PART de creaci\u00f3n art\u00edstica comunitaria en los barrios es una iniciativa del Ayuntamiento de Barcelona, gestionada a trav\u00e9s del Institut de Cultura, que invita a los vecinos y vecinas de la ciudad participar en una propuesta comunitaria en la que act\u00faan como creadores y creadoras. ART i PART, que ya desarroll\u00f3 una primera temporada durante 2018 en cinco barrios de la ciudad, llegar\u00e1 en 2019 a otros tres: Bes\u00f2s, G\u00f2tic y Poble-sec.<\/p>\n<p>ART i PART fomenta creaciones art\u00edsticas colaborativas en las que profesionales de las artes acompa\u00f1an a los vecinos y vecinas en una b\u00fasqueda que utiliza lenguajes diversos, h\u00edbridos y experimentales.<\/p>\n<p><span style=\"color: #0000ff;\"><a style=\"color: #0000ff;\" href=\"https:\/\/www.barcelona.cat\/districtecultural\/es\/art-i-part\">https:\/\/www.barcelona.cat\/districtecultural\/es\/art-i-part<\/a><\/span><\/p>\n<h2><strong>Barris en Dansa<\/strong><\/h2>\n<p>Proyecto comunitario en que personas de varios barrios de Barcelona participan en la creaci\u00f3n de un espect\u00e1culo de danza, liderado por el core\u00f3grafo \u00c1lvaro de la Pe\u00f1a\/Iliac\u00e1n Cia. Dansa.<\/p>\n<h2><strong>Sudansa<\/strong><\/h2>\n<p>Acogemos los &#8216;Encontres de Dansa a l\u2019Escola&#8217;, resultado de un trabajo de creaci\u00f3n coreogr\u00e1fica de un a\u00f1o que asocia core\u00f3grafos profesionales con alumnos y maestros de escuelas implicadas en el proyecto de Sudansa. Se presentan piezas coreogr\u00e1ficas\u00a0surgidas de este proceso art\u00edstico, cultural y pedag\u00f3gico conjunto y se combina con intervenciones a escena de los mismos core\u00f3grafos. El proyecto re\u00fane cerca de 400 alumnos.<\/p>\n<p><span style=\"color: #0000ff;\"><a style=\"color: #0000ff;\" href=\"http:\/\/www.sudansa.com\/\">http:\/\/www.sudansa.com\/<\/a><\/span><\/p>\n<h2><strong>ARTransforma<\/strong><\/h2>\n<p>Organizaci\u00f3n sin \u00e1nimo de lucro fundada en el a\u00f1o 2009 por profesionales del arte y la cultura, con la finalidad de fomentar la igualidad de oportunidades y el acceso universal al arte y la cultura, en cualquier vertiente (participaci\u00f3n, educaci\u00f3n, profesionalizaci\u00f3n&#8230;) y disciplina art\u00edstica (m\u00fasica, danza, pintura&#8230;). Su trabajo es en red con entidades y profesionales de otros \u00e1mbitos.<\/p>\n<p><span style=\"color: #0000ff;\"><a style=\"color: #0000ff;\" href=\"http:\/\/artransforma.org\/art\/es\/inicio\/\">http:\/\/artransforma.org\/art\/es\/inicio\/<\/a><\/span><\/p>\n<h2><strong>Premi IT<\/strong><\/h2>\n<p>El Premio de Danza del Institut del Teatre fue instituido en motivo del 70\u00ba aniversario de la creaci\u00f3n de la Secci\u00f3 de Dansa del Institut del Teatre.\u00a0 Est\u00e1 dirigido a los j\u00f3venes creadores e int\u00e9rpretes con el objetivo de darlos a conocer ofreciendo una ayuda a la producci\u00f3n y a la exhibici\u00f3n para facilitar su inserci\u00f3n laboral. El premio est\u00e1 organizado con la colaboraci\u00f3n del Grec Festival de Barcelona, Mercat de les Flors, Graner f\u00e1brica de creaci\u00f3n, Teatre Auditori de Sant Cugat, SAT Espai Dansat, La Caldera Les Corts, Associaci\u00f3 de Professional de la Dansa de Catalunya (APdC), L\u2019Estruch, f\u00e1brica de creaci\u00f3n y Centre C\u00edvic Barceloneta.<\/p>\n<h2><strong>Africa Moment<\/strong><\/h2>\n<p class=\"font_8\">Africa Moment pretende\u00a0transformar\u00a0el sector de las artes esc\u00e9nicas y de la docencia art\u00edstica. Su\u00a0objetivo es que la oferta cultural y formativa est\u00e9n al servicio de la sociedad diversa en la que vivimos, para satisfacer la falta de representaci\u00f3n y visibilidad del arte contempor\u00e1neo africano y de la di\u00e1spora africana\u00a0dentro de la escena art\u00edstica y cultural a trav\u00e9s de las artes esc\u00e9nicas y escena musical. Organiza un\u00a0encuentro\u00a0internacional\u00a0anual en la ciudad de Barcelona,\u00a0\u00a0jornadas\u00a0durante todo el a\u00f1o ,\u00a0consultor\u00eda y\u00a0comisando\u00a0para instituciones y\u00a0espacios\u00a0culturales,\u00a0produce creaciones propias y distribuye\u00a0el trabajo de artistas de las artes esc\u00e9nicas y musicales\u00a0del continente africano, de la di\u00e1spora africana y de artistas que trabajan con la idea de \u00c1frica.<\/p>\n<p><span style=\"color: #0000ff;\"><a style=\"color: #0000ff;\" href=\"https:\/\/www.africamoment.org\/\">https:\/\/www.africamoment.org\/<\/a><\/span><\/p>\n<h2><strong>Integrasons<\/strong><\/h2>\n<p>Integrasons es una asociaci\u00f3n sin \u00e1nimo de lucro destinada a organizar, gestionar y promover actividades de integraci\u00f3n social, cultural y comunitaria, de sensibilizaci\u00f3n y de formaci\u00f3n para personas en situaci\u00f3n de exclusi\u00f3n social y colectivos desfavorecidos. La actividad de la asociaci\u00f3n consiste en la creaci\u00f3n de orquestas infantiles y juveniles que se proyecten como modelo socioeducativo para la inclusi\u00f3n social, el di\u00e1logo multicultural y la cohesi\u00f3n social.<\/p>\n<p><span style=\"color: #0000ff;\"><a style=\"color: #0000ff;\" href=\"https:\/\/integrasons.com\">https:\/\/integrasons.com<\/a><\/span><\/p>\n<p>&nbsp;<\/p>\n","protected":false},"excerpt":{"rendered":"<p>Art i part Poble-sec El programa ART i PART de [&hellip;]<\/p>\n","protected":false},"author":1,"featured_media":40866,"parent":0,"menu_order":0,"comment_status":"closed","ping_status":"closed","template":"","meta":[],"_links":{"self":[{"href":"https:\/\/old.mercatflors.cat\/es\/wp-json\/wp\/v2\/pages\/42206\/"}],"collection":[{"href":"https:\/\/old.mercatflors.cat\/es\/wp-json\/wp\/v2\/pages\/"}],"about":[{"href":"https:\/\/old.mercatflors.cat\/es\/wp-json\/wp\/v2\/types\/page\/"}],"author":[{"embeddable":true,"href":"https:\/\/old.mercatflors.cat\/es\/wp-json\/wp\/v2\/users\/1\/"}],"replies":[{"embeddable":true,"href":"https:\/\/old.mercatflors.cat\/es\/wp-json\/wp\/v2\/comments\/?post=42206"}],"version-history":[{"count":0,"href":"https:\/\/old.mercatflors.cat\/es\/wp-json\/wp\/v2\/pages\/42206\/revisions\/"}],"wp:featuredmedia":[{"embeddable":true,"href":"https:\/\/old.mercatflors.cat\/es\/wp-json\/wp\/v2\/media\/40866\/"}],"wp:attachment":[{"href":"https:\/\/old.mercatflors.cat\/es\/wp-json\/wp\/v2\/media\/?parent=42206"}],"curies":[{"name":"wp","href":"https:\/\/api.w.org\/{rel}","templated":true}]}}