{"id":48520,"date":"2020-10-07T18:07:49","date_gmt":"2020-10-07T17:07:49","guid":{"rendered":"https:\/\/old.mercatflors.cat\/?page_id=48520"},"modified":"2020-10-16T12:31:52","modified_gmt":"2020-10-16T11:31:52","slug":"programacion-familiar-expandida","status":"publish","type":"page","link":"https:\/\/old.mercatflors.cat\/es\/programacion-familiar-expandida\/","title":{"rendered":"Programaci\u00f3n familiar expandida"},"content":{"rendered":"<h2><strong>UNA HORITA ANTES<br \/>\n<\/strong><\/h2>\n<p>Para los espectadores inquietos del Talla \u00danica. Propuestas visuales y de juego en la entrada del espect\u00e1culo para sumergirnos en el imaginario de la pieza esc\u00e9nica. Grandes y peque\u00f1os son bienvenidos en estas experiencias de percepci\u00f3n y reflexi\u00f3n de formatos muy diversos.<\/p>\n<p>Coordinadas y conducidas por Magdalena Garz\u00f3n -artista y pedagoga de la danza- con la colaboraci\u00f3n de Oriol Corral -escen\u00f3grafo-.<\/p>\n<p>Hall, Foyer y SG<\/p>\n<p>Gratuitas con la entrada al espect\u00e1culo.<\/p>\n<p>Las encontrar\u00e9is todos los d\u00edas de funci\u00f3n, una hora antes del espect\u00e1culo:<\/p>\n<p>&nbsp;<\/p>\n<p><a href=\"https:\/\/old.mercatflors.cat\/es\/espectacle\/des-gestes-blancs\/\"><strong>NA\u00cfF PRODUCTION<\/strong> \/ <em>Des gestes blancs<\/em><\/a><\/p>\n<p>24 y 25 de Octubre<\/p>\n<p>Sala PB<\/p>\n<p>Horita Antes en la sala MAC<\/p>\n<p>Edad: &gt; 7 a\u00f1os<\/p>\n<p>&nbsp;<\/p>\n<p><a href=\"https:\/\/old.mercatflors.cat\/es\/espectacle\/chotto-xenos\/\"><strong>AKRAM KHAN<\/strong> \/ <em>Chotto Xenos<\/em><\/a><\/p>\n<p>16 y 17 de enero<\/p>\n<p>Horita Antes en el Hall y Foyer<\/p>\n<p>Edad&gt; 8 a\u00f1os<\/p>\n<p>&nbsp;<\/p>\n<p><a href=\"https:\/\/old.mercatflors.cat\/es\/espectacle\/hocus-pocus\/\"><strong>CIA PHILIPPE SAIRE<\/strong> \/ <em>Hocus Pocus<\/em><\/a><\/p>\n<p>16 y 17 de enero<\/p>\n<p>Horita Antes en la SG y primer piso<\/p>\n<p>Edad&gt; 8 a\u00f1os<\/p>\n<p>&nbsp;<\/p>\n<p><a href=\"https:\/\/old.mercatflors.cat\/es\/espectacle\/ay-ya\/\"><strong>MACARENA RECUERDA<\/strong> \/ <em>Ay! Ya!<\/em><\/a><\/p>\n<p>27 y 28 de febrer<\/p>\n<p>Horita Antes en la SG y primer piso<\/p>\n<p>Edad: &gt; 7 a\u00f1os<\/p>\n<p>&nbsp;<\/p>\n<h2><strong>SAB\u00c1DOS CON TALLER<\/strong><\/h2>\n<p>Proponemos a los ni\u00f1os y a sus familias seguir la programaci\u00f3n de la temporada con talleres para disfrutar de la danza y el movimiento de la mano de bailarines, core\u00f3grafos y creadores profesionales vinculados con nuestras actividades.<\/p>\n<p>Las sesiones se organizan los s\u00e1bados por la ma\u00f1ana y durante esta temporada se har\u00e1n talleres por ni\u00f1os de diferentes edades y tambi\u00e9n talleres familiares vinculados a espect\u00e1culos programados dentro del Talla \u00danica.<\/p>\n<p>Hace falta inscripci\u00f3n previa \u00a0<a href=\"https:\/\/old.mercatflors.cat\/\">mercatflors.cat<\/a><\/p>\n<p>10\u20ac (Abonados 8\u20ac)<\/p>\n<p>&nbsp;<\/p>\n<p>28 de noviembre de 10h a 13h<\/p>\n<p><a href=\"https:\/\/old.mercatflors.cat\/es\/activitat\/48139\/\"><strong>DIEGO SINNIGER<\/strong><\/a><\/p>\n<p>Edad: 7-10 a\u00f1os<\/p>\n<p>Sala SG<\/p>\n<p>&nbsp;<\/p>\n<p>23 enero\u00a0 \u2013 de 11h a 13h<\/p>\n<p><a href=\"https:\/\/old.mercatflors.cat\/es\/activitat\/sabado-con-taller-cuerpo-acrobacia-y-voz\/\"><strong>MUMUSIC<\/strong><\/a> \u2013 Familiar<\/p>\n<p>Edad: &gt; 6 a\u00f1os<\/p>\n<p>Sala SG<\/p>\n<p>&nbsp;<\/p>\n<p>27 de febrero \u2013 de 11h a 13h<\/p>\n<p><a href=\"https:\/\/old.mercatflors.cat\/es\/activitat\/48155\/\"><strong>MACARENA RECUERDA SHEPERD<\/strong><\/a> \u2013 Familiar<\/p>\n<p>Edad: &gt;7 a\u00f1os<\/p>\n<p>Sala PB<\/p>\n<p>&nbsp;<\/p>\n<p>13 de marzo \u2013 de 10h a 13h<\/p>\n<p><a href=\"https:\/\/old.mercatflors.cat\/es\/activitat\/sabado-con-taller-cuerpo-a-cuerpo\/\"><strong>ANDR\u00c9S CORCHERO<\/strong><\/a><\/p>\n<p>Edad: 9-12 a\u00f1os<\/p>\n<p>Sala SG<\/p>\n<p>&nbsp;<\/p>\n<p>24 de abril \u2013 de 11h a 13h<\/p>\n<p><a href=\"https:\/\/old.mercatflors.cat\/es\/activitat\/sabado-con-taller-universo-veronal\/\"><strong>LA VERONAL<\/strong><\/a><\/p>\n<p>Edad: 9-12 a\u00f1os<\/p>\n<p>Sala PB<\/p>\n<p>&nbsp;<\/p>\n<p>8 de mayo\u2013 de 10h a 13h<\/p>\n<p><a href=\"https:\/\/old.mercatflors.cat\/es\/activitat\/sabado-con-taller-juegos-vuelos-tramas-y-mecanismos\/\"><strong>ROSER L\u00d3PEZ ESPINOSA<\/strong><\/a><\/p>\n<p>Edad: 7-10 a\u00f1os<\/p>\n<p>Sala PB<\/p>\n<p>&nbsp;<\/p>\n<p>Condiciones e inscripciones en <a href=\"http:\/\/www.mercatflors.cat\/\">www.mercatflors.cat<\/a><\/p>\n<p>&nbsp;<\/p>\n<h2><strong>VACACIONES CON TALLER: NAVIDAD Y SEMANA SANTA<\/strong><\/h2>\n<p>&nbsp;<\/p>\n<p>Durante las vacaciones de Navidad y Semana Santa, invitamos los ni\u00f1os a hacer una pr\u00e1ctica de cuerpo en el Mercat de les Flors. Conviviremos y dialogaremos con los artistas, conoceremos de muy cerca los universos creativos de diferentes creadores, adem\u00e1s de descubrir el teatro por dentro: Qu\u00e9 se hace? C\u00f3mo son los espacios? C\u00f3mo trabajan los core\u00f3grafos y los bailarines?<\/p>\n<p><strong>NAVIDAD:<\/strong><\/p>\n<p>Taller dentro del ciclo Circ d\u2019Ara Mateix<\/p>\n<p>28 ,29 y 30 de diciembre<\/p>\n<p>todos los d\u00edas de 10h a 13h<\/p>\n<p>&nbsp;<\/p>\n<p><a href=\"https:\/\/old.mercatflors.cat\/es\/activitat\/vacaciones-con-taller-los-secretos-del-circo\/\"><strong>ESCOLA DE CIRC ROGELIO RIVEL<\/strong><\/a><\/p>\n<p>Edad: 6 \u2013 8 a\u00f1os y 9 \u2013 12 a\u00f1os<\/p>\n<p>Sala SG y hall del Mercat de les Flors<\/p>\n<p>&nbsp;<\/p>\n<p>Precio: 30\u20ac (abonados 25\u20ac)<\/p>\n<p>&nbsp;<\/p>\n<p><strong>SEMANA SANTA:<\/strong><\/p>\n<p><strong>\u00a0<\/strong>29, 30 y 31 de marzo<\/p>\n<p>todos los d\u00edas de 10h a 13h<\/p>\n<p>CON <a href=\"https:\/\/old.mercatflors.cat\/es\/activitat\/vacaciones-con-taller-proyecto-laberintos-movimiento-juego-y-creatividad\/\"><strong>CRISTINA MART\u00cd<\/strong><\/a><\/p>\n<p>Edad: 6 \u2013 8 a\u00f1os<\/p>\n<p>Sala SG<\/p>\n<p>&nbsp;<\/p>\n<p><strong>\u00a0<\/strong>29, 30 y 31 de marzo<\/p>\n<p>todos los d\u00edas de 10h a 13h<\/p>\n<p><strong>CON <a href=\"https:\/\/old.mercatflors.cat\/es\/activitat\/vacaciones-con-taller-el-juego-como-interaccion-del-espacio\/\">MANEL SALAS<\/a><\/strong><\/p>\n<p>Edad: 9 \u2013 12 a\u00f1os<\/p>\n<p>Sala PB<\/p>\n<p>&nbsp;<\/p>\n<p>Precio: 30\u20ac (abonados 25\u20ac)<\/p>\n<p>Ver calendario, condiciones e inscripciones en <a href=\"http:\/\/www.mercatflors.cat\/\">www.mercatflors.cat<\/a><\/p>\n","protected":false},"excerpt":{"rendered":"<p>UNA HORITA ANTES Para los espectadores inquietos del Talla \u00danica. [&hellip;]<\/p>\n","protected":false},"author":1,"featured_media":0,"parent":0,"menu_order":0,"comment_status":"closed","ping_status":"closed","template":"","meta":[],"_links":{"self":[{"href":"https:\/\/old.mercatflors.cat\/es\/wp-json\/wp\/v2\/pages\/48520\/"}],"collection":[{"href":"https:\/\/old.mercatflors.cat\/es\/wp-json\/wp\/v2\/pages\/"}],"about":[{"href":"https:\/\/old.mercatflors.cat\/es\/wp-json\/wp\/v2\/types\/page\/"}],"author":[{"embeddable":true,"href":"https:\/\/old.mercatflors.cat\/es\/wp-json\/wp\/v2\/users\/1\/"}],"replies":[{"embeddable":true,"href":"https:\/\/old.mercatflors.cat\/es\/wp-json\/wp\/v2\/comments\/?post=48520"}],"version-history":[{"count":0,"href":"https:\/\/old.mercatflors.cat\/es\/wp-json\/wp\/v2\/pages\/48520\/revisions\/"}],"wp:attachment":[{"href":"https:\/\/old.mercatflors.cat\/es\/wp-json\/wp\/v2\/media\/?parent=48520"}],"curies":[{"name":"wp","href":"https:\/\/api.w.org\/{rel}","templated":true}]}}