{"id":50033,"date":"2021-02-10T10:32:46","date_gmt":"2021-02-10T09:32:46","guid":{"rendered":"https:\/\/old.mercatflors.cat\/?page_id=50033"},"modified":"2022-06-29T11:42:49","modified_gmt":"2022-06-29T10:42:49","slug":"els-podcasts-del-mercat-de-les-flors","status":"publish","type":"page","link":"https:\/\/old.mercatflors.cat\/es\/pensamiento-archivo-y-ediciones\/els-podcasts-del-mercat-de-les-flors\/","title":{"rendered":"Els Podcasts del Mercat de les Flors"},"content":{"rendered":"<p>&nbsp;<\/p>\n<p>Los Podcasts del Mercat de les Flors son programas monogr\u00e1ficos que recogen las voces de los creadores m\u00e1s interesantes de este momento, que comparten en primera persona su visi\u00f3n de la danza, el enfoque de los procesos creativos y su imaginario po\u00e9tico en relaci\u00f3n con el mundo que nos rodea.<\/p>\n<p>__________________________________________________________________________________________________<\/p>\n<div class=\"CNxNUMI4vuO8-fkO8bPPMQ== FdGBl7+r1sQJZTUFqRjvJw==\" data-block=\"true\" data-editor=\"cdl72\" data-offset-key=\"bvmjn-0-0\">\n<div class=\"public-DraftStyleDefault-block public-DraftStyleDefault-ltr\" data-offset-key=\"bvmjn-0-0\">\n<div class=\"public-DraftStyleDefault-block public-DraftStyleDefault-ltr\" data-offset-key=\"bvmjn-0-0\">\n<p>Paseamos con <strong>J\u00falia Robert<\/strong> y\u00a0<strong>Rudi\u00a0Cole<\/strong> mientras nos llevan a\u00a0visitar\u00a0un pino centenario, un lugar muy especial para ellos. Un lugar donde conectan con el silencio, con el espacio y donde pueden abandonarse a la introspecci\u00f3n, que son herramientas de vida tanto como material coreogr\u00e1fico.\u00a0Durante la temporada 2021-2022 han presentado dos creaciones: <em>Zero<\/em>, un d\u00fao ya estrenado en Barcelona, y la nueva creaci\u00f3n <em>Infinit<\/em>, en coproducci\u00f3n con la estructura londinense\u00a0Sadler\u2019s\u00a0Wells\u00a0y el mismo Mercat de les Flors.<\/p>\n<p><span data-offset-key=\"cm6qv-0-0\">La compa\u00f1\u00eda\u00a0<\/span><span class=\"sc-WJUpt InactiveMention jTvhQs\"><span data-offset-key=\"cm6qv-1-0\"><strong>HUMANHOOD<\/strong> fue creada en 2016 por la catalana J\u00falia Robert y el brit\u00e1nico\u00a0Rudi\u00a0Cuelo, con trabajos que combinan ciencia y misticismo. El trabajo de la compa\u00f1\u00eda deriva de su fascinaci\u00f3n por los descubrimientos de la f\u00edsica moderna y la sabidur\u00eda del misticismo oriental.<\/span><\/span><\/p>\n<\/div>\n<p><em>Gui\u00f3n: B\u00e0rbara Raubert \/ Realizaci\u00f3n sonora: Mat\u00edas Rossi<\/em><\/p>\n<p><iframe loading=\"lazy\" src=\"https:\/\/anchor.fm\/mercatflors\/embed\/episodes\/HUMANHOOD-e1kgfjs\" width=\"720px\" height=\"102px\" frameborder=\"0\" scrolling=\"no\" data-mce-fragment=\"1\"><span data-mce-type=\"bookmark\" style=\"display: inline-block; width: 0px; overflow: hidden; line-height: 0;\" class=\"mce_SELRES_start\">\ufeff<\/span><span data-mce-type=\"bookmark\" style=\"display: inline-block; width: 0px; overflow: hidden; line-height: 0;\" class=\"mce_SELRES_start\">\ufeff<\/span><span data-mce-type=\"bookmark\" style=\"display: inline-block; width: 0px; overflow: hidden; line-height: 0;\" class=\"mce_SELRES_start\">\ufeff<\/span><span data-mce-type=\"bookmark\" style=\"display: inline-block; width: 0px; overflow: hidden; line-height: 0;\" class=\"mce_SELRES_start\">\ufeff<\/span><span data-mce-type=\"bookmark\" style=\"display: inline-block; width: 0px; overflow: hidden; line-height: 0;\" class=\"mce_SELRES_start\">\ufeff<\/span><\/iframe><\/p>\n<p>Podcast disponible tambi\u00e9n en\u00a0<span style=\"color: #0000ff;\"><a style=\"color: #0000ff;\" href=\"https:\/\/open.spotify.com\/episode\/5EWW5XEVBR8to0TZlXSy3D\">Spotify<\/a><\/span>\u00a0<a href=\"https:\/\/podcasts.google.com\/feed\/aHR0cHM6Ly9hbmNob3IuZm0vcy80YTliYTI0MC9wb2RjYXN0L3Jzcw==\"><span style=\"color: #0000ff;\">Google Podcast<\/span><\/a>\u00a0<a href=\"https:\/\/www.ivoox.com\/podcast-els-podcasts-del-mercat-les-flors_sq_f11173383_1.html\"><span style=\"color: #0000ff;\">Ivoox<\/span><\/a>\u00a0y <span style=\"color: #0000ff;\"><a style=\"color: #0000ff;\" href=\"https:\/\/anchor.fm\/mercatflors\/episodes\/HUMANHOOD-e1kgfjs\">Anchor<\/a><\/span><\/p>\n<\/div>\n<\/div>\n<p>__________________________________________________________________________________________________<\/p>\n<div class=\"CNxNUMI4vuO8-fkO8bPPMQ== FdGBl7+r1sQJZTUFqRjvJw==\" data-block=\"true\" data-editor=\"cdl72\" data-offset-key=\"bvmjn-0-0\">\n<div class=\"public-DraftStyleDefault-block public-DraftStyleDefault-ltr\" data-offset-key=\"bvmjn-0-0\">\n<div class=\"public-DraftStyleDefault-block public-DraftStyleDefault-ltr\" data-offset-key=\"bvmjn-0-0\">\n<p>Patalear, hacer cagar el ti\u00f3, labrar la tierra y dar un cabezazo. <strong>Aina Alegre<\/strong> se dedica a recopilar golpeos y nos los explica en este\u00a0podcast\u00a0donde escuchamos juntas algunos de sus hallazgos r\u00edtmicos que han servido de motor de sus obras. Como artista residente del\u00a0Mercat de les Flors, Alegre ha mostrado dos de sus creaciones, <em>R-A-U-X-A<\/em> y <em>La\u00a0nuit, nos\u00a0autres<\/em>. Aun as\u00ed, durante esta temporada 2021-2022 trabajar\u00e1 la pr\u00f3xima creaci\u00f3n, una coproducci\u00f3n del Mercat.<\/p>\n<p>Bailarina,\u00a0performer, core\u00f3grafa y creadora de <strong>&#8216;Studio\u00a0Fictif&#8217;<\/strong>, Alegre plantea la creaci\u00f3n coreogr\u00e1fica como un \u00e1mbito para \u00abreinventar\u00bb el cuerpo y explora diferentes culturas y pr\u00e1cticas corporales entendidas como representaciones sociales, hist\u00f3ricas y antropol\u00f3gicas.<\/p>\n<\/div>\n<p><em>Gui\u00f3: B\u00e0rbara Raubert \/ Realitzaci\u00f3 sonora: Mat\u00edas Rossi<\/em><\/p>\n<p><iframe loading=\"lazy\" src=\"https:\/\/anchor.fm\/mercatflors\/embed\/episodes\/Aina-Alegre-e1huvou\" width=\"720px\" height=\"102px\" frameborder=\"0\" scrolling=\"no\" data-mce-fragment=\"1\"><span data-mce-type=\"bookmark\" style=\"display: inline-block; width: 0px; overflow: hidden; line-height: 0;\" class=\"mce_SELRES_start\">\ufeff<\/span><span data-mce-type=\"bookmark\" style=\"display: inline-block; width: 0px; overflow: hidden; line-height: 0;\" class=\"mce_SELRES_start\">\ufeff<\/span><span data-mce-type=\"bookmark\" style=\"display: inline-block; width: 0px; overflow: hidden; line-height: 0;\" class=\"mce_SELRES_start\">\ufeff<\/span><span data-mce-type=\"bookmark\" style=\"display: inline-block; width: 0px; overflow: hidden; line-height: 0;\" class=\"mce_SELRES_start\">\ufeff<\/span><span data-mce-type=\"bookmark\" style=\"display: inline-block; width: 0px; overflow: hidden; line-height: 0;\" class=\"mce_SELRES_start\">\ufeff<\/span><\/iframe><\/p>\n<p>Podcast disponible tambi\u00e9n en\u00a0<span style=\"color: #0000ff;\"><a style=\"color: #0000ff;\" href=\"https:\/\/open.spotify.com\/episode\/27VrjBkwEqoN4ojBbGskn0\">Spotify<\/a><\/span>\u00a0<a href=\"https:\/\/podcasts.google.com\/feed\/aHR0cHM6Ly9hbmNob3IuZm0vcy80YTliYTI0MC9wb2RjYXN0L3Jzcw==\"><span style=\"color: #0000ff;\">Google Podcast<\/span><\/a>\u00a0<a href=\"https:\/\/www.ivoox.com\/podcast-els-podcasts-del-mercat-les-flors_sq_f11173383_1.html\"><span style=\"color: #0000ff;\">Ivoox<\/span><\/a>\u00a0i <span style=\"color: #0000ff;\"><a style=\"color: #0000ff;\" href=\"https:\/\/anchor.fm\/mercatflors\/episodes\/Aina-Alegre-e1huvou\">Anchor<\/a><\/span><\/p>\n<p>__________________________________________________________________________________________________<\/p>\n<p><strong>S\u00f2nia G\u00f3mez<\/strong>, adem\u00e1s de creadora, es ciclista urbana. La acompa\u00f1amos sobre ruedas por el Delta del Llobregat para hablar de cosas sencillas, de resistencia natural y de investigaci\u00f3n esc\u00e9nica. Tambi\u00e9n nos explica algunos detalles sobre su pieza <strong>&#8216;The\u00a0Black\u00a0Body,\u00a0the\u00a0Blue\u00a0Mind\u00a0and\u00a0the\u00a0Fluorescente\u00a0Guts&#8217;<\/strong>, una coproducci\u00f3n del Mercat de les Flors, adem\u00e1s de hacer un repaso por algunos momentos clave de su trayectoria.<\/p>\n<p>Bailarina,\u00a0performer\u00a0y core\u00f3grafa, estudi\u00f3 en el Institut del Teatre y la escuela P.A.R.T.S de Bruselas. Desde el a\u00f1o 2004 trabaja en proyectos que tienen como ejes tem\u00e1ticos la construcci\u00f3n identitaria, pero tambi\u00e9n el descubrimiento de ciertas imposturas sociales a trav\u00e9s del arte y de las imposturas del arte a trav\u00e9s del cuerpo y la\u00a0performance.<\/p>\n<\/div>\n<p><em>Gui\u00f3n: B\u00e0rbara Raubert \/ Realizaci\u00f3n sonora: Mat\u00edas Rossi<\/em><\/p>\n<p><iframe loading=\"lazy\" src=\"https:\/\/anchor.fm\/mercatflors\/embed\/episodes\/Snia-Gmez-e1eml0r\" width=\"720px\" height=\"102px\" frameborder=\"0\" scrolling=\"no\" data-mce-fragment=\"1\"><span data-mce-type=\"bookmark\" style=\"display: inline-block; width: 0px; overflow: hidden; line-height: 0;\" class=\"mce_SELRES_start\">\ufeff<\/span><span data-mce-type=\"bookmark\" style=\"display: inline-block; width: 0px; overflow: hidden; line-height: 0;\" class=\"mce_SELRES_start\">\ufeff<\/span><span data-mce-type=\"bookmark\" style=\"display: inline-block; width: 0px; overflow: hidden; line-height: 0;\" class=\"mce_SELRES_start\">\ufeff<\/span><span data-mce-type=\"bookmark\" style=\"display: inline-block; width: 0px; overflow: hidden; line-height: 0;\" class=\"mce_SELRES_start\">\ufeff<\/span><\/iframe><\/p>\n<p>Podcast disponible tambi\u00e9n en\u00a0<span style=\"color: #0000ff;\"><a style=\"color: #0000ff;\" href=\"https:\/\/open.spotify.com\/episode\/27VrjBkwEqoN4ojBbGskn0\">Spotify<\/a><\/span>\u00a0<a href=\"https:\/\/podcasts.google.com\/feed\/aHR0cHM6Ly9hbmNob3IuZm0vcy80YTliYTI0MC9wb2RjYXN0L3Jzcw==\"><span style=\"color: #0000ff;\">Google Podcast<\/span><\/a>\u00a0<a href=\"https:\/\/www.ivoox.com\/podcast-els-podcasts-del-mercat-les-flors_sq_f11173383_1.html\"><span style=\"color: #0000ff;\">Ivoox<\/span><\/a> y <span style=\"color: #0000ff;\"><a style=\"color: #0000ff;\" href=\"https:\/\/anchor.fm\/mercatflors\/episodes\/Snia-Gmez-e1eml0r\">Anchor<\/a><\/span><\/p>\n<\/div>\n<p>__________________________________________________________________________________________________<\/p>\n<div class=\"traductor-textarea form-group\">\n<div class=\"textarea-desti col-xs-12 col-sm-6\">\n<div class=\"form-control second-textarea\">\n<p><strong>Guy\u00a0Nader<\/strong>\u00a0y <strong>Maria Campos<\/strong> son pareja de vida y de creaci\u00f3n. A pesar de que vienen de lugares muy lejanos han sabido encajar sus deseos y construir un cuerpo de investigaci\u00f3n alrededor del tiempo y del espacio que les permite hacer crecer todo un jard\u00edn a su alrededor.<\/p>\n<p>Campos y\u00a0Nader, artistas residentes del Mercat de les Flors, han presentado &#8216;<strong>Made\u00a0of\u00a0Space<\/strong>&#8216;\u00a0durante la temporada 2021-2022. Su trabajo ha estado presente en diferentes festivales y teatros internacionales y nacionales, en pa\u00edses como por ejemplo Francia, B\u00e9lgica, Holanda, L\u00edbano, India y Corea del Sur, entre otros. Adem\u00e1s, han sido galardonados con el <strong>Premi Ciutat de Barcelona<\/strong> (2019), entre altres premis.<\/p>\n<\/div>\n<\/div>\n<\/div>\n<p><em>Gui\u00f3n: B\u00e0rbara Raubert \/ Realizaci\u00f3n sonora: Mat\u00edas Rossi<\/em><\/p>\n<p><iframe loading=\"lazy\" src=\"https:\/\/anchor.fm\/mercatflors\/embed\/episodes\/GUY-NADER--MARIA-CAMPOS-e1e5f27\" width=\"720px\" height=\"102px\" frameborder=\"0\" scrolling=\"no\" data-mce-fragment=\"1\"><span data-mce-type=\"bookmark\" style=\"display: inline-block; width: 0px; overflow: hidden; line-height: 0;\" class=\"mce_SELRES_start\">\ufeff<\/span><span data-mce-type=\"bookmark\" style=\"display: inline-block; width: 0px; overflow: hidden; line-height: 0;\" class=\"mce_SELRES_start\">\ufeff<\/span><span data-mce-type=\"bookmark\" style=\"display: inline-block; width: 0px; overflow: hidden; line-height: 0;\" class=\"mce_SELRES_start\">\ufeff<\/span><\/iframe><\/p>\n<p>Podcast disponible tambi\u00e9n en\u00a0<span style=\"color: #0000ff;\"><a style=\"color: #0000ff;\" href=\"https:\/\/open.spotify.com\/episode\/3ZMmRr6LjbTINBTMXs2B8F\">Spotify<\/a><\/span>\u00a0<a href=\"https:\/\/podcasts.google.com\/feed\/aHR0cHM6Ly9hbmNob3IuZm0vcy80YTliYTI0MC9wb2RjYXN0L3Jzcw==\"><span style=\"color: #0000ff;\">Google Podcast<\/span><\/a>\u00a0<a href=\"https:\/\/www.ivoox.com\/podcast-els-podcasts-del-mercat-les-flors_sq_f11173383_1.html\"><span style=\"color: #0000ff;\">Ivoox<\/span><\/a>\u00a0y <span style=\"color: #0000ff;\"><a style=\"color: #0000ff;\" href=\"https:\/\/anchor.fm\/mercatflors\/episodes\/GUY-NADER--MARIA-CAMPOS-e1e5f27\">Anchor<\/a><\/span><\/p>\n<p>__________________________________________________________________________________________________<\/p>\n<p>Conversamos con <strong>Cesc Gelabert<\/strong> que nos hace un repaso de algunas de las ideas que han acompa\u00f1ado su dilatada trayectoria art\u00edstica desde la\u00a0sabidur\u00eda de saberse en el \u00faltimo tramo. Y de poder hacer mover el viento sin necesitar saltar muy alto.<\/p>\n<p>Gelabert ha presentado &#8216;<strong>Framing\u00a0Time<\/strong>&#8216; durante\u00a0la temporada 2021-2022 y es una de las figuras m\u00e1s importantes de la danza contempor\u00e1nea del Estado. Estudiante de arquitectura, empez\u00f3 a bailar en el grupo de Anna\u00a0Maleras\u00a0el 1969. Entre 1978 y 1980, se convirti\u00f3 en un miembro activo de la comunidad de danza de Nueva York. Cuando vuelve a Barcelona, empieza su colaboraci\u00f3n con Lidia\u00a0Azzopardi, con quien crea su compa\u00f1\u00eda en 1985, con m\u00e1s de unas treinta creaciones galardonadas con los premios m\u00e1s prestigiosos.<\/p>\n<p><em>Gui\u00f3n: B\u00e0rbara Raubert \/ Realizaci\u00f3n sonora: Mat\u00edas Rossi<\/em><\/p>\n<p><iframe loading=\"lazy\" src=\"https:\/\/anchor.fm\/mercatflors\/embed\/episodes\/Cesc-Gelabert-e1c37e8\" width=\"720px\" height=\"102px\" frameborder=\"0\" scrolling=\"no\" data-mce-fragment=\"1\"><span data-mce-type=\"bookmark\" style=\"display: inline-block; width: 0px; overflow: hidden; line-height: 0;\" class=\"mce_SELRES_start\">\ufeff<\/span><span data-mce-type=\"bookmark\" style=\"display: inline-block; width: 0px; overflow: hidden; line-height: 0;\" class=\"mce_SELRES_start\">\ufeff<\/span><\/iframe><\/p>\n<p>Podcast disponible tambi\u00e9n en\u00a0<span style=\"color: #0000ff;\"><a style=\"color: #0000ff;\" href=\"https:\/\/open.spotify.com\/episode\/548DsMawepXJXTADLH1CDT\">Spotify<\/a><\/span>\u00a0<a href=\"https:\/\/podcasts.google.com\/feed\/aHR0cHM6Ly9hbmNob3IuZm0vcy80YTliYTI0MC9wb2RjYXN0L3Jzcw==\"><span style=\"color: #0000ff;\">Google Podcast<\/span><\/a>\u00a0<a href=\"https:\/\/www.ivoox.com\/podcast-els-podcasts-del-mercat-les-flors_sq_f11173383_1.html\"><span style=\"color: #0000ff;\">Ivoox<\/span><\/a>\u00a0y <span style=\"color: #0000ff;\"><a style=\"color: #0000ff;\" href=\"https:\/\/anchor.fm\/mercatflors\/episodes\/Cesc-Gelabert-e1c37e8\">Anchor<\/a><\/span><\/p>\n<p>__________________________________________________________________________________________________<\/p>\n<p>Escuchamos a <strong>Marina Mascarell<\/strong> hablando del sentido de grupo y de la fuerza de la comunidad cuando est\u00e1 libre de restricciones. As\u00ed hace un retrato del sector de la danza y dibuja la utop\u00eda que despliega en sus obras.<\/p>\n<p>Mascarell es artista asociada al Mercat de les Flors y durante la temporada 2021-2022 ha estrenado la pieza &#8216;<strong>orthopedica\u00a0corporatio<\/strong>&#8216;\u00a0y ha presentado &#8216;<strong>Bird\u00a0Dog<\/strong>&#8216;, un\u00a0site-specific\u00a0paralelo desde las calles de cuatro ciudades: Tokyo, Lisboa, Washington y La Haya. Adem\u00e1s, protagoniza el tercer volumen de la colecci\u00f3n sobre danza <strong>&#8216;Paragrafies:\u00a0Corporitzar\u00a0el pensament&#8217;<\/strong>, editado por el Mercat de les Flors, el Institut del Teatre y el editorial\u00a0Comanegra.<\/p>\n<p><em>Gui\u00f3n: B\u00e0rbara Raubert \/ Realizaci\u00f3n sonora: Mat\u00edas Rossi<\/em><\/p>\n<p><iframe loading=\"lazy\" src=\"https:\/\/anchor.fm\/mercatflors\/embed\/episodes\/Marina-Mascarell-e1bv8r5\" width=\"720px\" height=\"102px\" frameborder=\"0\" scrolling=\"no\" data-mce-fragment=\"1\"><span data-mce-type=\"bookmark\" style=\"display: inline-block; width: 0px; overflow: hidden; line-height: 0;\" class=\"mce_SELRES_start\">\ufeff<\/span><span data-mce-type=\"bookmark\" style=\"display: inline-block; width: 0px; overflow: hidden; line-height: 0;\" class=\"mce_SELRES_start\">\ufeff<\/span><\/iframe><\/p>\n<p>Podcast disponible tambi\u00e9n en\u00a0<span style=\"color: #0000ff;\"><a style=\"color: #0000ff;\" href=\"https:\/\/open.spotify.com\/episode\/0aSQoals352btDyN9lmg4d\">Spotify<\/a><\/span>,\u00a0<a href=\"https:\/\/podcasts.google.com\/feed\/aHR0cHM6Ly9hbmNob3IuZm0vcy80YTliYTI0MC9wb2RjYXN0L3Jzcw==\"><span style=\"color: #0000ff;\">Google Podcast<\/span><\/a> <a href=\"https:\/\/www.ivoox.com\/podcast-els-podcasts-del-mercat-les-flors_sq_f11173383_1.html\"><span style=\"color: #0000ff;\">Ivoox<\/span><\/a>\u00a0y <span style=\"color: #0000ff;\"><a style=\"color: #0000ff;\" href=\"https:\/\/anchor.fm\/mercatflors\/episodes\/Marina-Mascarell-e1bv8r5\">Anchor<\/a><\/span><\/p>\n<p>__________________________________________________________________________________________________<\/p>\n<p>Escuchamos a <strong>Mar\u00eda Mu\u00f1oz<\/strong>\u00a0y\u00a0<strong>Federica Porello<\/strong>\u00a0a ra\u00edz de la constelaci\u00f3n que hemos dedicado a Mal Pelo la temporada 2020-2021<\/p>\n<p>El solo &#8216;<strong><em>Bach&#8217;<\/em><\/strong>\u00a0de Maria Mu\u00f1oz (Mal Pelo)<em>\u00a0<\/em>fue estrenado el 2004, grabado por N\u00faria Font el 2013 y estrenado de nuevo por Federica Porello el 2016. Recogemos el testigo de las dos int\u00e9rpretes en una <a href=\"https:\/\/old.mercatflors.cat\/activitat\/bach-project-constel%c2%b7lacio-taula-rodona-conversa-amb-maria-munoz-i-federica-porello-mal-pelo\/\"><span style=\"color: #0000ff;\">mesa rodona para hablar de memoria, transmisi\u00f3n y <\/span><\/a><span style=\"color: #0000ff;\">legado<\/span>, donde describen el viaje compartido y contin\u00faan el di\u00e1logo infinito que se establece entre la persona que ha creado la pieza originalmente y la persona que la tiene que volver a crear para hacerla suya.<\/p>\n<p><em>Gui\u00f3n: B\u00e0rbara Raubert \/ Realitzaci\u00f3n sonora: Mat\u00edas Rossi<\/em><\/p>\n<p><iframe loading=\"lazy\" src=\"https:\/\/anchor.fm\/mercatflors\/embed\/episodes\/Mal-Pelo-e15bmm5\" width=\"720px\" height=\"102px\" frameborder=\"0\" scrolling=\"no\" data-mce-fragment=\"1\"><span data-mce-type=\"bookmark\" style=\"display: inline-block; width: 0px; overflow: hidden; line-height: 0;\" class=\"mce_SELRES_start\">\ufeff<\/span><\/iframe><\/p>\n<p>Podcast disponible tambi\u00e9n en\u00a0<span style=\"color: #0000ff;\"><a style=\"color: #0000ff;\" href=\"https:\/\/open.spotify.com\/episode\/1hHPGsEPnm0VsVlONzNROP\">Spotify<\/a><\/span>, <a href=\"https:\/\/podcasts.google.com\/feed\/aHR0cHM6Ly9hbmNob3IuZm0vcy80YTliYTI0MC9wb2RjYXN0L3Jzcw==\"><span style=\"color: #0000ff;\">Google Podcast<\/span><\/a>, <a href=\"https:\/\/www.ivoox.com\/podcast-els-podcasts-del-mercat-les-flors_sq_f11173383_1.html\"><span style=\"color: #0000ff;\">Ivoox<\/span><\/a> y <span style=\"color: #0000ff;\"><a style=\"color: #0000ff;\" href=\"https:\/\/anchor.fm\/mercatflors\/episodes\/Mal-Pelo-Maria-Muoz-i-Federica-Porello-e15bmm5\">Anchor<\/a><\/span><\/p>\n<p>__________________________________________________________________________________________________<\/p>\n<p><span data-offset-key=\"39cl2-0-0\">Escuchamos a la core\u00f3grafa <\/span><strong>Mar\u00eda Ribot<\/strong><span data-offset-key=\"39cl2-0-2\"> (Madrid, 1962) hablando de &#8216;<\/span><span data-offset-key=\"39cl2-0-3\"><strong>Happy Island<\/strong>&#8216;<\/span><span data-offset-key=\"39cl2-0-4\">, la pieza creada para la compa\u00f1\u00eda portuguesa de danza inclusiva <\/span><strong>Dan\u00e7ando com a Diferen\u00e7a<\/strong><span data-offset-key=\"39cl2-0-6\">.<\/span><\/p>\n<p>La Ribot es una artista internacional que ha acercado la danza a ideas performativas rompiendo los c\u00e1nones de la escena tradicional. Recibi\u00f3 el Le\u00f3n de Oro por su trayectoria en 2020 y, a pesar de que sus solos de <em>Piezas distinguidas<\/em> (1993-2020) seguramente sean sus creaciones m\u00e1s conocidas, tambi\u00e9n ha trabajado con compa\u00f1\u00edas y con no profesionales. Pero en <em>Happy Island<\/em> el reto se multiplica exponencialmente. Despu\u00e9s del podcast que Radio Web MACBA ha dedicado a la trayectoria de La Ribot, ahora profundizamos en el proceso de creaci\u00f3n y el significado de esta pieza tan especial como es <em>Happy Island<\/em>, presentada en el Mercat en la temporada 2020-2021.<\/p>\n<p><em>Gui\u00f3n: B\u00e0rbara Raubert \/ Realitzaci\u00f3n sonora: Mat\u00edas Rossi<\/em><\/p>\n<p><iframe loading=\"lazy\" src=\"https:\/\/anchor.fm\/mercatflors\/embed\/episodes\/La-Ribot-e15bm0b\" width=\"720px\" height=\"102px\" frameborder=\"0\" scrolling=\"no\"><span data-mce-type=\"bookmark\" style=\"display: inline-block; width: 0px; overflow: hidden; line-height: 0;\" class=\"mce_SELRES_start\">\ufeff<\/span><\/iframe><\/p>\n<p>Podcast disponible tambi\u00e9n en\u00a0<span style=\"color: #0000ff;\"><a style=\"color: #0000ff;\" href=\"https:\/\/open.spotify.com\/episode\/03fEGX4GROn8MMGYbSUN5B\">Spotify<\/a><\/span>, <a href=\"https:\/\/podcasts.google.com\/feed\/aHR0cHM6Ly9hbmNob3IuZm0vcy80YTliYTI0MC9wb2RjYXN0L3Jzcw==\"><span style=\"color: #0000ff;\">Google Podcast<\/span><\/a>, <a href=\"https:\/\/www.ivoox.com\/podcast-els-podcasts-del-mercat-les-flors_sq_f11173383_1.html\"><span style=\"color: #0000ff;\">Ivoox<\/span><\/a>\u00a0y\u00a0<span style=\"color: #0000ff;\"><a style=\"color: #0000ff;\" href=\"https:\/\/anchor.fm\/mercatflors\/episodes\/La-Ribot-e15bm0b\">Anchor<\/a><\/span><\/p>\n<p>__________________________________________________________________________________________________<\/p>\n<p>Conversamos con\u00a0<strong>Juan Carlos L\u00e9rida<\/strong>, bailar\u00edn, core\u00f3grafo y pedagogo del flamenco. El Mercat de les Flors lo ha acompa\u00f1ado en la creaci\u00f3n de &#8216;<strong>La liturgia de las horas<\/strong>&#8216;, un acontecimiento art\u00edstico itinerando de 12 horas de duraci\u00f3n, que cerr\u00f3 la temporada regular 2020-2021.<\/p>\n<p><em>La liturgia de las horas<\/em> es un ritual de transformaci\u00f3n ideado por el bailaor sevillano Juan Carlos L\u00e9rida de 12 horas de duraci\u00f3n, donde recorre los espacios de la pasi\u00f3n de Cristo transformados en las cuestiones art\u00edsticas que lo han perseguido desde hace tiempo: la cocina, la oralidad, los oficios, el grupo&#8230; hasta llegar a la desintegraci\u00f3n del cuerpo.<\/p>\n<p><em>Gui\u00f3n: B\u00e0rbara Raubert \/ Realitzaci\u00f3n sonora: Mat\u00edas Rossi<\/em><\/p>\n<p><iframe loading=\"lazy\" src=\"https:\/\/anchor.fm\/mercatflors\/embed\/episodes\/Juan-Carlos-Lrida-e15bkfa\" width=\"720px\" height=\"102px\" frameborder=\"0\" scrolling=\"no\"><\/iframe><\/p>\n<p>Podcast disponible tambi\u00e9n en\u00a0<span style=\"color: #0000ff;\"><a style=\"color: #0000ff;\" href=\"https:\/\/open.spotify.com\/episode\/4iYS0OWZZdMMbSacZdPIkY\">Spotify<\/a><\/span>, <a href=\"https:\/\/podcasts.google.com\/feed\/aHR0cHM6Ly9hbmNob3IuZm0vcy80YTliYTI0MC9wb2RjYXN0L3Jzcw==\"><span style=\"color: #0000ff;\">Google Podcast<\/span><\/a>, <a href=\"https:\/\/www.ivoox.com\/podcast-els-podcasts-del-mercat-les-flors_sq_f11173383_1.html\"><span style=\"color: #0000ff;\">Ivoox<\/span><\/a>\u00a0y\u00a0<span style=\"color: #0000ff;\"><a style=\"color: #0000ff;\" href=\"https:\/\/anchor.fm\/mercatflors\/episodes\/Juan-Carlos-Lrida-e15bkfa\">Anchor<\/a><\/span><\/p>\n<p>__________________________________________________________________________________________________<\/p>\n<p>A partir de la presentaci\u00f3n de\u00a0<strong>Olga Mesa<\/strong>\u00a0en el Mercat de les Flors con un solo \u2013<em>Este no es mi cuerpo\u2013<\/em>\u00a0y una pieza de gran formato \u2013<em>Carmen\/Shakespeare\u2013<\/em>, <strong>hablamos con esta core\u00f3grafa y artista visual de la escena<\/strong><\/p>\n<p>Nacida en Asturias, despu\u00e9s de pasar por una formaci\u00f3n cl\u00e1sica, se convirti\u00f3 en uno de los referentes de la primera danza contempor\u00e1nea a finales de los 80, junto a otros muchos que han sido igualmente importantes para la ampliaci\u00f3n del concepto de danza, como La Ribot o M\u00f3nica Valenciano.<\/p>\n<p><em>Gui\u00f3n: B\u00e0rbara Raubert \/ Realitzaci\u00f3n sonora: Mat\u00edas Rossi<\/em><\/p>\n<p><iframe loading=\"lazy\" src=\"https:\/\/anchor.fm\/mercatflors\/embed\/episodes\/Olga-Mesa-ev1d7p\" width=\"720px\" height=\"102px\" frameborder=\"0\" scrolling=\"no\"><\/iframe><\/p>\n<p>Podcast disponible tambi\u00e9n en\u00a0<span style=\"color: #0000ff;\"><a style=\"color: #0000ff;\" href=\"https:\/\/open.spotify.com\/episode\/0J4HOgzBLJdg0UxuKCvVEN\">Spotify<\/a><\/span>, <a href=\"https:\/\/podcasts.google.com\/feed\/aHR0cHM6Ly9hbmNob3IuZm0vcy80YTliYTI0MC9wb2RjYXN0L3Jzcw==\"><span style=\"color: #0000ff;\">Google Podcast<\/span><\/a>, <a href=\"https:\/\/www.ivoox.com\/podcast-els-podcasts-del-mercat-les-flors_sq_f11173383_1.html\"><span style=\"color: #0000ff;\">Ivoox<\/span><\/a>\u00a0y\u00a0<span style=\"color: #0000ff;\"><a style=\"color: #0000ff;\" href=\"https:\/\/anchor.fm\/mercatflors\/episodes\/Olga-Mesa-ev1d7p\">Anchor<\/a><\/span><\/p>\n<p>__________________________________________________________________________________________________<\/p>\n<p><strong>Hablamos con<\/strong> la creadora y directora de Africa Moment, <strong>A\u00efda Colmenero<\/strong>, y una de las artistas participantes en la edici\u00f3n 2020, <strong>Mamela Nyamza<\/strong><\/p>\n<p>Africa Moment es un encuentro anual que tiene lugar al Mercat de les Flors con la voluntad de posicionar la creaci\u00f3n africana dentro del panorama internacional de la danza. El 2020, con el foco puesto en Sud\u00e1frica, una de las artistas invitadas fue Mamela Nyamza, que aqu\u00ed nos habla de su trayectoria y del rol de la mujer en su pa\u00eds, mientras que la directora de Africa Moment nos contextualiza el sentido originario y el alcance que ha tomado su investigaci\u00f3n como comisaria y tambi\u00e9n como artista.<\/p>\n<p><em>Gui\u00f3n: B\u00e0rbara Raubert \/ Realitzaci\u00f3n sonora: Mat\u00edas Rossi<\/em><\/p>\n<p><iframe loading=\"lazy\" src=\"https:\/\/anchor.fm\/mercatflors\/embed\/episodes\/Africa-Moment-ervp2n\" width=\"720px\" height=\"102px\" frameborder=\"0\" scrolling=\"no\"><\/iframe><\/p>\n<p>Podcast disponible tambi\u00e9n a <span style=\"color: #0000ff;\"><a style=\"color: #0000ff;\" href=\"https:\/\/open.spotify.com\/show\/0P7l9J6bnVPNIkqsE1P2Nz\">Spotify<\/a><\/span>, <a href=\"https:\/\/podcasts.google.com\/feed\/aHR0cHM6Ly9hbmNob3IuZm0vcy80YTliYTI0MC9wb2RjYXN0L3Jzcw==\"><span style=\"color: #0000ff;\">Google Podcast<\/span><\/a>, <a href=\"https:\/\/www.ivoox.com\/podcast-els-podcasts-del-mercat-les-flors_sq_f11173383_1.html\"><span style=\"color: #0000ff;\">Ivoox<\/span><\/a>\u00a0y\u00a0<span style=\"color: #0000ff;\"><a style=\"color: #0000ff;\" href=\"https:\/\/anchor.fm\/mercatflors\">Anchor<\/a><\/span><\/p>\n<p>__________________________________________________________________________________________________<\/p>\n<p>Una <strong>entrevista con Sofia Asencio y Tom\u00e0s Aragay<\/strong> (Societat Doctor Alonso)\u00a0a ra\u00edz de la constelaci\u00f3n que les hemos dedicado la temporada 2020-2021<\/p>\n<p>Los creadores de Societat Doctor Alonso explican qu\u00e9 significa el descentramiento de la mirada que practican habitualmente en sus piezas y de c\u00f3mo han utilizado la formaci\u00f3n acad\u00e9mica para traspasarla e ir al coro del trabajo del int\u00e9rprete y de la escena. En el recorrido a su carrera, tambi\u00e9n rememoran un colectivo del cual formaron parte y que fue muy importante en la ciudad de Barcelona a finales de los 90,\u00a0General El\u00e8ctrica.<\/p>\n<p><em>Gui\u00f3n: B\u00e0rbara Raubert \/ Realitzaci\u00f3n sonora: Mat\u00edas Rossi<\/em><\/p>\n<p><iframe loading=\"lazy\" src=\"https:\/\/anchor.fm\/mercatflors\/embed\/episodes\/Societat-Doctor-Alonso-eqe8pt\" width=\"720px\" height=\"102px\" frameborder=\"0\" scrolling=\"no\"><\/iframe><\/p>\n<p>Podcast disponible tambi\u00e9n en\u00a0<span style=\"color: #0000ff;\"><a style=\"color: #0000ff;\" href=\"https:\/\/open.spotify.com\/show\/0P7l9J6bnVPNIkqsE1P2Nz\">Spotify<\/a><\/span>, <a href=\"https:\/\/podcasts.google.com\/feed\/aHR0cHM6Ly9hbmNob3IuZm0vcy80YTliYTI0MC9wb2RjYXN0L3Jzcw==\"><span style=\"color: #0000ff;\">Google Podcast<\/span><\/a>, <a href=\"https:\/\/www.ivoox.com\/podcast-els-podcasts-del-mercat-les-flors_sq_f11173383_1.html\"><span style=\"color: #0000ff;\">Ivoox<\/span><\/a>\u00a0y\u00a0<span style=\"color: #0000ff;\"><a style=\"color: #0000ff;\" href=\"https:\/\/anchor.fm\/mercatflors\">Anchor<\/a><\/span><\/p>\n<p>__________________________________________________________________________________________________<\/p>\n<p>Una <strong>entrevista con Pere Faura<\/strong> despu\u00e9s de 6 meses de conversaci\u00f3n alrededor de la danza<\/p>\n<p>Durante este tiempo el core\u00f3grafo ha ido contestando las preguntas a trav\u00e9s de audios de WhatsApp. Aqu\u00ed pod\u00e9is escuchar un resumen que nos conducir\u00e1 por calles ruidosas, paseos nocturnos, bares, fiestas y hasta la tranquilidad de su sof\u00e1 despu\u00e9s de una noche de fiesta.<\/p>\n<p>Acabamos en casa, pues, en el cuerpo y a la necesidad de recuperar el nombre entero, y dejar de ser Pere Faura para volver a ser Pere Gay Faura.<\/p>\n<p><em>Gui\u00f3n: B\u00e0rbara Raubert \/ Realitzaci\u00f3n sonora y m\u00fasica: Mat\u00edas Rossi<\/em><\/p>\n<p><iframe loading=\"lazy\" src=\"https:\/\/anchor.fm\/mercat-de-les-flors\/embed\/episodes\/Pere-Faura---Els-Podcasts-del-Mercat-de-les-Flors-epp29e\" width=\"720px\" height=\"102px\" frameborder=\"0\" scrolling=\"no\"><\/iframe><\/p>\n<p>Podcast disponible tambi\u00e9n en\u00a0<span style=\"color: #0000ff;\"><a style=\"color: #0000ff;\" href=\"https:\/\/open.spotify.com\/show\/0P7l9J6bnVPNIkqsE1P2Nz\">Spotify<\/a><\/span>, <a href=\"https:\/\/podcasts.google.com\/feed\/aHR0cHM6Ly9hbmNob3IuZm0vcy80YTliYTI0MC9wb2RjYXN0L3Jzcw==\"><span style=\"color: #0000ff;\">Google Podcast<\/span><\/a>, <a href=\"https:\/\/www.ivoox.com\/podcast-els-podcasts-del-mercat-les-flors_sq_f11173383_1.html\"><span style=\"color: #0000ff;\">Ivoox<\/span><\/a>\u00a0y\u00a0<span style=\"color: #0000ff;\"><a style=\"color: #0000ff;\" href=\"https:\/\/anchor.fm\/mercatflors\">Anchor<\/a><\/span><\/p>\n","protected":false},"excerpt":{"rendered":"<p>&nbsp; Los Podcasts del Mercat de les Flors son programas [&hellip;]<\/p>\n","protected":false},"author":1,"featured_media":49912,"parent":41816,"menu_order":0,"comment_status":"closed","ping_status":"closed","template":"","meta":[],"_links":{"self":[{"href":"https:\/\/old.mercatflors.cat\/es\/wp-json\/wp\/v2\/pages\/50033\/"}],"collection":[{"href":"https:\/\/old.mercatflors.cat\/es\/wp-json\/wp\/v2\/pages\/"}],"about":[{"href":"https:\/\/old.mercatflors.cat\/es\/wp-json\/wp\/v2\/types\/page\/"}],"author":[{"embeddable":true,"href":"https:\/\/old.mercatflors.cat\/es\/wp-json\/wp\/v2\/users\/1\/"}],"replies":[{"embeddable":true,"href":"https:\/\/old.mercatflors.cat\/es\/wp-json\/wp\/v2\/comments\/?post=50033"}],"version-history":[{"count":0,"href":"https:\/\/old.mercatflors.cat\/es\/wp-json\/wp\/v2\/pages\/50033\/revisions\/"}],"up":[{"embeddable":true,"href":"https:\/\/old.mercatflors.cat\/es\/wp-json\/wp\/v2\/pages\/41816\/"}],"wp:featuredmedia":[{"embeddable":true,"href":"https:\/\/old.mercatflors.cat\/es\/wp-json\/wp\/v2\/media\/49912\/"}],"wp:attachment":[{"href":"https:\/\/old.mercatflors.cat\/es\/wp-json\/wp\/v2\/media\/?parent=50033"}],"curies":[{"name":"wp","href":"https:\/\/api.w.org\/{rel}","templated":true}]}}