{"id":50585,"date":"2021-04-19T09:47:24","date_gmt":"2021-04-19T08:47:24","guid":{"rendered":"https:\/\/old.mercatflors.cat\/?page_id=50585"},"modified":"2021-06-14T20:45:32","modified_gmt":"2021-06-14T19:45:32","slug":"oferta-de-trabajo-refuerzo-maquinista","status":"publish","type":"page","link":"https:\/\/old.mercatflors.cat\/es\/oferta-de-trabajo-refuerzo-maquinista\/","title":{"rendered":"Oferta de trabajo \u2013 REFUERZO MAQUINISTA"},"content":{"rendered":"<p><strong>Descripci\u00f3n de la oferta:<\/strong>\u00a0T\u00e9cnico Auxiliar<\/p>\n<p><strong>Denominaci\u00f3n del lugar:<\/strong>\u00a0REFUERZO MAQUINISTA PARA RESIDENCIAS T\u00c9CNICAS Y ESPECT\u00c1CULOS<\/p>\n<p><strong>Tipolog\u00eda:<\/strong>\u00a0T\u00e9cnico Auxiliar<\/p>\n<p><strong>Tipo de contrato:\u00a0<\/strong>Obra y Servicio determinado<\/p>\n<p><strong>Tipo de jornada:<\/strong>\u00a0Completa. 37,5 horas semanales<\/p>\n<p><strong>Fecha de incorporaci\u00f3n:<\/strong>\u00a0Mediados de mayo de 2021 o a la finalizaci\u00f3n del proceso de selecci\u00f3n<\/p>\n<p><strong>Fecha de publicaci\u00f3n de la oferta:\u00a0<\/strong>19 de abril de 2021<\/p>\n<p><strong>Fecha l\u00edmite de presentaci\u00f3n de instancias:\u00a0<\/strong>10 de mayo de 2021, a las 14:00 horas<\/p>\n<p><strong>Contacto:<\/strong>\u00a0<span style=\"color: #0000ff;\"><a style=\"color: #0000ff;\" href=\"mailto:rrhh@mercatflors.cat\">rrhh@mercatflors.cat<\/a><\/span><\/p>\n<p><strong>Documentos:<\/strong><strong>\u00a0<\/strong><\/p>\n<p><a href=\"https:\/\/old.mercatflors.cat\/wp-content\/uploads\/2021\/04\/3-OF-DE-TREBALL_Reforc-Maquinista-RT-i-Esp_.pdf\"><span style=\"color: #0000ff;\">Bases de la oferta<\/span><\/a><\/p>\n<p><a href=\"https:\/\/old.mercatflors.cat\/mdlfrrhh\/oferta\/reforc_maquinista_rt\"><span style=\"color: #0000ff;\">Formulario<\/span><\/a><\/p>\n<p><span style=\"color: #0000ff;\"><a style=\"color: #0000ff;\" href=\"https:\/\/old.mercatflors.cat\/wp-content\/uploads\/2021\/05\/Exp-F21-090-Ampliacio\u0301-termini-presentacio\u0301-sollicituds.pdf\">Resoluci\u00f3n para la ampliaci\u00f3n del plazo de presentaci\u00f3n de solicitudes<\/a><\/span><\/p>\n<p><span style=\"color: #0000ff;\"><a style=\"color: #0000ff;\" href=\"https:\/\/old.mercatflors.cat\/wp-content\/uploads\/2021\/05\/5-Relacio\u0301-admesos-i-exclosos-PROVISIONAL.pdf\">Relaci\u00f3n admitidos y excluidos PROVISIONAL<\/a><\/span><\/p>\n<p><span style=\"color: #0000ff;\"><a style=\"color: #0000ff;\" href=\"https:\/\/old.mercatflors.cat\/wp-content\/uploads\/2021\/05\/5.1-Relaci\u00f3-admesos-i-exclosos-DEFINITIVA.pdf\">Relaci\u00f3n admitidos y excluidos DEFINITIVA<\/a><\/span><\/p>\n<p><span style=\"color: #0000ff;\"><a style=\"color: #0000ff;\" href=\"https:\/\/old.mercatflors.cat\/wp-content\/uploads\/2021\/05\/6-Informe-valoraci\u00f3-de-m\u00e8rits-1.pdf\">Informe valoraci\u00f3n de m\u00e9ritos<\/a><\/span><\/p>\n<p><span style=\"color: #0000ff;\"><a style=\"color: #0000ff;\" href=\"https:\/\/old.mercatflors.cat\/wp-content\/uploads\/2021\/06\/7-Informe-entrevista-i-proposta-resolucio\u0301-web.pdf\">Informe entrevista y propuesta de resolucio\u0301n<\/a><\/span><\/p>\n<p><span style=\"color: #0000ff;\"><a style=\"color: #0000ff;\" href=\"https:\/\/old.mercatflors.cat\/wp-content\/uploads\/2021\/06\/Segona-proposta-de-contracacio\u0301-per-renu\u0301ncia-del-candidat.pdf\">Segunda propuesta de contratacio\u0301n por renuncia del candidato<\/a><\/span><\/p>\n","protected":false},"excerpt":{"rendered":"<p>Descripci\u00f3n de la oferta:\u00a0T\u00e9cnico Auxiliar Denominaci\u00f3n del lugar:\u00a0REFUERZO MAQUINISTA PARA [&hellip;]<\/p>\n","protected":false},"author":1,"featured_media":0,"parent":0,"menu_order":0,"comment_status":"closed","ping_status":"closed","template":"","meta":[],"_links":{"self":[{"href":"https:\/\/old.mercatflors.cat\/es\/wp-json\/wp\/v2\/pages\/50585\/"}],"collection":[{"href":"https:\/\/old.mercatflors.cat\/es\/wp-json\/wp\/v2\/pages\/"}],"about":[{"href":"https:\/\/old.mercatflors.cat\/es\/wp-json\/wp\/v2\/types\/page\/"}],"author":[{"embeddable":true,"href":"https:\/\/old.mercatflors.cat\/es\/wp-json\/wp\/v2\/users\/1\/"}],"replies":[{"embeddable":true,"href":"https:\/\/old.mercatflors.cat\/es\/wp-json\/wp\/v2\/comments\/?post=50585"}],"version-history":[{"count":0,"href":"https:\/\/old.mercatflors.cat\/es\/wp-json\/wp\/v2\/pages\/50585\/revisions\/"}],"wp:attachment":[{"href":"https:\/\/old.mercatflors.cat\/es\/wp-json\/wp\/v2\/media\/?parent=50585"}],"curies":[{"name":"wp","href":"https:\/\/api.w.org\/{rel}","templated":true}]}}