{"id":52398,"date":"2021-09-15T08:29:03","date_gmt":"2021-09-15T07:29:03","guid":{"rendered":"https:\/\/old.mercatflors.cat\/?page_id=52398"},"modified":"2022-01-24T09:27:17","modified_gmt":"2022-01-24T08:27:17","slug":"cellula-2-requiem-nocturn-pere-faura","status":"publish","type":"page","link":"https:\/\/old.mercatflors.cat\/es\/cellula-2-requiem-nocturn-pere-faura\/","title":{"rendered":"C\u00e8l\u00b7lula #2: REQUIEM NOCTURN &#8211; Pere Faura"},"content":{"rendered":"<p>&nbsp;<\/p>\n<p><span style=\"color: #0000ff;\"><a style=\"color: #0000ff;\" href=\"https:\/\/old.mercatflors.cat\/es\/celula\/\">&lt; Vuelve atr\u00e1s<\/a><\/span><\/p>\n<p><strong>Coreograf\u00eda:<\/strong>\u00a0Pere Faura<\/p>\n<p><strong>Int\u00e9rpretes:<\/strong> 10 bailarines + 4 m\u00fasicos<\/p>\n<p><u>Calendario de trabajo<\/u><\/p>\n<p><strong>LAB:<\/strong> diciembre 2018<\/p>\n<p><strong>Investigaci\u00f3n:<\/strong> intermitente a lo largo del 2019<\/p>\n<p><strong>Creaci\u00f3n:<\/strong> periodos entre diciembre del 2019 y mayo del 2020<\/p>\n<p><strong>Estrena:<\/strong> Mercat de les Flors dentro del programa del GREC 2020<\/p>\n<p><strong>R\u00e8quiem Nocturn se estrenar\u00e1 la temporada 2020-2021 y es una producci\u00f3n del Mercat de les Flors con coproducci\u00f3n, de la Fundaci\u00f3 Banc de Sabadell (proyecto C\u00e8l\u00b7lula), de La D\u00efurna y el Grec 2020<\/strong><\/p>\n<h2>C\u00c8L\u00b7LULA #2: R\u00e8quiem Nocturn. Una coreograf\u00eda de Pere Faura \/ La D\u00efurna<\/h2>\n<p>Este proyecto quiere <strong>estudiar, reapropiarse y resignificar la figura del core\u00f3grafo y cineasta Bob\u00a0Fosse<\/strong>, no solo a trav\u00e9s de la reencarnaci\u00f3n y reinterpretaci\u00f3n de parte de su obra art\u00edstica, sino tambi\u00e9n y fundamentalmente de su visi\u00f3n profesional, personal y pol\u00edtica del mundo del espect\u00e1culo y del mundo en general.<\/p>\n<p class=\"x_MsoNormal\"><span lang=\"CA\">El proyecto gira alrededor de la figura del core\u00f3grafo y director de cine <strong>Bob Fosse<\/strong>, tanto a nivel f\u00edsico como conceptual, <strong>explorando su legado en su dimensi\u00f3n art\u00edstica, profesional y personal<\/strong>. Se trabajar\u00e1 el universo f\u00edsico y po\u00e9tico de Fosse como punto de partida e inspiraci\u00f3n para crear nuevos materiales esc\u00e9nicos en los cuales resuene su influencia, pero que a la vez tambi\u00e9n la transcienda. El espect\u00e1culo no quiere ser una simple activaci\u00f3n del legado de Fosse o un mero ejercicio academicista de presentaci\u00f3n de su archivo coreogr\u00e1fico. <strong>El objetivo es, por un lado, re-visitar y versionar su trabajo coreogr\u00e1fico, en especial las danzas creadas expresamente por c\u00e1mara. Y por otro, trabajar a partir de otros materiales textuales o visuales de sus pel\u00edculas que reflexionen alrededor de la idea de vida y muerte.<\/strong><br \/>\n<\/span><\/p>\n<p class=\"x_MsoNormal\">El espect\u00e1culo tendr\u00e1 la forma de un R\u00e9quiem, con m\u00fasica, danza y palabra, formado por material esc\u00e9nico original y personal creado conjuntamente con los bailarines a partir del universo\u00a0Fosse\u00a0y de sus propias aportaciones personales.<\/p>\n<p>La creaci\u00f3n del espect\u00e1culo parte de un simple ejercicio de imaginaci\u00f3n en forma de pregunta: \u201c\u00bfC\u00f3mo ser\u00eda el trabajo de Bob\u00a0Fosse\u00a0si viviera hoy?\u201d El espect\u00e1culo, pues, desplegar\u00e1 una visi\u00f3n personal y actualizada del universo de\u00a0Fosse\u00a0a trav\u00e9s de una estructura\u00a0dramat\u00fargica\u00a0que funcionar\u00e1 como un juego de espejos entre algunas de sus coreograf\u00edas m\u00e1s emblem\u00e1ticas y su posible reflejo en la sociedad actual.<\/p>\n<p><strong>Con la colaboraci\u00f3n de la Fundaci\u00f3 Banc de Sabadell.<\/strong><\/p>\n<p><img decoding=\"async\" loading=\"lazy\" class=\"alignnone size-full wp-image-43061\" src=\"https:\/\/old.mercatflors.cat\/wp-content\/uploads\/2019\/07\/sabadellfund.png\" alt=\"\" width=\"152\" height=\"55\" \/><\/p>\n<p><iframe loading=\"lazy\" src=\"https:\/\/www.youtube.com\/embed\/3NuwHEL4v3w\" width=\"560\" height=\"315\" frameborder=\"0\" allowfullscreen=\"allowfullscreen\"><\/iframe><\/p>\n<p>&nbsp;<\/p>\n<p>Entrevistes a int\u00e8rprets<\/p>\n<p><iframe loading=\"lazy\" src=\"https:\/\/www.youtube.com\/embed\/btstbVJllOA\" width=\"560\" height=\"315\" frameborder=\"0\" allowfullscreen=\"allowfullscreen\"><\/iframe><\/p>\n<h2>Entrevista a Pere Faura alrededor de R\u00c8QUIEM NOCTURN<\/h2>\n<p><strong>Tu nueva pieza se basa en la figura de Bob Fosse. \u00bfDesde cu\u00e1ndo y por qu\u00e9 te interesa?<\/strong><br \/>\nFue a partir de la investigaci\u00f3n para <em>Sweet Tyranny<\/em>, donde trabajaba a partir de musicales de los 70 y 80 para hablar de las relaciones de poder, cuando encontr\u00e9 <em>Sweet Charity<\/em>, una pel\u00edcula del 66 bastante aburrida pero con unas coreograf\u00edas incre\u00edbles de Fosse. En una entrevista, le preguntaron cu\u00e1l era su estilo y \u00e9l explic\u00f3 que, cuando se le empez\u00f3 a caer el cabello, decidi\u00f3 ponerse un bomb\u00edn; como andaba un poco encorvado, lo a\u00f1adi\u00f3 a sus coreograf\u00edas de manera sexy; y como no ten\u00eda gentes de <em>turn out<\/em>, bailaba en paralelo o incluso adentro. Y estas tres caracter\u00edsticas se convirtieron en su estilo. Despu\u00e9s, el paso al cine le sirvi\u00f3 para investigar la parte oscura de los personajes, como <em>All that jazz<\/em> donde explica sus tres obsesiones: trabajo, sexo y drogas; tambi\u00e9n es la historia de mi vida.<\/p>\n<p><strong>En tu <em>R\u00e9quiem<\/em> hay bailarines de todas las edades.<\/strong><br \/>\nDentro lo proyecte\u00a0C\u00e8l\u00b7lula, se organiz\u00f3 un\u00a0Lab\u00a0para probar unas primeras ideas y una de las participantes fue Montse Colom\u00e9. All\u00ed naci\u00f3 una relaci\u00f3n de amor, los dos hemos tenido una trayectoria similar en relaci\u00f3n al jazz y al teatro, y con ella me di cuenta que no pod\u00eda hablar de la muerte con bailarines j\u00f3venes, blancos y heterosexuales. Finalmente son 9 int\u00e9rpretes de entre 19 y 64 a\u00f1os. De hecho, el d\u00eda del estreno Montse har\u00e1 65 a\u00f1os, la edad de jubilaci\u00f3n. Ser\u00e1 un gran adi\u00f3s para los dos, y tambi\u00e9n tiene que ver con aquello de lo que trata la pieza, la vida y la muerte: \u00bfCu\u00e1l es la vida de un bailar\u00edn? \u00bfY la de un core\u00f3grafo? \u00bfY la de una pieza?<\/p>\n<p><strong>Qu\u00e9 necesita una pieza para sobrevivir?<br \/>\n<\/strong>La asignatura pendiente es la distribuci\u00f3n. El apoyo a la creaci\u00f3n, si no se acompa\u00f1a de distribuci\u00f3n, no sirve. \u00bfPor qu\u00e9 viene\u00a0Peeping\u00a0Tom cada a\u00f1o? Porque son buenos, pero tambi\u00e9n porque son baratos, puesto que su gobierno les ayuda. Aqu\u00ed esto nos falta y, seguramente, esta pieza nacer\u00e1 y morir\u00e1 en el Mercat de les Florss, porque despu\u00e9s no habr\u00e1 nada m\u00e1s. Por eso es mi R\u00e9quiem.<\/p>\n<p><strong>Entonces, \u00bfser\u00e1 tu \u00faltima obra?<\/strong><br \/>\nS\u00ed.<\/p>\n<p><strong>\u00bfY podr\u00e1s dejar de bailar y coreografiar?<\/strong><br \/>\nYo no he dicho eso. Lo que digo es que ser\u00e1 la \u00faltima pieza producida de este modo. La danza es deficitaria y lo ser\u00e1 siempre. Yo ya he sufrido demasiado. Es como una enfermedad que tienen algunos.<\/p>\n<p><strong>Como t\u00fa.<\/strong><br \/>\nNo, yo me he curado y me interesan otras muchas cosas: la investigaci\u00f3n del lenguaje, el cuerpo, la poes\u00eda, la pol\u00edtica&#8230; Decir adi\u00f3s a la danza no es tirarme al vac\u00edo, sino un hola a un inicio fascinante. Nuestra cultura nos hace vivir de espaldas a la muerte y no valora el fracaso, pero es importante aprender a transformarse. No se trata de pasar p\u00e1gina, ahora hay que cambiar de libro.<\/p>\n<p>&nbsp;<\/p>\n<p><iframe loading=\"lazy\" src=\"https:\/\/www.youtube.com\/embed\/84h1fnPLsIM\" width=\"560\" height=\"315\" frameborder=\"0\" allowfullscreen=\"allowfullscreen\"><\/iframe><\/p>\n<p><span style=\"color: #0000ff;\"><a style=\"color: #0000ff;\" href=\"https:\/\/old.mercatflors.cat\/es\/celula\/\">&lt; Vuelve atr\u00e1s<\/a><\/span><\/p>\n","protected":false},"excerpt":{"rendered":"<p>&nbsp; &lt; Vuelve atr\u00e1s Coreograf\u00eda:\u00a0Pere Faura Int\u00e9rpretes: 10 bailarines + [&hellip;]<\/p>\n","protected":false},"author":1,"featured_media":0,"parent":0,"menu_order":0,"comment_status":"closed","ping_status":"closed","template":"","meta":[],"_links":{"self":[{"href":"https:\/\/old.mercatflors.cat\/es\/wp-json\/wp\/v2\/pages\/52398\/"}],"collection":[{"href":"https:\/\/old.mercatflors.cat\/es\/wp-json\/wp\/v2\/pages\/"}],"about":[{"href":"https:\/\/old.mercatflors.cat\/es\/wp-json\/wp\/v2\/types\/page\/"}],"author":[{"embeddable":true,"href":"https:\/\/old.mercatflors.cat\/es\/wp-json\/wp\/v2\/users\/1\/"}],"replies":[{"embeddable":true,"href":"https:\/\/old.mercatflors.cat\/es\/wp-json\/wp\/v2\/comments\/?post=52398"}],"version-history":[{"count":0,"href":"https:\/\/old.mercatflors.cat\/es\/wp-json\/wp\/v2\/pages\/52398\/revisions\/"}],"wp:attachment":[{"href":"https:\/\/old.mercatflors.cat\/es\/wp-json\/wp\/v2\/media\/?parent=52398"}],"curies":[{"name":"wp","href":"https:\/\/api.w.org\/{rel}","templated":true}]}}