{"id":52404,"date":"2021-09-15T09:00:05","date_gmt":"2021-09-15T08:00:05","guid":{"rendered":"https:\/\/old.mercatflors.cat\/?page_id=52404"},"modified":"2021-09-15T09:00:16","modified_gmt":"2021-09-15T08:00:16","slug":"cellula-1-flamingos-albert-quesada","status":"publish","type":"page","link":"https:\/\/old.mercatflors.cat\/es\/cellula-1-flamingos-albert-quesada\/","title":{"rendered":"C\u00e8l\u00b7lula #1: FLAMINGOS &#8211; Albert Quesada"},"content":{"rendered":"<p>&nbsp;<\/p>\n<p><span style=\"color: #0000ff;\"><a style=\"color: #0000ff;\" href=\"https:\/\/old.mercatflors.cat\/es\/celula\/\">&lt; Vuelve atr\u00e1s<\/a><\/span><\/p>\n<p><strong>Coreograf\u00eda y direcci\u00f3n:<\/strong> Albert Quesada<\/p>\n<p><strong>Int\u00e9rpretes:<\/strong> 8 bailarines escogidos en audici\u00f3n<\/p>\n<p><u><br \/>\nCalendario de trabajo<\/u><\/p>\n<p><strong>LAB #1:<\/strong> marzo\/abril 2018<\/p>\n<p><strong>Audici\u00f3n:<\/strong> mayo 2018<\/p>\n<p><strong>Investigaci\u00f3n:<\/strong> junio 2018<\/p>\n<p><strong>Periodos de creaci\u00f3n:<\/strong> entre diciembre 2018 y marzo 2019<\/p>\n<p><strong>Residencia:<\/strong> La Llotja de Lleida marzo 2019<\/p>\n<p><strong>Estreno:<\/strong> del 21 al 24 de marzo del 2019 Mercat de les Flors<\/p>\n<p><iframe loading=\"lazy\" width=\"500\" height=\"281\" src=\"https:\/\/www.youtube.com\/embed\/_8eGvEm7SKY?feature=oembed\" frameborder=\"0\" allow=\"accelerometer; autoplay; clipboard-write; encrypted-media; gyroscope; picture-in-picture\" allowfullscreen><\/iframe><\/p>\n<p><span style=\"color: #0000ff;\"><a style=\"color: #0000ff;\" href=\"https:\/\/old.mercatflors.cat\/es\/espectacle\/flamingos\/\">Ficha del espect\u00e1culo Flamingos en la temporada 2018-19<\/a><\/span><\/p>\n<p><span style=\"color: #0000ff;\"><a style=\"color: #0000ff;\" href=\"https:\/\/old.mercatflors.cat\/es\/espectacle\/celula-1-flamingos-2019-20\/\">Ficha del espect\u00e1culo Flamingos en la temporada 2019-20<\/a><\/span><\/p>\n<h2><strong>SOBRE FLAMINGOS<\/strong><\/h2>\n<p><em>Desde entonces he padecido (&#8230;) el denominado \u201cs\u00edndrome de Stendhal\u201d, que sobreviene cuando una persona es expuesta a una sobredosis de arte y de belleza, lo que convierte a tu coraz\u00f3n en un tambor y a tu cerebro en mantequilla derretida. La emoci\u00f3n es tan fuerte; la exaltaci\u00f3n, tan intensa, que cuando acaba, eres un pobre ser perdido y desgraciado que echaron del cielo de una patada en el trasero.<\/em><\/p>\n<p>Colita<\/p>\n<p>La emoci\u00f3n es un poder que nos atrapa cada dos pasos, ya puedes correr que te pilla, y si con toda tu fuerza de voluntad consigues que no te desv\u00ede del camino trazado, ten por seguro que lo que no podr\u00e1s evitar nunca es andar a su ritmo. Este tambor en el que se convierte el coraz\u00f3n y esta mantequilla deshecha que llevamos por cerebro -siguiendo la met\u00e1fora de\u00a0Colita\u00a0al ver bailar Carmen Amaya- es la imagen gr\u00e1fica perfecta de un poder que va m\u00e1s all\u00e1 de las palabras (que las deshace como si fueran mantequilla).<\/p>\n<p>Uno de los veh\u00edculos de este poder es la m\u00fasica: nos hace llorar, nos hace saltar, nos hace bailar. Por eso muchos core\u00f3grafos han querido desvincularse, velar por una percepci\u00f3n llena, que el espectador guarde la mantequilla muy dura dentro de su cabeza. Merce\u00a0Cunningham\u00a0en los a\u00f1os 40 fue uno de los primeros y recientemente hemos podido ver aqu\u00ed mismo dos ejemplos donde la danza era un artefacto de imposible adherencia musical: Paz Rojo y la compa\u00f1\u00eda\u00a0Batsheva; por los auriculares que llevaban los espectadores en el primer caso, y a trav\u00e9s de la repetici\u00f3n de los mismos movimientos pero con diferentes fondos sonoros, en el segundo.<\/p>\n<p>Es al contrario de lo que pasa en la m\u00fasica y el baile\u00a0flamencos, donde hay una vinculaci\u00f3n emocional que no solo es aceptada sino reforzada desde todos los \u00e1ngulos y que llega de una forma directa al p\u00fablico, de tal manera que sus explosiones emotivas forman parte del propio espect\u00e1culo. Aunque la etimolog\u00eda del t\u00e9rmino\u00a0flamenco\u00a0no est\u00e1 del todo clara, seg\u00fan Caballero Bonald tiene que ver con una palabra derivada de\u00a0<em>flamacia<\/em>, sin\u00f3nimo de fogosidad, una calidad del temperamento que se atribu\u00eda a los gitanos.<\/p>\n<p>Ahora hablamos de\u00a0<em>Flamingos<\/em>\u00a0-que no son flamencos (g\u00e9nero musical y danc\u00edstico) ni\u00a0flamencos (animal)-\u00a0sino el t\u00edtulo de la obra que estrena Albert Quesada (Barcelona, 1982).\u00a0<em>Flamingos<\/em>, flamencos y\u00a0flamencos\u00a0son tres t\u00e9rminos que a menudo se mezclan y conducen a confusiones muy divertidas. En castellano,\u00a0flamenco\u00a0es tanto el p\u00e1jaro, como la manifestaci\u00f3n cultural, mientras que el t\u00e9rmino\u00a0flamingo\u00a0no existe. En cambio, en ingl\u00e9s,\u00a0flamingo\u00a0es el p\u00e1jaro y, seguramente por la proximidad sonora y la dificultad en la pronunciaci\u00f3n de la palabra castellana, tambi\u00e9n se usa a menudo para referirse a la m\u00fasica y el baile\u00a0flamencos. Y as\u00ed vuelve a emparejarse el p\u00e1jaro blanco y rosa con el baile rojo y negro.<\/p>\n<p>Despu\u00e9s est\u00e1n los flamencos de Flandes, con los que se form\u00f3 Albert Quesada (en la escuela P.A.R.T.S. de Bruselas, y tambi\u00e9n en la Universidad de \u00c1msterdam), despu\u00e9s de los estudios de Filosof\u00eda e Ingenier\u00eda multimedia en Barcelona, y entre estos dos pulsos geogr\u00e1ficos y temperamentales contin\u00faa yendo y viniendo, creando y participando en creaciones de otros; desde 2009 especialmente junto al suizo Thomas\u00a0Hauert, de quien ha aprendido a conducir la coreograf\u00eda desde la colectividad y la\u00a0instantaneidad. Un referente que comparte con bastantes bailarines catalanes de esta generaci\u00f3n, como Mireia de Querol y\u00a0Federica\u00a0Porello, colaboradoras habituales de Quesada y que lo han seguido en su investigaci\u00f3n sobre la transferencia de estructuras musicales al movimiento del cuerpo.<\/p>\n<p>Una musicalidad incisiva que nos sorprendi\u00f3 en <em>Solo on Bach &amp; Glenn<\/em> (2005), en\u00a0<em>Wagner &amp;\u00a0Ligeti<\/em>\u00a0(2014) y por tercera vez en <em>Onetwothreeonetwo<\/em>\u00a0(2015), que fue el primer acercamiento de Quesada al\u00a0flamenco, con la colaboraci\u00f3n de Juan Carlos\u00a0L\u00e9rida. De \u00e9l disfrutamos hace 3 a\u00f1os con <em>Al\u00a0Baile<\/em>, una pieza de color rosa-flamenco-p\u00e1jaro dentro de su l\u00ednea de investigaci\u00f3n del flamenco\u00a0emp\u00edrico, que denomina as\u00ed para remarcar la voluntad de desprenderse de referentes hist\u00f3ricos y estereotipos, y partir solo de la propia experiencia para hacer aflorar las estructuras compositivas.<\/p>\n<p>La proeza de dejar que la forma se manifieste se parece a la de cabalgar un elefante. Para el psic\u00f3logo Jonathan\u00a0Haidt, nuestra parte emocional es el elefante y la parte racional su jinete, y con esta cita\u00a0\u00c9rika\u00a0Goyarrola\u00a0presentaba la exposici\u00f3n <em>Po\u00e9ticas de la emoci\u00f3n<\/em> en el Caixaforum, donde se puede ver una fotograf\u00eda de la serie sobre el\u00a0flamenco\u00a0de\u00a0Colita. La exposici\u00f3n remarca la capacidad del arte de emocionar, mostrar sentimientos y generarlos. Pero es una capacidad que no funciona solo a trav\u00e9s de la empat\u00eda; la forma puede ser emocionante por s\u00ed misma.<\/p>\n<p>Y contar con m\u00e1s bailarines permite crear formas m\u00e1s complejas en el escenario y, por lo tanto, profundizar en la emoci\u00f3n de su estructura. En <em>Flamingos<\/em>\u00a0son 8 bailarines, es la primera pieza de gran formato de Albert Quesada, impulsada y gestada dentro del proyecto C\u00e8l\u00b7lula, un contenedor de herramientas para el crecimiento y desarrollo de los profesionales que el Mercat de les Flors ha puesto en marcha esta temporada.<\/p>\n<p><strong>B\u00e0rbara Raubert, especialista en danza<\/strong><\/p>\n<p><span style=\"color: #0000ff;\"><a style=\"color: #0000ff;\" href=\"https:\/\/old.mercatflors.cat\/es\/celula\/\">&lt; Vuelve atr\u00e1s<\/a><\/span><\/p>\n","protected":false},"excerpt":{"rendered":"<p>&nbsp; &lt; Vuelve atr\u00e1s Coreograf\u00eda y direcci\u00f3n: Albert Quesada Int\u00e9rpretes: [&hellip;]<\/p>\n","protected":false},"author":1,"featured_media":39756,"parent":0,"menu_order":0,"comment_status":"closed","ping_status":"closed","template":"","meta":[],"_links":{"self":[{"href":"https:\/\/old.mercatflors.cat\/es\/wp-json\/wp\/v2\/pages\/52404\/"}],"collection":[{"href":"https:\/\/old.mercatflors.cat\/es\/wp-json\/wp\/v2\/pages\/"}],"about":[{"href":"https:\/\/old.mercatflors.cat\/es\/wp-json\/wp\/v2\/types\/page\/"}],"author":[{"embeddable":true,"href":"https:\/\/old.mercatflors.cat\/es\/wp-json\/wp\/v2\/users\/1\/"}],"replies":[{"embeddable":true,"href":"https:\/\/old.mercatflors.cat\/es\/wp-json\/wp\/v2\/comments\/?post=52404"}],"version-history":[{"count":0,"href":"https:\/\/old.mercatflors.cat\/es\/wp-json\/wp\/v2\/pages\/52404\/revisions\/"}],"wp:featuredmedia":[{"embeddable":true,"href":"https:\/\/old.mercatflors.cat\/es\/wp-json\/wp\/v2\/media\/39756\/"}],"wp:attachment":[{"href":"https:\/\/old.mercatflors.cat\/es\/wp-json\/wp\/v2\/media\/?parent=52404"}],"curies":[{"name":"wp","href":"https:\/\/api.w.org\/{rel}","templated":true}]}}