{"id":53077,"date":"2021-10-28T11:13:46","date_gmt":"2021-10-28T10:13:46","guid":{"rendered":"https:\/\/old.mercatflors.cat\/?page_id=53077"},"modified":"2022-10-25T18:49:26","modified_gmt":"2022-10-25T17:49:26","slug":"en-residencia-2021-22","status":"publish","type":"page","link":"https:\/\/old.mercatflors.cat\/es\/en-residencia-2021-22\/","title":{"rendered":"EN RESiD\u00c8NCiA"},"content":{"rendered":"<h2><strong>EN RESiD\u00c8NCiA curso 2021-22<\/strong><\/h2>\n<p><strong>Comisariado y mediaci\u00f3n Mercat de les Flors \u2013 Graner:<\/strong><\/p>\n<p><strong>Adrian Vega + alumnado de 1\u00ba de ESO &#8211; Institut Maria Espinalt<\/strong><\/p>\n<p><u>EL ARTISTA<\/u><\/p>\n<p><strong>Adri\u00e1n Vega<\/strong> es core\u00f3grafo graduado y profesor invitado en el Institut de Teatre de Barcelona.<\/p>\n<p>Su inter\u00e9s coreogr\u00e1fico reside en la hibridaci\u00f3n y la especulaci\u00f3n de los lenguajes del movimiento. En este espacio es donde se siente m\u00e1s c\u00f3modo para generar patrones de improvisaci\u00f3n y composici\u00f3n instant\u00e1nea que ha recopilado del Hip hop, la danza contempor\u00e1nea y el flamenco.<\/p>\n<p>Su trabajo se centra en la relaci\u00f3n que tenemos con el suelo, la inversi\u00f3n del cuerpo, la belleza de los efectos visuales y la exploraci\u00f3n del sonido.<\/p>\n<p><u>EL INSTITUTO<\/u><\/p>\n<p>El\u00a0<strong>Institut Maria Espinalt<\/strong> (el Poblenou, Sant Mart\u00ed) participa por quinta vez consecutiva en EN RESiD\u00c8NCiA. Anteriormente han desarrollado procesos de creaci\u00f3n Makea T\u00fa Vida, Joan Colomo, Anna Dote y Marc Villanueva. Este a\u00f1o participan con alumnos de primero de ESO.<\/p>\n<p>El Institut Maria Espinalt es un centro de secundaria de nueva creaci\u00f3n, que inici\u00f3 su trayectoria el curso 2016-2017. La voluntad del equipo promotor es crear un espacio donde el alumnado sea el centro de la actividad educativa, una actividad caracterizada por un cambio de los roles tradicionales de su comunidad.<\/p>\n<p><u>LOS PARTICIPANTES<\/u><strong>\u00a0<\/strong><\/p>\n<p><strong>Alumnos y alumnas de 1\u00ba de ESO<\/strong><\/p>\n<p><strong>P<\/strong><strong>rofesora<\/strong><\/p>\n<p>Marta Gimbert<\/p>\n<p>*****************************<\/p>\n<p>El Mercat de les Flors-Graner tambi\u00e9n est\u00e1 comisariando y mediando la residencia de S\u00f2nia G\u00f3mez y el Instituto Escuela Cerro de Roquetes, consulta toda la informaci\u00f3n <a href=\"https:\/\/granerbcn.cat\/es\/en-residencia\/\"><span style=\"color: #0000ff;\">AQU\u00cd<\/span><\/a><\/p>\n<p>M\u00e1s info y seguimiento del programa completo de EN RESiD\u00c8NCiA a\u00a0<a href=\"http:\/\/www.enresidencia.org\/\" target=\"_blank\" rel=\"noopener\">http:\/\/www.enresidencia.org\/<\/a><\/p>\n<p>EN RESiD\u00c8NCiA es un programa del Institut de Cultura de Barcelona y el Consorci d\u2019Educaci\u00f3 de Barcelona, ideado en cooperaci\u00f3n con la Associaci\u00f3 A Bao A Qu<\/p>\n<p>*****************************<\/p>\n<p><strong>CONSULTA EL MATERIAL DE A\u00d1OS ANTERIORES DEL PROYECTO EN RESiD\u00c8NCiA\u00a0<span style=\"color: #0000ff;\"><a style=\"color: #0000ff;\" href=\"https:\/\/old.mercatflors.cat\/es\/programa-en-residencia-archivo\/\">AQU\u00cd<\/a><\/span><\/strong><\/p>\n<p><iframe loading=\"lazy\" width=\"500\" height=\"281\" src=\"https:\/\/www.youtube.com\/embed\/0swwQYJQbMg?feature=oembed\" frameborder=\"0\" allow=\"accelerometer; autoplay; clipboard-write; encrypted-media; gyroscope; picture-in-picture\" allowfullscreen title=\"Adri\u00e1n Vega EN RESiD\u00c8NCiA a l\u2019Institut Maria Espinalt \u00b7 curs 21-22\"><\/iframe><\/p>\n","protected":false},"excerpt":{"rendered":"<p>EN RESiD\u00c8NCiA curso 2021-22 Comisariado y mediaci\u00f3n Mercat de les [&hellip;]<\/p>\n","protected":false},"author":1,"featured_media":0,"parent":0,"menu_order":0,"comment_status":"closed","ping_status":"closed","template":"","meta":[],"_links":{"self":[{"href":"https:\/\/old.mercatflors.cat\/es\/wp-json\/wp\/v2\/pages\/53077\/"}],"collection":[{"href":"https:\/\/old.mercatflors.cat\/es\/wp-json\/wp\/v2\/pages\/"}],"about":[{"href":"https:\/\/old.mercatflors.cat\/es\/wp-json\/wp\/v2\/types\/page\/"}],"author":[{"embeddable":true,"href":"https:\/\/old.mercatflors.cat\/es\/wp-json\/wp\/v2\/users\/1\/"}],"replies":[{"embeddable":true,"href":"https:\/\/old.mercatflors.cat\/es\/wp-json\/wp\/v2\/comments\/?post=53077"}],"version-history":[{"count":0,"href":"https:\/\/old.mercatflors.cat\/es\/wp-json\/wp\/v2\/pages\/53077\/revisions\/"}],"wp:attachment":[{"href":"https:\/\/old.mercatflors.cat\/es\/wp-json\/wp\/v2\/media\/?parent=53077"}],"curies":[{"name":"wp","href":"https:\/\/api.w.org\/{rel}","templated":true}]}}