{"id":55982,"date":"2022-06-22T16:38:16","date_gmt":"2022-06-22T15:38:16","guid":{"rendered":"https:\/\/old.mercatflors.cat\/?page_id=55982"},"modified":"2023-05-05T10:56:26","modified_gmt":"2023-05-05T09:56:26","slug":"charlas-y-dramaturgias-del-debate","status":"publish","type":"page","link":"https:\/\/old.mercatflors.cat\/es\/charlas-y-dramaturgias-del-debate\/","title":{"rendered":"CHARLAS y DRAMATURGIAS DEL DEBATE"},"content":{"rendered":"<p>&nbsp;<\/p>\n<p>Al acabar la funci\u00f3n, el Mercat invita a algunos de los core\u00f3grafos de la temporada a compartir y charlar un rato con su p\u00fablico.\u00a0Se alterna con el programa \u201cdramaturgias del debate\u201d, versiones, subversiones o perversiones de los encuentros post-funci\u00f3n entre p\u00fablico y artistas. En cada sesi\u00f3n se activar\u00e1 un juego dial\u00e9ctico diferente, una pauta de charla, con el objetivo de hablar sobre el espect\u00e1culo que se ha visto de una manera distendida, propiciando m\u00e1s interrelaci\u00f3n entre el p\u00fablico. No todos los juegos contemplan la presencia de los artistas en el debate. Dramaturgias del debate es una idea de Roberto Fratini, activada por Agost Produccions.<\/p>\n<p>Este a\u00f1o, sesiones con los artistas y alrededor de sus obras:<\/p>\n<p>MARIA ROVIRA Charlas post-funci\u00f3n matinal y funci\u00f3n tarde viernes 7 octubre<\/p>\n<p>MAL PELO Charla post-funci\u00f3n viernes 28 octubre<\/p>\n<p>FRAN\u00c7OIS CHAIGNAUD Charla post-funci\u00f3n s\u00e1bado 5 noviembre<\/p>\n<p>IVC-ASUN NOALES Charla despu\u00e9s funci\u00f3n tarde viernes 27 enero<\/p>\n<p>PHILIPPE SAIRE Charla post-funci\u00f3n viernes 27 enero\u00a0<em>(Party Room) <\/em><\/p>\n<p>METTE INGVARSTEN Charla post-funci\u00f3n viernes 3 febrero<\/p>\n<p>OLGA DE SOTO Dramaturgias del Debate s\u00e1bado 11 febrero<\/p>\n<p>JOAO LIMA Charla post-funci\u00f3n jueves 16 febrero<\/p>\n<p>AMARANTA VELARDE Charla post-funci\u00f3n viernes 24 febrero<\/p>\n<p>GISELE VI\u00c8NNE Dramaturgias del Debate viernes 17 marzo<\/p>\n<p>TAIAT DANSA Pre-funci\u00f3n CAF\u00c8 BERLIN\u00c8S s\u00e1bado 18 marzo<\/p>\n<p>N\u00daRIA GUIU Charla post-funci\u00f3n s\u00e1bado 22 abril<\/p>\n<p>ANA PI\u00a0Charla post-funci\u00f3n domingo 30 abril<\/p>\n<p>LIA RODRIGUES Charla post-funci\u00f3n viernes 28 abril <em>(Furia)<\/em><\/p>\n<p>LIA RODRIGUES Charla post-funci\u00f3n viernes 5 de mayo\u00a0<em>(Encantado)<\/em><\/p>\n<p><del>LIA RODRIGUES Dramaturgias del Debate s\u00e1bado 6 mayo<\/del> Actividad cancelada<\/p>\n<p>&nbsp;<\/p>\n<p>Actividades gratuitas<\/p>\n<p><strong>*** estas actividades est\u00e1n sujetas a modificaciones<\/strong><\/p>\n","protected":false},"excerpt":{"rendered":"<p>&nbsp; Al acabar la funci\u00f3n, el Mercat invita a algunos [&hellip;]<\/p>\n","protected":false},"author":1,"featured_media":51950,"parent":0,"menu_order":0,"comment_status":"closed","ping_status":"closed","template":"","meta":[],"_links":{"self":[{"href":"https:\/\/old.mercatflors.cat\/es\/wp-json\/wp\/v2\/pages\/55982\/"}],"collection":[{"href":"https:\/\/old.mercatflors.cat\/es\/wp-json\/wp\/v2\/pages\/"}],"about":[{"href":"https:\/\/old.mercatflors.cat\/es\/wp-json\/wp\/v2\/types\/page\/"}],"author":[{"embeddable":true,"href":"https:\/\/old.mercatflors.cat\/es\/wp-json\/wp\/v2\/users\/1\/"}],"replies":[{"embeddable":true,"href":"https:\/\/old.mercatflors.cat\/es\/wp-json\/wp\/v2\/comments\/?post=55982"}],"version-history":[{"count":0,"href":"https:\/\/old.mercatflors.cat\/es\/wp-json\/wp\/v2\/pages\/55982\/revisions\/"}],"wp:featuredmedia":[{"embeddable":true,"href":"https:\/\/old.mercatflors.cat\/es\/wp-json\/wp\/v2\/media\/51950\/"}],"wp:attachment":[{"href":"https:\/\/old.mercatflors.cat\/es\/wp-json\/wp\/v2\/media\/?parent=55982"}],"curies":[{"name":"wp","href":"https:\/\/api.w.org\/{rel}","templated":true}]}}