{"id":56238,"date":"2022-07-05T10:54:13","date_gmt":"2022-07-05T09:54:13","guid":{"rendered":"https:\/\/old.mercatflors.cat\/?page_id=56238"},"modified":"2022-07-27T11:12:08","modified_gmt":"2022-07-27T10:12:08","slug":"oferta-de-trabajo-tecnico-web-y-comunicacion-audiovisual","status":"publish","type":"page","link":"https:\/\/old.mercatflors.cat\/es\/oferta-de-trabajo-tecnico-web-y-comunicacion-audiovisual\/","title":{"rendered":"Oferta de trabajo T\u00c9CNICO WEB Y COMUNICACI\u00d3N AUDIOVISUAL"},"content":{"rendered":"<p><strong>Denominaci\u00f3n del puesto:\u00a0<\/strong>T\u00c9CNICO WEB Y COMUNICACI\u00d3N AUDIOVISUAL<\/p>\n<p><strong>Puestos ofertados:\u00a0<\/strong>1<\/p>\n<p><strong>Condicionante:\u00a0<\/strong>TEMPORAL POR CIRCUSTANCIAS DE LA PRODUCCI\u00d3N<\/p>\n<p><strong>Tiempo previsto de contrato:\u00a0<\/strong>5 meses y medio<\/p>\n<p><strong>Tipolog\u00eda:\u00a0<\/strong>T\u00c9CNICO AUXILIAR<\/p>\n<p><strong>Fecha de incorporaci\u00f3n prevista:\u00a0<\/strong>1 de setiembre de 2022<\/p>\n<p><strong>Fecha de finalizaci\u00f3n prevista:\u00a0<\/strong>15 de febrero de 2022<\/p>\n<p><strong>Jornada:\u00a0<\/strong>Completa (media de 37,5 horas semanales)<\/p>\n<p><strong>Fecha de publicaci\u00f3n:\u00a0<\/strong>4 de julio de 2022<\/p>\n<p><strong>Fecha l\u00edmite de presentaci\u00f3n de instancias: <\/strong>14 de julio de 2022 a las 14:00 horas<\/p>\n<p><strong>Contacto:<\/strong>\u00a0<a href=\"mailto:rrhh@mercatflors.cat\">rrhh@mercatflors.cat<\/a><\/p>\n<p><strong>Documentos:<\/strong><\/p>\n<p><span style=\"color: #0000ff;\"><a style=\"color: #0000ff;\" href=\"https:\/\/old.mercatflors.cat\/wp-content\/uploads\/2022\/07\/3-OF-DE-TREBALL_T\u00e8cnic-web-i-com.-audiovisual.pdf\">Bases de la oferta<\/a><\/span><\/p>\n<p><span style=\"color: #0000ff;\"><a style=\"color: #0000ff;\" href=\"https:\/\/old.mercatflors.cat\/mdlfrrhh\/oferta\/tecnic_web_i_comunicacio_audiovisual\/\">Formulario de inscripci\u00f3n<\/a><\/span><\/p>\n<p><span style=\"color: #0000ff;\"><a style=\"color: #0000ff;\" href=\"https:\/\/old.mercatflors.cat\/wp-content\/uploads\/2022\/07\/7-Relacio-PROVISIONAL-admesos-i-exclosos-TWiCD.pdf\">Relaci\u00f3n provisional de admitidos y excluidos<\/a><\/span><\/p>\n<p><span style=\"color: #0000ff;\"><a style=\"color: #0000ff;\" href=\"https:\/\/old.mercatflors.cat\/wp-content\/uploads\/2022\/07\/7.2-Relaci\u00f3-DEFINITIVA-admesos-i-exclosos-AV.pdf\">Relaci\u00f3n DEFINITIVA admitidos y excluidos<\/a><\/span><\/p>\n<p><span style=\"color: #0000ff;\"><a style=\"color: #0000ff;\" href=\"https:\/\/old.mercatflors.cat\/wp-content\/uploads\/2022\/07\/8-Constituci\u00f3-del-Tribunal-AV.pdf\">Constituci\u00f3n del Tribunal<\/a><\/span><\/p>\n<p><span style=\"color: #0000ff;\"><a style=\"color: #0000ff;\" href=\"https:\/\/old.mercatflors.cat\/wp-content\/uploads\/2022\/07\/9-Convocat\u00f2ria-prova-oposici\u00f3-AV.pdf\">Convocatoria prueba oposici\u00f3n<\/a><\/span><\/p>\n<p><span style=\"color: #0000ff;\"><a style=\"color: #0000ff;\" href=\"https:\/\/old.mercatflors.cat\/wp-content\/uploads\/2022\/07\/10-Resultats-prova-oposici\u00f3-TW-CA.pdf\">Resultados prueba oposici\u00f3n<\/a><\/span><\/p>\n<p><span style=\"color: #0000ff;\"><a style=\"color: #0000ff;\" href=\"https:\/\/old.mercatflors.cat\/wp-content\/uploads\/2022\/07\/11-Informe-valoraci\u00f3-de-m\u00e8rits.pdf\">Informe valoraci\u00f3n de m\u00e9ritos<\/a><\/span><\/p>\n<p><span style=\"color: #0000ff;\"><a style=\"color: #0000ff;\" href=\"https:\/\/old.mercatflors.cat\/wp-content\/uploads\/2022\/07\/12-Informe-valoraci\u00f3-entrevista-i-proposta-contractaci\u00f3.pdf\">Informe valoraci\u00f3n entrevista y propuesta contrataci\u00f3n<\/a><\/span><\/p>\n","protected":false},"excerpt":{"rendered":"<p>Denominaci\u00f3n del puesto:\u00a0T\u00c9CNICO WEB Y COMUNICACI\u00d3N AUDIOVISUAL Puestos ofertados:\u00a01 Condicionante:\u00a0TEMPORAL [&hellip;]<\/p>\n","protected":false},"author":1,"featured_media":0,"parent":0,"menu_order":0,"comment_status":"closed","ping_status":"closed","template":"","meta":[],"_links":{"self":[{"href":"https:\/\/old.mercatflors.cat\/es\/wp-json\/wp\/v2\/pages\/56238\/"}],"collection":[{"href":"https:\/\/old.mercatflors.cat\/es\/wp-json\/wp\/v2\/pages\/"}],"about":[{"href":"https:\/\/old.mercatflors.cat\/es\/wp-json\/wp\/v2\/types\/page\/"}],"author":[{"embeddable":true,"href":"https:\/\/old.mercatflors.cat\/es\/wp-json\/wp\/v2\/users\/1\/"}],"replies":[{"embeddable":true,"href":"https:\/\/old.mercatflors.cat\/es\/wp-json\/wp\/v2\/comments\/?post=56238"}],"version-history":[{"count":0,"href":"https:\/\/old.mercatflors.cat\/es\/wp-json\/wp\/v2\/pages\/56238\/revisions\/"}],"wp:attachment":[{"href":"https:\/\/old.mercatflors.cat\/es\/wp-json\/wp\/v2\/media\/?parent=56238"}],"curies":[{"name":"wp","href":"https:\/\/api.w.org\/{rel}","templated":true}]}}