{"id":56397,"date":"2022-07-18T17:08:52","date_gmt":"2022-07-18T16:08:52","guid":{"rendered":"https:\/\/old.mercatflors.cat\/?page_id=56397"},"modified":"2022-07-19T10:45:09","modified_gmt":"2022-07-19T09:45:09","slug":"programas-educativos-0-18-2022-23","status":"publish","type":"page","link":"https:\/\/old.mercatflors.cat\/es\/programas-educativos-0-18-2022-23\/","title":{"rendered":"Programas educativos: 0-18 2022-23"},"content":{"rendered":"<p>&nbsp;<\/p>\n<p>Desde aquel est\u00edmulo que nos hace mover, desde la propia motivaci\u00f3n y admiraci\u00f3n por el movimiento y la danza, os presentamos nuestra programaci\u00f3n educativa, que acoge a toda la comunidad educativa y que quiere ser un espacio de confianza para expresarse y bailar. Un espacio art\u00edstico, c\u00f3modo y amable donde las emociones forman parte de la experiencia de ser espectador.<\/p>\n<p>La emoci\u00f3n, que etimol\u00f3gicamente quiere decir \u201cmover hacia afuera\u201d, nos permite explicar desde el propio movimiento la experiencia vivida. Una emoci\u00f3n que reverbera en nuestro cuerpo y que nos acompa\u00f1a a seguir comprendiendo el espect\u00e1culo (y cautivarnos), que nos abre la mirada y que nos ayuda a leer el arte.<\/p>\n<p>Nos es importante procurar a los peque\u00f1os y j\u00f3venes una experiencia esc\u00e9nica y art\u00edstica y sentirla desde todas las \u00f3pticas, desde la f\u00edsica, la est\u00e9tica, la \u00e9tica y la emocional.., sin pretender nada m\u00e1s que compartir y recordar un viaje especial y \u00fanico.<\/p>\n<p>Presentamos todos estos espect\u00e1culos no solamente con el objetivo de poner en valor el movimiento y la danza si no tambi\u00e9n para facilitar este espacio de encuentro para compartir, conectar y dialogar con las emociones.<\/p>\n<ul>\n<li><a href=\"https:\/\/old.mercatflors.cat\/es\/ciclesifestivals\/bressol-infantil-0-5-2022-23\/\"><strong>BRESSOL \/ INFANTIL (0-5)<\/strong>Propuestas cuidadas y bordadas desde la consciencia de dar espacio al ni\u00f1o\/a en sus primeras aproximaciones a la danza<\/a><\/li>\n<li><a href=\"https:\/\/old.mercatflors.cat\/es\/ciclesifestivals\/primaria-6-12-2022-23\/\"><strong>PRIMARIA 6-12<\/strong>Un programa que abre miradas y comparte espacios con la comunidad educativa, con propuestas esc\u00e9nicas y en el aula para resignificar los espacios escolares<\/a><\/li>\n<li><a href=\"https:\/\/old.mercatflors.cat\/ciclesifestivals\/12-18-educacio-secundaria-batxillerat-i-cicles-formatius-grada-jove-2022-23\/\"><strong>SECUNDARIA, BACHILLERATO Y CF (12-18) &#8211; GRADA JOVEN<\/strong>Espect\u00e1culos de la temporada, ofrecidos en horario matinal, de gran inter\u00e9s para j\u00f3venes y profesores<\/a><\/li>\n<li><a href=\"https:\/\/old.mercatflors.cat\/eines-i-recursos-2020-21\/\"><strong>M\u00c9S RECURSOS<\/strong>Per a alumnes i mestres<\/a><\/li>\n<\/ul>\n<h2><strong>INSCRIPCIONES ESCOLARES<\/strong><\/h2>\n<p>Inscripciones a los espect\u00e1culos 2022-2023: <span style=\"color: #0000ff;\"><a style=\"color: #0000ff;\" href=\"http:\/\/www.barcelona.cat\/ccp\">www.barcelona.cat\/ccp<\/a><\/span>\u00a0(a partir del jueves 1\u00a0de setiembre a las 9h)<\/p>\n<p>Desc\u00e1rgate\u00a0<a href=\"https:\/\/old.mercatflors.cat\/wp-content\/uploads\/2022\/07\/MDLF_Flyer_Educatiu_v6.pdf\"><strong><span style=\"color: #0000ff;\">AQU\u00cd<\/span> <\/strong><\/a>el desplegable de Educativos 0-18<\/p>\n<p>M\u00e1s informaci\u00f3n: <a href=\"mailto:educatius@mercatflors.cat\"><span style=\"color: #0000ff;\">educatius@mercatflors.cat<span style=\"color: #000000;\"> \/ 9<\/span><\/span><\/a><span style=\"color: #000000;\">3 301 00 60<\/span><\/p>\n","protected":false},"excerpt":{"rendered":"<p>&nbsp; Desde aquel est\u00edmulo que nos hace mover, desde la [&hellip;]<\/p>\n","protected":false},"author":1,"featured_media":55098,"parent":0,"menu_order":0,"comment_status":"closed","ping_status":"closed","template":"template-blocs-grocs.php","meta":[],"_links":{"self":[{"href":"https:\/\/old.mercatflors.cat\/es\/wp-json\/wp\/v2\/pages\/56397\/"}],"collection":[{"href":"https:\/\/old.mercatflors.cat\/es\/wp-json\/wp\/v2\/pages\/"}],"about":[{"href":"https:\/\/old.mercatflors.cat\/es\/wp-json\/wp\/v2\/types\/page\/"}],"author":[{"embeddable":true,"href":"https:\/\/old.mercatflors.cat\/es\/wp-json\/wp\/v2\/users\/1\/"}],"replies":[{"embeddable":true,"href":"https:\/\/old.mercatflors.cat\/es\/wp-json\/wp\/v2\/comments\/?post=56397"}],"version-history":[{"count":0,"href":"https:\/\/old.mercatflors.cat\/es\/wp-json\/wp\/v2\/pages\/56397\/revisions\/"}],"wp:featuredmedia":[{"embeddable":true,"href":"https:\/\/old.mercatflors.cat\/es\/wp-json\/wp\/v2\/media\/55098\/"}],"wp:attachment":[{"href":"https:\/\/old.mercatflors.cat\/es\/wp-json\/wp\/v2\/media\/?parent=56397"}],"curies":[{"name":"wp","href":"https:\/\/api.w.org\/{rel}","templated":true}]}}