{"id":56459,"date":"2022-07-19T13:43:29","date_gmt":"2022-07-19T12:43:29","guid":{"rendered":"https:\/\/old.mercatflors.cat\/?page_id=56459"},"modified":"2022-07-19T13:45:34","modified_gmt":"2022-07-19T12:45:34","slug":"proyectos-educativos-en-colaboracion-2022-23","status":"publish","type":"page","link":"https:\/\/old.mercatflors.cat\/es\/proyectos-educativos-en-colaboracion-2022-23\/","title":{"rendered":"Proyectos educativos en colaboraci\u00f3n"},"content":{"rendered":"<p>&nbsp;<\/p>\n<p>La escena actual es tan diversa como cada uno de sus creadores que nos proponen experiencias \u00fanicas, f\u00edsicas y trasladadas a la piel. Queremos<strong> acercar a los alumnos a estas perspectivas del hecho art\u00edstico<\/strong>, desde fuera de las aulas a trav\u00e9s de las obras llevadas al escenario, al tiempo <strong>introducir la creaci\u00f3n de autor<\/strong> dentro de los centros escolares con proyectos consolidados, donde los j\u00f3venes de secundaria participan de <strong>procesos de creaci\u00f3n y experimentaci\u00f3n en el aula<\/strong>.<\/p>\n<p>Con esta doble v\u00eda jugamos con <strong>pedagog\u00edas de acci\u00f3n<\/strong> que consideramos fundamentales para la ense\u00f1anza y la danza en su d\u00eda a d\u00eda. Situamos la <strong>creaci\u00f3n<\/strong> como parte de un programa global que tambi\u00e9n da otros recursos a los maestros mediante talleres de cuerpo, formaci\u00f3n permanente o maletas de herramientas para <strong>introducir la danza en el aula<\/strong>.<\/p>\n<p>&nbsp;<\/p>\n<ul>\n<li><a href=\"https:\/\/old.mercatflors.cat\/es\/cuerpo-y-movimiento-0-3\/\"><strong>Cuerpo y Movimiento 0-3<\/strong>Espect\u00e1culos, laboratorios en el aula y talleres para las guarder\u00edas organizados con el Instituto de Educaci\u00f3n de Barcelona<\/a><\/li>\n<li><a href=\"https:\/\/old.mercatflors.cat\/es\/proyecto-tot-dansa-2022\/\"><strong>Tot Dansa<\/strong>Acerca la danza contempor\u00e1nea al alumnado de centros p\u00fablicos de ense\u00f1anza secundaria y bachillerato de la ciudad de Barcelona<\/a><\/li>\n<li><a href=\"https:\/\/old.mercatflors.cat\/es\/proyecto-tots-dansen-red\/\"><strong>Tots Dansen<\/strong>Dirigido a centros de ense\u00f1anza secundaria, esta propuesta favorece la participaci\u00f3n del ciudadano y el conocimiento de la danza en Catalu\u00f1a<\/a><\/li>\n<li><a href=\"https:\/\/old.mercatflors.cat\/es\/programa-en-residencia-red\/\"><strong>Creadors En Resid\u00e8ncia<\/strong>Introduce la creaci\u00f3n contempor\u00e1nea a los centros p\u00fablicos de educaci\u00f3n secundaria de la ciudad, a trav\u00e9s del contacto directo y continuado de un\/a creador\/a con los estudiantes<\/a><\/li>\n<li><a href=\"https:\/\/old.mercatflors.cat\/es\/mapa-de-ball\/\"><strong>Mapadeball<\/strong>Un programa propio que sigue los par\u00e1metros del ya consolidado Tots Dansen Catalunya<\/a><\/li>\n<li><a href=\"https:\/\/old.mercatflors.cat\/es\/activitat\/encuentros-de-danza-en-la-escuela-2022\/\"><strong>Encuentros de danza en la escuela<\/strong>Un programa de educaci\u00f3n art\u00edstica y cultural en danza por Catalu\u00f1a<\/a><\/li>\n<li><a href=\"https:\/\/old.mercatflors.cat\/es\/caja-de-herramientas-2022-23\/\"><strong>Caja de Herramientas<\/strong>Un programa de cultura y educaci\u00f3n del Pla de Barris 2021-2024-Ajuntament de Barcelona<\/a><\/li>\n<li><a href=\"https:\/\/old.mercatflors.cat\/es\/proyectos-anteriores\/\"><strong>Proyectos anteriores<\/strong><\/a><\/li>\n<\/ul>\n","protected":false},"excerpt":{"rendered":"<p>&nbsp; La escena actual es tan diversa como cada uno [&hellip;]<\/p>\n","protected":false},"author":1,"featured_media":31055,"parent":0,"menu_order":0,"comment_status":"closed","ping_status":"closed","template":"template-blocs-grocs.php","meta":[],"_links":{"self":[{"href":"https:\/\/old.mercatflors.cat\/es\/wp-json\/wp\/v2\/pages\/56459\/"}],"collection":[{"href":"https:\/\/old.mercatflors.cat\/es\/wp-json\/wp\/v2\/pages\/"}],"about":[{"href":"https:\/\/old.mercatflors.cat\/es\/wp-json\/wp\/v2\/types\/page\/"}],"author":[{"embeddable":true,"href":"https:\/\/old.mercatflors.cat\/es\/wp-json\/wp\/v2\/users\/1\/"}],"replies":[{"embeddable":true,"href":"https:\/\/old.mercatflors.cat\/es\/wp-json\/wp\/v2\/comments\/?post=56459"}],"version-history":[{"count":0,"href":"https:\/\/old.mercatflors.cat\/es\/wp-json\/wp\/v2\/pages\/56459\/revisions\/"}],"wp:featuredmedia":[{"embeddable":true,"href":"https:\/\/old.mercatflors.cat\/es\/wp-json\/wp\/v2\/media\/31055\/"}],"wp:attachment":[{"href":"https:\/\/old.mercatflors.cat\/es\/wp-json\/wp\/v2\/media\/?parent=56459"}],"curies":[{"name":"wp","href":"https:\/\/api.w.org\/{rel}","templated":true}]}}