{"id":56762,"date":"2022-09-13T16:18:50","date_gmt":"2022-09-13T15:18:50","guid":{"rendered":"https:\/\/old.mercatflors.cat\/?page_id=56762"},"modified":"2022-10-28T11:31:13","modified_gmt":"2022-10-28T10:31:13","slug":"concurso-equipo-artistico-tot-dansa-2023","status":"publish","type":"page","link":"https:\/\/old.mercatflors.cat\/es\/concurso-equipo-artistico-tot-dansa-2023\/","title":{"rendered":"Concurso equipo art\u00edstico TOT DANSA 2023"},"content":{"rendered":"<p>El proyecto educativo TOT DANSA, dirigido a los centros de educaci\u00f3n secundaria y promovido por el Institut de Cultura \u2013 Ajuntament de Barcelona, el Institut del Teatre \u2013 Diputaci\u00f3 de Barcelona y el Consorci Mercat de les Flors, pone en marcha una nueva edici\u00f3n y convoca el concurso para seleccionar la direcci\u00f3n art\u00edstica.<\/p>\n<p>El TOT DANSA tiene el objetivo de acercar la danza a los j\u00f3venes y se presenta como una herramienta educativa y de formaci\u00f3n para el profesorado y sobre todo como una vivencia y experiencia positiva, tanto personal como colectiva, para el alumnado adolescente. Se despliega durante el curso escolar, con una muestra final que tiene lugar en el escenario del Mercat de les Flors el mes de mayo. Por sus dimensiones y estructura, a partir del actual curso 22\/23, las entidades impulsoras consideran la necesidad de abrir la direcci\u00f3n art\u00edstica del proyecto a un equipo de dos personas.<\/p>\n<p><em>El plazo de presentaci\u00f3n de propuestas acaba el jueves 29 de setiembre a las 14 horas.<\/em><\/p>\n<p><span style=\"color: #0000ff;\"><a style=\"color: #0000ff;\" href=\"https:\/\/old.mercatflors.cat\/wp-content\/uploads\/2022\/09\/BASES-Concurs-selecci%C3%B3-equip-art%C3%ADstic-Tot-Dansa-2023.pdf\"><u>Consulta las bases del concurso aqu\u00ed<\/u><\/a><\/span><\/p>\n<p><span style=\"color: #0000ff;\"><a style=\"color: #0000ff;\" href=\"https:\/\/old.mercatflors.cat\/mdlfrrhh\/beca\/concurs_tot_dansa_2023\/\"><u>Formulario de inscripci\u00f3n<\/u><\/a><\/span><\/p>\n<p><span style=\"color: #0000ff;\"><a style=\"color: #0000ff;\" href=\"https:\/\/old.mercatflors.cat\/wp-content\/uploads\/2022\/10\/Resolucio\u0301-Comissio\u0301-TD-23-Fase-I.pdf\"><u>Resoluci\u00f3n Comisi\u00f3n FASE I Tot Dansa 2023<\/u><\/a><\/span><\/p>\n<p><span style=\"color: #0000ff;\"><a style=\"color: #0000ff;\" href=\"https:\/\/old.mercatflors.cat\/wp-content\/uploads\/2022\/10\/Resolucio\u0301-FINAL-Comissio\u0301-TD-2310.pdf\"><u>Resoluci\u00f3n FINAL Comisi\u00f3n Tot Dansa 2023<\/u><\/a><\/span><\/p>\n","protected":false},"excerpt":{"rendered":"<p>El proyecto educativo TOT DANSA, dirigido a los centros de [&hellip;]<\/p>\n","protected":false},"author":1,"featured_media":0,"parent":0,"menu_order":0,"comment_status":"closed","ping_status":"closed","template":"","meta":[],"_links":{"self":[{"href":"https:\/\/old.mercatflors.cat\/es\/wp-json\/wp\/v2\/pages\/56762\/"}],"collection":[{"href":"https:\/\/old.mercatflors.cat\/es\/wp-json\/wp\/v2\/pages\/"}],"about":[{"href":"https:\/\/old.mercatflors.cat\/es\/wp-json\/wp\/v2\/types\/page\/"}],"author":[{"embeddable":true,"href":"https:\/\/old.mercatflors.cat\/es\/wp-json\/wp\/v2\/users\/1\/"}],"replies":[{"embeddable":true,"href":"https:\/\/old.mercatflors.cat\/es\/wp-json\/wp\/v2\/comments\/?post=56762"}],"version-history":[{"count":0,"href":"https:\/\/old.mercatflors.cat\/es\/wp-json\/wp\/v2\/pages\/56762\/revisions\/"}],"wp:attachment":[{"href":"https:\/\/old.mercatflors.cat\/es\/wp-json\/wp\/v2\/media\/?parent=56762"}],"curies":[{"name":"wp","href":"https:\/\/api.w.org\/{rel}","templated":true}]}}