{"id":57135,"date":"2022-10-20T12:20:14","date_gmt":"2022-10-20T11:20:14","guid":{"rendered":"https:\/\/old.mercatflors.cat\/?page_id=57135"},"modified":"2022-12-23T15:13:54","modified_gmt":"2022-12-23T14:13:54","slug":"convocatoria-de-ayudas-a-la-creacion-2023-de-el-graner-fabrica-de-creacio","status":"publish","type":"page","link":"https:\/\/old.mercatflors.cat\/es\/convocatoria-de-ayudas-a-la-creacion-2023-de-el-graner-fabrica-de-creacio\/","title":{"rendered":"CONVOCATORIA DE AYUDAS A LA CREACI\u00d3N 2023 DE EL GRANER, F\u00c0BRICA DE CREACI\u00d3"},"content":{"rendered":"<p><strong>Fecha l\u00edmite de presentaci\u00f3n de solicitudes: 03\/11\/2022 (14h)<\/strong><\/p>\n<p>El Graner abre una nueva convocatoria de apoyo para proyectos en residencia desde enero a diciembre de 2023. Esta convocatoria va dirigida a artistas, colectivos, y otros profesionales, locales e internacionales, que trabajen en las \u00e1reas de la danza y las artes vivas, y que desarrollen propuestas de creaci\u00f3n o de investigaci\u00f3n en diferentes tipos de modalidades.<\/p>\n<p>La convocatoria de residencias 2023 se articula en seis modalidades diferentes:<\/p>\n<ul>\n<li>\u00b7 Modalidad A: Artista Asociado\/da<\/li>\n<li>\u00b7 Modalidad B: Creaci\u00f3n<\/li>\n<li>\u00b7 Modalidad C: Investigaci\u00f3n<\/li>\n<li>\u00b7 Modalidad D: Investigaci\u00f3n en espacio esc\u00e9nico<\/li>\n<li>\u00b7 Modalidad E: Artistas emergentes<\/li>\n<li>\u00b7 Modalidad F: Metodolog\u00edas pr\u00e1cticas\n<ul>\n<li><span style=\"color: #ffffff;\">\u00b7\u00b7\u00b7<\/span> -&gt;F1: Comunidad profesional<\/li>\n<li><span style=\"color: #ffffff;\">\u00b7\u00b7\u00b7<\/span> -&gt;F2: Comunidad no profesional<\/li>\n<\/ul>\n<\/li>\n<\/ul>\n<p>BASES DE LA CONVOCATORIA<\/p>\n<p>Un mismo artista puede aplicar a un m\u00e1ximo de dos modalidades, pero en caso de ser aceptado, s\u00f3lo podr\u00e1 obtener una de las ayudas.<\/p>\n<p>Las solicitudes se podr\u00e1n presentar desde el momento de la publicaci\u00f3n de la presente convocatoria <strong>hasta el d\u00eda 3 de noviembre de 2022 (14h hora Barcelona)<\/strong>. La solicitud se presentar\u00e1 de forma telem\u00e1tica a trav\u00e9s de los siguientes formularios, seg\u00fan cada modalidad:<\/p>\n<p>Modalidad A- Artista asociada:<br \/>\n<span style=\"color: #0000ff;\"><a style=\"color: #0000ff;\" href=\"https:\/\/old.mercatflors.cat\/mdlfrrhh\/beca\/formulari-convocatoria-ajudes-artista-associada-graner-2023\/\">https:\/\/old.mercatflors.cat\/mdlfrrhh\/beca\/formulari-convocatoria-ajudes-artista-associada-graner-2023\/<\/a><\/span><\/p>\n<p>Modalidad B \u2013 Creaci\u00f3n:<br \/>\n<span style=\"color: #0000ff;\"><a style=\"color: #0000ff;\" href=\"https:\/\/old.mercatflors.cat\/mdlfrrhh\/beca\/formulari-convocatoria-ajudes-creacio-graner-2023\/\">https:\/\/old.mercatflors.cat\/mdlfrrhh\/beca\/formulari-convocatoria-ajudes-creacio-graner-2023\/<\/a><\/span><\/p>\n<p>Modalidad C \u2013 Investigaci\u00f3n:<br \/>\n<span style=\"color: #0000ff;\"><a style=\"color: #0000ff;\" href=\"https:\/\/old.mercatflors.cat\/mdlfrrhh\/beca\/formulari-convocatoria-ajudes-investigacio-graner-2023\/\">https:\/\/old.mercatflors.cat\/mdlfrrhh\/beca\/formulari-convocatoria-ajudes-investigacio-graner-2023\/<\/a><\/span><\/p>\n<p>Modalidad D \u2013 Investigaci\u00f3n en espacio esc\u00e9nico:<br \/>\n<span style=\"color: #0000ff;\"><a style=\"color: #0000ff;\" href=\"https:\/\/old.mercatflors.cat\/mdlfrrhh\/beca\/formulari-convocatoria-ajudes-investigacio-espai-escenic-graner-2023\/\">https:\/\/old.mercatflors.cat\/mdlfrrhh\/beca\/formulari-convocatoria-ajudes-investigacio-espai-escenic-graner-2023\/<\/a><\/span><\/p>\n<p>Modalidad E \u2013 Artistas emergentes:<br \/>\n<span style=\"color: #0000ff;\"><a style=\"color: #0000ff;\" href=\"https:\/\/old.mercatflors.cat\/mdlfrrhh\/beca\/formulari-convocatoria-ajudes-emergents-graner-2023\/\">https:\/\/old.mercatflors.cat\/mdlfrrhh\/beca\/formulari-convocatoria-ajudes-emergents-graner-2023\/<\/a><\/span><\/p>\n<p>Modalidad F \u2013 Metodolog\u00edas pr\u00e1cticas:<br \/>\n<span style=\"color: #0000ff;\"><a style=\"color: #0000ff;\" href=\"https:\/\/old.mercatflors.cat\/mdlfrrhh\/beca\/formulari-convocatoria-ajudes-metodologies-practiques-graner-2023\/\">https:\/\/old.mercatflors.cat\/mdlfrrhh\/beca\/formulari-convocatoria-ajudes-metodologies-practiques-graner-2023\/<\/a><\/span><\/p>\n<p>Si ten\u00e9is alguna duda pod\u00e9is escribir a <span style=\"color: #0000ff;\"><a style=\"color: #0000ff;\" href=\"ajutscreacio@mercatflors.cat\">ajutscreacio@mercatflors.cat<\/a><\/span><\/p>\n<p><strong>Documentos:<\/strong><\/p>\n<p><a href=\"https:\/\/old.mercatflors.cat\/wp-content\/uploads\/2022\/10\/BasesConvo-Residents-2023_CAST_PUBLICAR.pdf\"><span style=\"color: #0000ff;\">Bases generales concesi\u00f3n ayudas y becas<\/span><\/a><\/p>\n<p><a href=\"https:\/\/old.mercatflors.cat\/wp-content\/uploads\/2022\/11\/Llistat-provisional-admesos-i-exclosos-Ajuts-a-la-Creaci\u00f3n-2023.pdf\"><span style=\"color: #0000ff;\">Listado provisional admitidos y excluidos<\/span><\/a><\/p>\n<p><a href=\"https:\/\/old.mercatflors.cat\/wp-content\/uploads\/2022\/11\/Llistat-definitiu-admesos-i-exclosos-Ajuts-a-la-Creaci\u00f3n-2023.pdf\"><span style=\"color: #0000ff;\">Listado definitivo admitidos y excluidos<\/span><\/a><\/p>\n<p><a href=\"https:\/\/old.mercatflors.cat\/wp-content\/uploads\/2022\/12\/Resolucio%CC%81-provisional-ajuts-a-la-creacio%CC%81-El-Graner-2023.pdf\"><span style=\"color: #0000ff;\">Resoluci\u00f3n provisional ayudas a la creaci\u00f3n El Graner 2023<\/span><\/a><\/p>\n","protected":false},"excerpt":{"rendered":"<p>Fecha l\u00edmite de presentaci\u00f3n de solicitudes: 03\/11\/2022 (14h) El Graner [&hellip;]<\/p>\n","protected":false},"author":1,"featured_media":0,"parent":0,"menu_order":0,"comment_status":"closed","ping_status":"closed","template":"","meta":[],"_links":{"self":[{"href":"https:\/\/old.mercatflors.cat\/es\/wp-json\/wp\/v2\/pages\/57135\/"}],"collection":[{"href":"https:\/\/old.mercatflors.cat\/es\/wp-json\/wp\/v2\/pages\/"}],"about":[{"href":"https:\/\/old.mercatflors.cat\/es\/wp-json\/wp\/v2\/types\/page\/"}],"author":[{"embeddable":true,"href":"https:\/\/old.mercatflors.cat\/es\/wp-json\/wp\/v2\/users\/1\/"}],"replies":[{"embeddable":true,"href":"https:\/\/old.mercatflors.cat\/es\/wp-json\/wp\/v2\/comments\/?post=57135"}],"version-history":[{"count":0,"href":"https:\/\/old.mercatflors.cat\/es\/wp-json\/wp\/v2\/pages\/57135\/revisions\/"}],"wp:attachment":[{"href":"https:\/\/old.mercatflors.cat\/es\/wp-json\/wp\/v2\/media\/?parent=57135"}],"curies":[{"name":"wp","href":"https:\/\/api.w.org\/{rel}","templated":true}]}}