{"id":57354,"date":"2022-11-02T15:31:53","date_gmt":"2022-11-02T14:31:53","guid":{"rendered":"https:\/\/old.mercatflors.cat\/?page_id=57354"},"modified":"2022-11-02T15:32:07","modified_gmt":"2022-11-02T14:32:07","slug":"en-residencia-2022-23","status":"publish","type":"page","link":"https:\/\/old.mercatflors.cat\/es\/en-residencia-2022-23\/","title":{"rendered":"EN RESiD\u00c8NCiA"},"content":{"rendered":"<h2><strong>EN RESiD\u00c8NCiA curso 2022-23<\/strong><\/h2>\n<p><strong>Comisariado y mediaci\u00f3n Mercat de les Flors \u2013 Graner:<\/strong><\/p>\n<p><strong>Miquel Barcelona + alumnado de 2\u00ba de ESO &#8211; Institut Dolors Aleu<\/strong><\/p>\n<p><u>EL ARTISTA<\/u><\/p>\n<p>De talante abierto y trayectoria multidisciplinaria, <strong>Miquel Barcelona<\/strong> cuenta con 20 a\u00f1os de experiencia profesional en el mundo de la danza, la gesti\u00f3n y las artes esc\u00e9nicas, trabajando en proyectos y artistas (locales, nacionales e internacionales) como\u00a0Carolyn\u00a0Carlson, Juan\u00a0Kruz\u00a0de\u00a0Garaio\u00a0Esnaola, Dar\u00edo\u00a0Fo, \u00c0lex\u00a0Rigola,\u00a0Cobosmika\u00a0Company, Laura Vilar,\u00a0nunArt,\u00a0nilak, La Turbo, entre muchos otros. El 2017 funda su propia compa\u00f1\u00eda de la qu\u00e9 destacan creaciones como \u201c[<em>k\u00f3rps<\/em>]\u201d, \u201c<em>parr\u00e0<\/em>\u201d\u00a0o \u201c<em>rojos<\/em>\u201d. Actualmente, la compa\u00f1\u00eda gira las diferentes piezas y se encuentra en el proceso de investigaci\u00f3n del proyecto <em>Contracultura<\/em>.<\/p>\n<p>Su trabajo se centra en la pr\u00e1ctica f\u00edsica y el cuerpo como espacio de conocimiento, entrenamiento, movimiento y utop\u00eda.<\/p>\n<p><u>EL INSTITUTO<\/u><\/p>\n<div class=\"traductor-textarea form-group\">\n<div class=\"textarea-desti col-xs-12 col-sm-6\">\n<div class=\"form-control second-textarea\">\n<p>El <strong>Instituto Dolors Aleu<\/strong> (Navas, San Andreu) participa por sexta vez consecutiva en En Resid\u00e8ncia; de nuevo, con alumnos de segundo de ESO y consolidando los v\u00ednculos con la creaci\u00f3n contempor\u00e1nea en artes esc\u00e9nicas.<\/p>\n<p>El antiguo Instituto Joan Fuster se cre\u00f3 el 1995 adoptando el nombre de uno de los intelectuales valencianos m\u00e1s destacados del siglo XX. Ocupa el antiguo edificio del Colegio Juan Bosco, junto a la caracter\u00edstica iglesia hom\u00f3nima proyectada en la avenida Meridiana por los arquitectos Ricard Sancho Beltran i Francesc Escudero\u00a0Ribot\u00a0a mediados de la d\u00e9cada de los setenta.<\/p>\n<\/div>\n<\/div>\n<\/div>\n<p><u>LOS PARTICIPANTES<\/u><strong>\u00a0<\/strong><\/p>\n<p><strong>Alumnos y alumnas de 2\u00ba de ESO<\/strong><\/p>\n<p><strong>P<\/strong><strong>rofesoras<\/strong><\/p>\n<p>Marta Massana y \u00c0ngela Peris<\/p>\n<p>*****************************<\/p>\n<p>El Mercat de les Flors-Graner tambi\u00e9n est\u00e1 comisariando y mediando la residencia de Emma Villavecchia y Mar\u00eda Sober\u00f3n y el Instituto Teresa P\u00e0mies, consulta toda la informaci\u00f3n <a href=\"https:\/\/granerbcn.cat\/es\/en-residencia\/\"><span style=\"color: #0000ff;\">AQU\u00cd<\/span><\/a><\/p>\n<p>M\u00e1s info y seguimiento del programa completo de EN RESiD\u00c8NCiA a\u00a0<a href=\"http:\/\/www.enresidencia.org\/\" target=\"_blank\" rel=\"noopener\">http:\/\/www.enresidencia.org\/<\/a><\/p>\n<p>EN RESiD\u00c8NCiA es un programa del Institut de Cultura de Barcelona y el Consorci d\u2019Educaci\u00f3 de Barcelona, ideado en cooperaci\u00f3n con la Associaci\u00f3 A Bao A Qu<\/p>\n<p>*****************************<\/p>\n<p><strong>CONSULTA EL MATERIAL DE A\u00d1OS ANTERIORES DEL PROYECTO EN RESiD\u00c8NCiA\u00a0<span style=\"color: #0000ff;\"><a style=\"color: #0000ff;\" href=\"https:\/\/old.mercatflors.cat\/es\/programa-en-residencia-archivo\/\">AQU\u00cd<\/a><\/span><\/strong><\/p>\n","protected":false},"excerpt":{"rendered":"<p>EN RESiD\u00c8NCiA curso 2022-23 Comisariado y mediaci\u00f3n Mercat de les [&hellip;]<\/p>\n","protected":false},"author":1,"featured_media":57283,"parent":0,"menu_order":0,"comment_status":"closed","ping_status":"closed","template":"","meta":[],"_links":{"self":[{"href":"https:\/\/old.mercatflors.cat\/es\/wp-json\/wp\/v2\/pages\/57354\/"}],"collection":[{"href":"https:\/\/old.mercatflors.cat\/es\/wp-json\/wp\/v2\/pages\/"}],"about":[{"href":"https:\/\/old.mercatflors.cat\/es\/wp-json\/wp\/v2\/types\/page\/"}],"author":[{"embeddable":true,"href":"https:\/\/old.mercatflors.cat\/es\/wp-json\/wp\/v2\/users\/1\/"}],"replies":[{"embeddable":true,"href":"https:\/\/old.mercatflors.cat\/es\/wp-json\/wp\/v2\/comments\/?post=57354"}],"version-history":[{"count":0,"href":"https:\/\/old.mercatflors.cat\/es\/wp-json\/wp\/v2\/pages\/57354\/revisions\/"}],"wp:featuredmedia":[{"embeddable":true,"href":"https:\/\/old.mercatflors.cat\/es\/wp-json\/wp\/v2\/media\/57283\/"}],"wp:attachment":[{"href":"https:\/\/old.mercatflors.cat\/es\/wp-json\/wp\/v2\/media\/?parent=57354"}],"curies":[{"name":"wp","href":"https:\/\/api.w.org\/{rel}","templated":true}]}}