{"id":58465,"date":"2023-03-06T17:50:32","date_gmt":"2023-03-06T16:50:32","guid":{"rendered":"https:\/\/old.mercatflors.cat\/?page_id=58465"},"modified":"2023-04-17T08:04:34","modified_gmt":"2023-04-17T07:04:34","slug":"oferta-de-trabajo-jefe-de-administracion","status":"publish","type":"page","link":"https:\/\/old.mercatflors.cat\/es\/oferta-de-trabajo-jefe-de-administracion\/","title":{"rendered":"Oferta de trabajo JEFE DE ADMINISTRACI\u00d3N"},"content":{"rendered":"<p>&nbsp;<\/p>\n<p><strong>Denominaci\u00f3n del sitio:<\/strong> JEFE DE ADMINISTRACI\u00d3N<br \/>\n<strong>Condicionante:<\/strong> Promoci\u00f3n interna<br \/>\n<strong>Tipolog\u00eda:<\/strong> T\u00c9CNICO SUPERIOR<br \/>\n<strong>Fecha de incorporaci\u00f3n:<\/strong> A la finalizaci\u00f3n del proceso selectivo<br \/>\n<strong>Jornada laboral:<\/strong> Plena dedicaci\u00f3n (40 horas semanales)<br \/>\n<strong>Fecha de publicaci\u00f3n:<\/strong> 6 de marzo de 2023<br \/>\n<strong>Fecha l\u00edmite presentaci\u00f3n de candidaturas:<\/strong> 20 de marzo de 2023 a las 23:59h.<br \/>\n<strong>Contacto:<\/strong>\u00a0<span style=\"color: #0000ff;\"><a style=\"color: #0000ff;\" href=\"mailto:rrhh@mercatflors.cat\">rrhh@mercatflors.cat<\/a><\/span><\/p>\n<p>Documentos:<\/p>\n<p><a href=\"https:\/\/old.mercatflors.cat\/wp-content\/uploads\/2023\/03\/Bases-CAP-ADMINISTRACI\u00d3.pdf\"><span style=\"color: #0000ff;\">Bases de la oferta<\/span><\/a><br \/>\n<a href=\"https:\/\/old.mercatflors.cat\/mdlfrrhh\/oferta\/cap_administracio\/\"><span style=\"color: #0000ff;\">Formulario<\/span><\/a><br \/>\n<a href=\"https:\/\/old.mercatflors.cat\/wp-content\/uploads\/2023\/03\/Relaci\u00f3-PROVISIONAL-dadmesos-i-exclosos.pdf\"><span style=\"color: #0000ff;\">Relaci\u00f3n provisional de admitidos y excluidos<\/span><\/a><br \/>\n<a href=\"https:\/\/old.mercatflors.cat\/wp-content\/uploads\/2023\/03\/4-Relaci\u00f3-DEFINITIVA-dadmesos-i-exclosos.pdf\"><span style=\"color: #0000ff;\">Relaci\u00f3n definitiva de admitidos y excluidos<\/span><\/a><br \/>\n<a href=\"https:\/\/old.mercatflors.cat\/wp-content\/uploads\/2023\/04\/5-Informe-valoraci\u00f3-de-m\u00e8rits.pdf\"><span style=\"color: #0000ff;\">Informe valoraci\u00f3n de m\u00e9ritos<\/span><\/a><br \/>\n<a href=\"https:\/\/old.mercatflors.cat\/wp-content\/uploads\/2023\/04\/6-Informe-valoraci\u00f3-de-mem\u00f2ria-i-entrevista.pdf\"><span style=\"color: #0000ff;\">Informe valoraci\u00f3n de memoria y entrevista<\/span><\/a><\/p>\n","protected":false},"excerpt":{"rendered":"<p>&nbsp; Denominaci\u00f3n del sitio: JEFE DE ADMINISTRACI\u00d3N Condicionante: Promoci\u00f3n interna [&hellip;]<\/p>\n","protected":false},"author":1,"featured_media":0,"parent":0,"menu_order":0,"comment_status":"closed","ping_status":"closed","template":"","meta":[],"_links":{"self":[{"href":"https:\/\/old.mercatflors.cat\/es\/wp-json\/wp\/v2\/pages\/58465\/"}],"collection":[{"href":"https:\/\/old.mercatflors.cat\/es\/wp-json\/wp\/v2\/pages\/"}],"about":[{"href":"https:\/\/old.mercatflors.cat\/es\/wp-json\/wp\/v2\/types\/page\/"}],"author":[{"embeddable":true,"href":"https:\/\/old.mercatflors.cat\/es\/wp-json\/wp\/v2\/users\/1\/"}],"replies":[{"embeddable":true,"href":"https:\/\/old.mercatflors.cat\/es\/wp-json\/wp\/v2\/comments\/?post=58465"}],"version-history":[{"count":0,"href":"https:\/\/old.mercatflors.cat\/es\/wp-json\/wp\/v2\/pages\/58465\/revisions\/"}],"wp:attachment":[{"href":"https:\/\/old.mercatflors.cat\/es\/wp-json\/wp\/v2\/media\/?parent=58465"}],"curies":[{"name":"wp","href":"https:\/\/api.w.org\/{rel}","templated":true}]}}