{"id":58496,"date":"2023-03-17T11:18:23","date_gmt":"2023-03-17T10:18:23","guid":{"rendered":"https:\/\/old.mercatflors.cat\/?page_id=58496"},"modified":"2023-05-11T19:48:52","modified_gmt":"2023-05-11T18:48:52","slug":"oferta-de-trabajo-jefe-tecnico","status":"publish","type":"page","link":"https:\/\/old.mercatflors.cat\/es\/oferta-de-trabajo-jefe-tecnico\/","title":{"rendered":"Oferta de trabajo JEFE T\u00c9CNICO"},"content":{"rendered":"<p>&nbsp;<\/p>\n<p><strong>Denominaci\u00f3n del sitio:<\/strong>\u00a0JEFE T\u00c9CNICO<br \/>\n<strong>Condicionante:<\/strong> Promoci\u00f3n interna<br \/>\n<strong>Tipolog\u00eda:<\/strong> T\u00c9CNICO AUXILIAR (C1)<br \/>\n<strong>Fecha de incorporaci\u00f3n:<\/strong> A la finalizaci\u00f3n del proceso de selecci\u00f3n<br \/>\n<strong>Jornada laboral:<\/strong> Jornada completa (37,5 horas semanales)<br \/>\n<strong>Fecha de publicaci\u00f3n:<\/strong> 17 de marzo de 2023<br \/>\n<strong>Fecha l\u00edmite presentaci\u00f3n candidaturas:<\/strong> 31 de marzo de 2023 a las 23:59h.<br \/>\n<strong>Contacto:<\/strong> rrhh@mercatflors.cat<\/p>\n<p>Documentos:<\/p>\n<p><a href=\"https:\/\/old.mercatflors.cat\/wp-content\/uploads\/2023\/03\/Bases-CAP-T\u00c8CNIC.pdf\"><span style=\"color: #0000ff;\">Bases de la oferta<\/span><\/a><\/p>\n<p><a href=\"https:\/\/old.mercatflors.cat\/mdlfrrhh\/oferta\/cap_tecnic\/\"><span style=\"color: #0000ff;\">Formulario<\/span><\/a><\/p>\n<p><a href=\"https:\/\/old.mercatflors.cat\/wp-content\/uploads\/2023\/04\/3-Relaci\u00f3-PROVISIONAL-dadmesos-i-exclosos-CT.pdf\"><span style=\"color: #0000ff;\">Relaci\u00f3n provisional de admitidos y excluidos<\/span><\/a><\/p>\n<p><a href=\"https:\/\/old.mercatflors.cat\/wp-content\/uploads\/2023\/04\/3-Relaci\u00f3-DEFINITIVA-dadmesos-i-exclosos.pdf\"><span style=\"color: #0000ff;\">Relaci\u00f3n definitiva de admitidos y excluidos<\/span><\/a><\/p>\n<p><a href=\"https:\/\/old.mercatflors.cat\/wp-content\/uploads\/2023\/05\/5-Informe-valoraci\u00f3-de-m\u00e8rits.pdf\"><span style=\"color: #0000ff;\">Informe valoraci\u00f3n de m\u00e9ritos<\/span><\/a><\/p>\n<p><a href=\"https:\/\/old.mercatflors.cat\/wp-content\/uploads\/2023\/05\/6-Informe-valoraci\u00f3-de-mem\u00f2ria-i-entrevista.-Proposta-Contractaci\u00f3.pdf\"><span style=\"color: #0000ff;\">Informe valoraci\u00f3n de memoria y entrevista. Propuesta Contrataci\u00f3n<\/span><\/a><\/p>\n","protected":false},"excerpt":{"rendered":"<p>&nbsp; Denominaci\u00f3n del sitio:\u00a0JEFE T\u00c9CNICO Condicionante: Promoci\u00f3n interna Tipolog\u00eda: T\u00c9CNICO [&hellip;]<\/p>\n","protected":false},"author":1,"featured_media":0,"parent":0,"menu_order":0,"comment_status":"closed","ping_status":"closed","template":"","meta":[],"_links":{"self":[{"href":"https:\/\/old.mercatflors.cat\/es\/wp-json\/wp\/v2\/pages\/58496\/"}],"collection":[{"href":"https:\/\/old.mercatflors.cat\/es\/wp-json\/wp\/v2\/pages\/"}],"about":[{"href":"https:\/\/old.mercatflors.cat\/es\/wp-json\/wp\/v2\/types\/page\/"}],"author":[{"embeddable":true,"href":"https:\/\/old.mercatflors.cat\/es\/wp-json\/wp\/v2\/users\/1\/"}],"replies":[{"embeddable":true,"href":"https:\/\/old.mercatflors.cat\/es\/wp-json\/wp\/v2\/comments\/?post=58496"}],"version-history":[{"count":0,"href":"https:\/\/old.mercatflors.cat\/es\/wp-json\/wp\/v2\/pages\/58496\/revisions\/"}],"wp:attachment":[{"href":"https:\/\/old.mercatflors.cat\/es\/wp-json\/wp\/v2\/media\/?parent=58496"}],"curies":[{"name":"wp","href":"https:\/\/api.w.org\/{rel}","templated":true}]}}