{"id":58922,"date":"2023-05-29T15:32:33","date_gmt":"2023-05-29T14:32:33","guid":{"rendered":"https:\/\/old.mercatflors.cat\/oferta-de-treball-gestio-juridica-3\/"},"modified":"2023-05-29T15:46:58","modified_gmt":"2023-05-29T14:46:58","slug":"oferta-de-trabajo-gestion-juridica-oferta-publica","status":"publish","type":"page","link":"https:\/\/old.mercatflors.cat\/es\/oferta-de-trabajo-gestion-juridica-oferta-publica\/","title":{"rendered":"Oferta de trabajo GESTI\u00d3N JUR\u00cdDICA"},"content":{"rendered":"<p><strong>Denominaci\u00f3n del sitio:<\/strong> GESTI\u00d3N JUR\u00cdDICA<br \/>\n<strong>Condicionante:<\/strong> Oferta P\u00fablica mediante Concurso Oposici\u00f3n libre<br \/>\n<strong>Tipolog\u00eda:<\/strong> T\u00c9CNICO SUPERIOR<br \/>\n<strong>Fecha de incorporaci\u00f3n:<\/strong> A la finalizaci\u00f3n del proceso de selecci\u00f3n<br \/>\n<strong>Jornada Laboral:<\/strong> Jornada Completa (mediana de 37,5 horas semanales)<br \/>\n<strong>Fecha de publicaci\u00f3n:<\/strong> Anuncio tramitado en el BOP. Se prevu que salga publicado el jueves 1 de junio<br \/>\n<strong>Fecha l\u00edmite presentaci\u00f3n de candidaturas:<\/strong> 15 d\u00edas h\u00e1biles a partir de la publicaci\u00f3n en el BOP, a las 23:59 horas (previsiblemente el 23 de junio)<br \/>\n<strong>Contacto:<\/strong> <a href=\"mailto:rrhh@mercatflors.cat\"><span style=\"color: #0000ff;\">rrhh@mercatflors.cat<\/span><\/a><br \/>\n<strong>Documentos:<\/strong><\/p>\n<p><a href=\"https:\/\/old.mercatflors.cat\/wp-content\/uploads\/2023\/05\/BASES-Gesti\u00f3-juridica-oferta-p\u00fablica.pdf\"><span style=\"color: #0000ff;\">Bases de la oferta<\/span><\/a><\/p>\n<p><a href=\"https:\/\/old.mercatflors.cat\/mdlfrrhh\/oferta\/gestio_juridica_op\/\"><span style=\"color: #0000ff;\">Formulario<\/span><\/a><\/p>\n","protected":false},"excerpt":{"rendered":"<p>Denominaci\u00f3n del sitio: GESTI\u00d3N JUR\u00cdDICA Condicionante: Oferta P\u00fablica mediante Concurso [&hellip;]<\/p>\n","protected":false},"author":1,"featured_media":0,"parent":0,"menu_order":0,"comment_status":"closed","ping_status":"closed","template":"","meta":[],"_links":{"self":[{"href":"https:\/\/old.mercatflors.cat\/es\/wp-json\/wp\/v2\/pages\/58922\/"}],"collection":[{"href":"https:\/\/old.mercatflors.cat\/es\/wp-json\/wp\/v2\/pages\/"}],"about":[{"href":"https:\/\/old.mercatflors.cat\/es\/wp-json\/wp\/v2\/types\/page\/"}],"author":[{"embeddable":true,"href":"https:\/\/old.mercatflors.cat\/es\/wp-json\/wp\/v2\/users\/1\/"}],"replies":[{"embeddable":true,"href":"https:\/\/old.mercatflors.cat\/es\/wp-json\/wp\/v2\/comments\/?post=58922"}],"version-history":[{"count":0,"href":"https:\/\/old.mercatflors.cat\/es\/wp-json\/wp\/v2\/pages\/58922\/revisions\/"}],"wp:attachment":[{"href":"https:\/\/old.mercatflors.cat\/es\/wp-json\/wp\/v2\/media\/?parent=58922"}],"curies":[{"name":"wp","href":"https:\/\/api.w.org\/{rel}","templated":true}]}}