{"id":626,"date":"2011-11-15T19:44:30","date_gmt":"2011-11-15T19:44:30","guid":{"rendered":"https:\/\/old.mercatflors.cat\/?page_id=626"},"modified":"2022-02-23T12:54:29","modified_gmt":"2022-02-23T11:54:29","slug":"bar-restaurant","status":"publish","type":"page","link":"https:\/\/old.mercatflors.cat\/es\/el-mercat\/bar-restaurant\/","title":{"rendered":"Bar-Restaurante"},"content":{"rendered":"<p>&nbsp;<\/p>\n<p>Con una variada selecci\u00f3n de tapas,\u00a0<em>pintxos<\/em> vascos, tortillas, empanadas y sopas, adem\u00e1s de un men\u00fa de temporada que cambia cada semana.<\/p>\n<h2>La Sole\u00e1 \/\u00a0Bar-restaurante del Mercat de les Flors<\/h2>\n<p>M\u00f2nica y Carlitos, los art\u00edfices del popular bar-restaurante La Sole\u00e1 de la plaza del Sortidor del barrio del Poble Sec, han abierto tenderete esta temporada en el vest\u00edbulo del Mercat de les Flors. Adem\u00e1s de una variada selecci\u00f3n de tapas,\u00a0pintxos\u00a0vascos, tortillas, empanadas y sopas que te ofrecen en el servicio de barra todos los d\u00edas que haya espect\u00e1culo, ahora tambi\u00e9n dispones de la opci\u00f3n de cenar despu\u00e9s del espect\u00e1culo con un men\u00fa de temporada que ir\u00e1 cambiando cada semana.<\/p>\n<h2>Horarios y Reservas<\/h2>\n<p>Horario de cocina <strong>desde 1:30h antes del espect\u00e1culo hasta las 24:00 h, todos los d\u00edas de espect\u00e1culo<\/strong><\/p>\n<p>Ahora tambi\u00e9n <strong>abierto los jueves y viernes de 10:00 a 16:00 h<\/strong><\/p>\n<p><strong>Haz tu reserva <\/strong>en la barra de La Sole\u00e1 antes del inicio del espect\u00e1culo, llamando al tel\u00e9fono 692 154 413 o enviando un mensaje a <span style=\"text-decoration: underline; color: #0000ff;\"><a href=\"mailto:monilasolea@gmail.com\"><span style=\"color: #0000ff;\">monilasolea@gmail.com<\/span><\/a><\/span><\/p>\n","protected":false},"excerpt":{"rendered":"<p>&nbsp; Con una variada selecci\u00f3n de tapas,\u00a0pintxos vascos, tortillas, empanadas [&hellip;]<\/p>\n","protected":false},"author":1,"featured_media":6205,"parent":711,"menu_order":0,"comment_status":"open","ping_status":"open","template":"","meta":[],"_links":{"self":[{"href":"https:\/\/old.mercatflors.cat\/es\/wp-json\/wp\/v2\/pages\/626\/"}],"collection":[{"href":"https:\/\/old.mercatflors.cat\/es\/wp-json\/wp\/v2\/pages\/"}],"about":[{"href":"https:\/\/old.mercatflors.cat\/es\/wp-json\/wp\/v2\/types\/page\/"}],"author":[{"embeddable":true,"href":"https:\/\/old.mercatflors.cat\/es\/wp-json\/wp\/v2\/users\/1\/"}],"replies":[{"embeddable":true,"href":"https:\/\/old.mercatflors.cat\/es\/wp-json\/wp\/v2\/comments\/?post=626"}],"version-history":[{"count":0,"href":"https:\/\/old.mercatflors.cat\/es\/wp-json\/wp\/v2\/pages\/626\/revisions\/"}],"up":[{"embeddable":true,"href":"https:\/\/old.mercatflors.cat\/es\/wp-json\/wp\/v2\/pages\/711\/"}],"wp:featuredmedia":[{"embeddable":true,"href":"https:\/\/old.mercatflors.cat\/es\/wp-json\/wp\/v2\/media\/6205\/"}],"wp:attachment":[{"href":"https:\/\/old.mercatflors.cat\/es\/wp-json\/wp\/v2\/media\/?parent=626"}],"curies":[{"name":"wp","href":"https:\/\/api.w.org\/{rel}","templated":true}]}}