{"id":726,"date":"2011-09-12T15:14:01","date_gmt":"2011-09-12T15:14:01","guid":{"rendered":"https:\/\/old.mercatflors.cat\/?page_id=726"},"modified":"2012-10-03T11:39:28","modified_gmt":"2012-10-03T11:39:28","slug":"sala-mac","status":"publish","type":"page","link":"https:\/\/old.mercatflors.cat\/es\/el-mercat\/edificio-y-salas\/sala-mac\/","title":{"rendered":"Sala MAC"},"content":{"rendered":"<h2>Sala Maria Aur\u00e8lia Capmany<\/h2>\n<p>La sala Maria Aur\u00e8lia Capmany es la sala principal del Mercat de les Flors. Su versatilidad respecto al montaje permite acoger producciones muy diversas. En su m\u00e1xima capacidad desplega 436 asientos. Recibe el nombre de la concejal del Ayuntamiento que apost\u00f3 por convertir el Mercat de les Flors en un teatro. Polifac\u00e9tica mujer de cultura, Maria Aur\u00e8lia Capmany (Barcelona, 1918-1991) destac\u00f3 como novelista, ensayista interesada en temas de cultura y feminismo, traductora y guionista de c\u00f3mic, radio y televisi\u00f3n. En 1959 fund\u00f3, junto al director de teatro Ricard Salvat, la Escola d\u2019Art Dram\u00e0tic Adri\u00e0 Gual, donde estren\u00f3 obras propias como\u00a0<em>Preguntes i respostes sobre la vida i la mort de Francesc Layret, advocat dels obrers de Catalunya<\/em> o <em>L\u2019ombra de l\u2019escorp\u00ed<\/em>. En el \u00e1mbito de la pol\u00edtica, fue militante del Partit dels Socialistes de Catalunya, concejal de Cultura del Ajuntament de Barcelona y miembro de la Diputaci\u00f3 de Barcelona.<\/p>\n<h2>Planos<\/h2>\n<p>Consulta\u00a0<span style=\"text-decoration: underline;\"><a href=\"http:\/\/www.mercatflors.cat\/info_sales_mercat\/sala_mac.rar\" target=\"_blank\">els planells de la Sala Maria Aur\u00e8lia Capmany<\/a><\/span><\/p>\n<p>&nbsp;<\/p>\n","protected":false},"excerpt":{"rendered":"<p>Sala Maria Aur\u00e8lia Capmany La sala Maria Aur\u00e8lia Capmany es [&hellip;]<\/p>\n","protected":false},"author":1,"featured_media":3835,"parent":724,"menu_order":0,"comment_status":"open","ping_status":"open","template":"","meta":[],"_links":{"self":[{"href":"https:\/\/old.mercatflors.cat\/es\/wp-json\/wp\/v2\/pages\/726\/"}],"collection":[{"href":"https:\/\/old.mercatflors.cat\/es\/wp-json\/wp\/v2\/pages\/"}],"about":[{"href":"https:\/\/old.mercatflors.cat\/es\/wp-json\/wp\/v2\/types\/page\/"}],"author":[{"embeddable":true,"href":"https:\/\/old.mercatflors.cat\/es\/wp-json\/wp\/v2\/users\/1\/"}],"replies":[{"embeddable":true,"href":"https:\/\/old.mercatflors.cat\/es\/wp-json\/wp\/v2\/comments\/?post=726"}],"version-history":[{"count":0,"href":"https:\/\/old.mercatflors.cat\/es\/wp-json\/wp\/v2\/pages\/726\/revisions\/"}],"up":[{"embeddable":true,"href":"https:\/\/old.mercatflors.cat\/es\/wp-json\/wp\/v2\/pages\/724\/"}],"wp:featuredmedia":[{"embeddable":true,"href":"https:\/\/old.mercatflors.cat\/es\/wp-json\/wp\/v2\/media\/3835\/"}],"wp:attachment":[{"href":"https:\/\/old.mercatflors.cat\/es\/wp-json\/wp\/v2\/media\/?parent=726"}],"curies":[{"name":"wp","href":"https:\/\/api.w.org\/{rel}","templated":true}]}}