{"id":740,"date":"2011-09-08T15:20:47","date_gmt":"2011-09-08T15:20:47","guid":{"rendered":"https:\/\/old.mercatflors.cat\/?page_id=740"},"modified":"2023-02-14T16:44:55","modified_gmt":"2023-02-14T15:44:55","slug":"transparencia","status":"publish","type":"page","link":"https:\/\/old.mercatflors.cat\/es\/el-mercat\/transparencia\/","title":{"rendered":"Transparencia"},"content":{"rendered":"<p><em>\u00daltima actualizaci\u00f3n 14\/02\/2023<\/em><\/p>\n<h2 id=\"informaci\u00f3 institucional i organitzativa\">Informaci\u00f3n institucional y organizativa<\/h2>\n<p><strong>\u00d3RGANOS DE GOBIERNO<\/strong><\/p>\n<ul>\n<li><span style=\"color: #0000ff;\"><a style=\"color: #0000ff;\" href=\"https:\/\/old.mercatflors.cat\/wp-content\/uploads\/2022\/01\/COMPOSICI\u00d3-CONSELL-GENERAL.pdf\">Composici\u00f3n d<\/a><\/span><span style=\"color: #0000ff;\"><a style=\"color: #0000ff;\" href=\"https:\/\/old.mercatflors.cat\/wp-content\/uploads\/2020\/05\/DOC-1.pdf\">e los \u00f3rganos de Gobierno<\/a><\/span><\/li>\n<li><span style=\"color: #0000ff;\"><a style=\"color: #0000ff;\" href=\"https:\/\/old.mercatflors.cat\/wp-content\/uploads\/2020\/05\/DOC-2.pdf\">Funciones del Consell General<\/a><\/span><\/li>\n<\/ul>\n<p><strong>ORGANIZACI\u00d3N Y FUNCIONES<\/strong><\/p>\n<ul>\n<li><span style=\"color: #0000ff;\"><a style=\"color: #0000ff;\" href=\"https:\/\/old.mercatflors.cat\/wp-content\/uploads\/2019\/06\/Estatuts-Organitzaci\u00f3-i-funcions.pdf\">Estatutos<\/a><\/span><\/li>\n<\/ul>\n<p><strong>ALTOS CARGOS<\/strong><\/p>\n<ul>\n<li><span style=\"color: #0000ff;\"><a style=\"color: #0000ff;\" href=\"https:\/\/old.mercatflors.cat\/wp-content\/uploads\/2022\/02\/CVs-cast-2.pdf\">CVs y datos de contacto<\/a><\/span><\/li>\n<li><span style=\"color: #0000ff;\"><a style=\"color: #0000ff;\" href=\"https:\/\/old.mercatflors.cat\/wp-content\/uploads\/2019\/06\/Funcions-i-atribucions-Alts-c\u00e0rrecs.pdf\">Funciones y atribuciones<\/a><\/span><\/li>\n<li><span style=\"color: #0000ff;\"><a style=\"color: #0000ff;\" href=\"https:\/\/old.mercatflors.cat\/wp-content\/uploads\/2019\/06\/Retribucions-indemnitzacions-per-cessament-i-dietes-Alts-c\u00e0rrecs.pdf\">Retribuciones, indemnizaciones por cese de cargos y dietas<\/a><\/span><\/li>\n<li>Gastos de viajes\u00a0(<a href=\"https:\/\/old.mercatflors.cat\/wp-content\/uploads\/2019\/06\/Despeses-de-viatges-Alts-c%C3%A0rrecs.pdf\"><span style=\"color: #0000ff;\">2018,<\/span><\/a>\u00a0<a href=\"https:\/\/old.mercatflors.cat\/wp-content\/uploads\/2020\/05\/DOC-4.pdf\"><span style=\"color: #0000ff;\">2019<\/span><\/a>,\u00a0<span style=\"color: #0000ff;\"><a style=\"color: #0000ff;\" href=\"https:\/\/old.mercatflors.cat\/wp-content\/uploads\/2021\/02\/Despeses-viatges-Directora-2020.pdf\">2020<\/a><\/span>)<\/li>\n<\/ul>\n<p><strong>PERSONAL<\/strong><\/p>\n<ul>\n<li><span style=\"color: #0000ff;\"><a style=\"color: #0000ff;\" href=\"https:\/\/old.mercatflors.cat\/wp-content\/uploads\/2022\/12\/RLT-Desembre-2022-34-llocs.pdf\">Organigrama y Estructura Organizativa<\/a><\/span><\/li>\n<li><span style=\"color: #0000ff;\"><a style=\"color: #0000ff;\" href=\"https:\/\/old.mercatflors.cat\/wp-content\/uploads\/2019\/06\/Retribucions-indemnitzacions-per-cessament-i-dietes-Personal.pdf\">Retribuciones, indemnizaciones por cese de cargos y dietas<\/a><\/span><\/li>\n<li><span style=\"color: #0000ff;\"><a style=\"color: #0000ff;\" href=\"https:\/\/old.mercatflors.cat\/wp-content\/uploads\/2019\/06\/Acords-laborals-Personal.pdf\">Acuerdos laborales<\/a><\/span><\/li>\n<li><span style=\"color: #0000ff;\"><a style=\"color: #0000ff;\" href=\"https:\/\/old.mercatflors.cat\/el-mercat\/ofertes-de-treball\/\">Procesos de selecci\u00f3n de personal<\/a><\/span><\/li>\n<\/ul>\n<h2 id=\"acci\u00f3 de govern\">Acci\u00f3n de gobierno<\/h2>\n<p><strong>PLANES Y PROGRAMAS<\/strong><\/p>\n<p><a href=\"https:\/\/old.mercatflors.cat\/wp-content\/uploads\/2022\/01\/Pla-estrat.-i-act.-2021-25.pdf\"><span style=\"color: #0000ff;\">Plan estrat\u00e9gico de actuaci\u00f3n 2021-2025<\/span><\/a><br \/>\n<a href=\"https:\/\/old.mercatflors.cat\/wp-content\/uploads\/2019\/11\/Pla-dActuaci\u00f3-2018-2021-Indicadors.pdf\"><span style=\"color: #0000ff;\">Plan de actuaci\u00f3n 2018\/2021 + Indicadores<\/span><\/a><br \/>\n<a href=\"https:\/\/old.mercatflors.cat\/wp-content\/uploads\/2019\/11\/Indicadors-12-16.pdf\"><span style=\"color: #0000ff;\">Indicadores 2012\/2016<\/span><\/a><br \/>\n<a href=\"https:\/\/old.mercatflors.cat\/wp-content\/uploads\/2023\/02\/Indicadors_2017_202021.pdf\"><span style=\"color: #0000ff;\">Indicadores 2017\/2021<\/span><\/a><\/p>\n<h2 id=\"gesti\u00f3 econ\u00f2mica i administrativa\">Gesti\u00f3n econ\u00f3mica y administrativa<\/h2>\n<p><strong>GESTI\u00d3N PRESUPUESTARIA Y FINANCERA<\/strong><\/p>\n<ul>\n<li><span style=\"color: #0000ff;\"><a style=\"color: #0000ff;\" href=\"https:\/\/old.mercatflors.cat\/wp-content\/uploads\/2021\/11\/Doc-3-Pressupost-CMF-2022.pdf\">Presupuesto 2022<\/a><\/span><\/li>\n<li><a href=\"https:\/\/old.mercatflors.cat\/wp-content\/uploads\/2021\/02\/Pressupost-2021.pdf\"><span style=\"color: #0000ff;\">Presupuesto 2021<\/span><\/a><\/li>\n<li><span style=\"color: #0000ff;\"><a style=\"color: #0000ff;\" href=\"https:\/\/old.mercatflors.cat\/wp-content\/uploads\/2019\/11\/Expedient-Pressupost-2020-signat.pdf\">Presupuesto 2020<\/a><\/span><\/li>\n<li><span style=\"color: #0000ff;\"><a style=\"color: #0000ff;\" href=\"https:\/\/drive.google.com\/file\/d\/1Pkm4N1tG1j1UPPkDYw2VtdphDY5qD3rb\/view?usp=sharing\">Presupuesto 2019<\/a><\/span><\/li>\n<li>Liquidaci\u00f3n del Presupuesto y resultados e informes financieros:\u00a0<span style=\"color: #0000ff;\"><a style=\"color: #0000ff;\" href=\"https:\/\/old.mercatflors.cat\/wp-content\/uploads\/2019\/06\/Liquidaci\u00f3-del-Pressupost-i-resultats-i-informes-financers-2017-Gesti\u00f3-pressupost\u00e0ria-i-financera.pdf\">2017<\/a>,\u00a0<\/span><span style=\"color: #0000ff;\"><a style=\"color: #0000ff;\" href=\"https:\/\/old.mercatflors.cat\/wp-content\/uploads\/2019\/06\/Liquidaci\u00f3-del-Pressupost-i-resultats-i-informes-financers-2018-Gesti\u00f3-pressupost\u00e0ria-i-financera.pdf\">2018<\/a>,\u00a0<a style=\"color: #0000ff;\" href=\"https:\/\/old.mercatflors.cat\/wp-content\/uploads\/2021\/11\/Liquidaci\u00f3-Pressupost-CMF-2019-Signat-i-escanejat.pdf\">2019<\/a>, <a style=\"color: #0000ff;\" href=\"https:\/\/old.mercatflors.cat\/wp-content\/uploads\/2021\/11\/LIQUIDACIO\u0301-PRESSUPOST-2020-definitiva_SIGNAT.pdf\">2020<\/a><\/span><\/li>\n<li>Informe de auditor\u00eda y Cuentas Anuales: <a href=\"https:\/\/old.mercatflors.cat\/wp-content\/uploads\/2019\/07\/Informe-Auditoria-Comptes-Anuals-al-31.12.2018-CAT.pdf\"><span style=\"color: #0000ff;\">2018<\/span><\/a>,<span style=\"color: #0000ff;\">\u00a0<a style=\"color: #0000ff;\" href=\"https:\/\/old.mercatflors.cat\/wp-content\/uploads\/2022\/01\/Compte-general-2019.pdf\">2019<\/a><span style=\"color: #000000;\">,<\/span> <a style=\"color: #0000ff;\" href=\"https:\/\/old.mercatflors.cat\/wp-content\/uploads\/2022\/01\/Compte-general-2020_compressed.pdf\">2020,<\/a>\u00a0<a href=\"https:\/\/old.mercatflors.cat\/wp-content\/uploads\/2022\/05\/Compte-General-21-CMF-tot-.pdf\">2021<\/a> <\/span><\/li>\n<\/ul>\n<p><strong>CONTRATACI\u00d3N P\u00daBLICA<\/strong><\/p>\n<ul>\n<li><span style=\"color: #0000ff;\"><a style=\"color: #0000ff;\" href=\"https:\/\/old.mercatflors.cat\/el-mercat\/perfil-del-contractant\/\">Perfil del contratante<\/a><\/span><\/li>\n<li><a href=\"https:\/\/ajuntament.barcelona.cat\/transparencia\/ca\/contractacio-publica-del-consorci-del-mercat-de-les-florscentre-de-les-arts-de-moviment\"><span style=\"color: #0000ff;\">Datos de contrataci\u00f3n<\/span><\/a><\/li>\n<\/ul>\n<p><strong>SUBVENCIONES, TRANSFERENCIAS Y ENCOMIENDAS DE GESTI\u00d3N<\/strong><\/p>\n<ul>\n<li>Relaci\u00f3n de subvenciones, transferencias y encomiendas de gesti\u00f3n (<a href=\"https:\/\/old.mercatflors.cat\/wp-content\/uploads\/2019\/06\/Relaci\u00f3-de-subvencions-transfer\u00e8ncies-i-encomanes-de-gesti\u00f3-Subvencions-transfer\u00e8ncies-i-ecoman.pdf\"><span style=\"color: #0000ff;\">2017<\/span><\/a>, <a href=\"https:\/\/old.mercatflors.cat\/wp-content\/uploads\/2020\/05\/DOC-5.pdf\"><span style=\"color: #0000ff;\">2018,<\/span><\/a>\u00a0<a href=\"https:\/\/old.mercatflors.cat\/wp-content\/uploads\/2020\/05\/DOC-6.pdf\"><span style=\"color: #0000ff;\">2019<\/span><\/a>,\u00a0<a href=\"https:\/\/old.mercatflors.cat\/wp-content\/uploads\/2022\/01\/Subvencions-i-transfere\u0300ncies-2019.pdf\"><span style=\"color: #0000ff;\">2020<\/span><\/a>)<\/li>\n<\/ul>\n<p><strong>CONVENIOS<\/strong><\/p>\n<ul>\n<li><a href=\"https:\/\/old.mercatflors.cat\/wp-content\/uploads\/2022\/01\/Convenis-a-2021.pdf\"><span style=\"color: #0000ff;\">Relaci\u00f3n de convenios<\/span><\/a><\/li>\n<\/ul>\n<p><strong>PATRIMONIO<\/strong><\/p>\n<ul>\n<li><span style=\"color: #0000ff;\"><a style=\"color: #0000ff;\" href=\"https:\/\/old.mercatflors.cat\/wp-content\/uploads\/2022\/01\/Inventari-Mercat-Flors-2007-2021.pdf\">Inventario y gesti\u00f3n del patrimonio<\/a><\/span><\/li>\n<\/ul>\n<h2 id=\"participaci\u00f3 i relaci\u00f3 amb la ciutadania\">Relaci\u00f3n con la ciudadan\u00eda<\/h2>\n<p><strong>CANALES DE ATENCI\u00d3N CIUDADANA<\/strong><\/p>\n<ul>\n<li><a href=\"https:\/\/ajuntament.barcelona.cat\/transparencia\/ca\/acces-la-informacio-publica\"><span style=\"color: #0000ff;\">Derecho de acceso a la informaci\u00f3n p\u00fablica<\/span><\/a><\/li>\n<\/ul>\n<h2 id=\"avaluaci\u00f3 de la transpar\u00e8ncia\">Evaluaci\u00f3n de la transparencia<\/h2>\n<p><strong>S\u00cdNDIC DE GREUGES DE CATALUNYA<\/strong><\/p>\n<ul>\n<li><span style=\"color: #0000ff;\"><a style=\"color: #0000ff;\" href=\"http:\/\/www.sindic.cat\/ca\/page.asp?id=356\">Informe transparencia, acceso a la informaci\u00f3n p\u00fablica y buen gobierno<\/a><\/span><\/li>\n<\/ul>\n","protected":false},"excerpt":{"rendered":"<p>\u00daltima actualizaci\u00f3n 14\/02\/2023 Informaci\u00f3n institucional y organizativa \u00d3RGANOS DE GOBIERNO [&hellip;]<\/p>\n","protected":false},"author":1,"featured_media":0,"parent":711,"menu_order":0,"comment_status":"open","ping_status":"open","template":"","meta":[],"_links":{"self":[{"href":"https:\/\/old.mercatflors.cat\/es\/wp-json\/wp\/v2\/pages\/740\/"}],"collection":[{"href":"https:\/\/old.mercatflors.cat\/es\/wp-json\/wp\/v2\/pages\/"}],"about":[{"href":"https:\/\/old.mercatflors.cat\/es\/wp-json\/wp\/v2\/types\/page\/"}],"author":[{"embeddable":true,"href":"https:\/\/old.mercatflors.cat\/es\/wp-json\/wp\/v2\/users\/1\/"}],"replies":[{"embeddable":true,"href":"https:\/\/old.mercatflors.cat\/es\/wp-json\/wp\/v2\/comments\/?post=740"}],"version-history":[{"count":0,"href":"https:\/\/old.mercatflors.cat\/es\/wp-json\/wp\/v2\/pages\/740\/revisions\/"}],"up":[{"embeddable":true,"href":"https:\/\/old.mercatflors.cat\/es\/wp-json\/wp\/v2\/pages\/711\/"}],"wp:attachment":[{"href":"https:\/\/old.mercatflors.cat\/es\/wp-json\/wp\/v2\/media\/?parent=740"}],"curies":[{"name":"wp","href":"https:\/\/api.w.org\/{rel}","templated":true}]}}