{"id":744,"date":"2011-10-14T15:24:52","date_gmt":"2011-10-14T15:24:52","guid":{"rendered":"https:\/\/old.mercatflors.cat\/?page_id=744"},"modified":"2023-01-17T12:01:32","modified_gmt":"2023-01-17T11:01:32","slug":"mecenas-y-patrocinadores","status":"publish","type":"page","link":"https:\/\/old.mercatflors.cat\/es\/el-mercat\/mecenas-y-patrocinadores\/","title":{"rendered":"Mecenas y patrocinadores"},"content":{"rendered":"<p>&nbsp;<\/p>\n<h2>El Mercat de les Flors es un consorcio formado por<\/h2>\n<p>&nbsp;<\/p>\n<p><a href=\"https:\/\/www.barcelona.cat\/ca\/\" target=\"_blank\" rel=\"noopener\"><img decoding=\"async\" loading=\"lazy\" class=\"alignnone wp-image-43075 size-full\" src=\"https:\/\/old.mercatflors.cat\/wp-content\/uploads\/2019\/07\/ajuntamentdebarcelona2.png\" alt=\"\" width=\"129\" height=\"43\" \/><\/a>\u00a0 \u00a0 \u00a0 \u00a0\u00a0<a href=\"https:\/\/cultura.gencat.cat\/ca\/inici\/\"><img decoding=\"async\" loading=\"lazy\" class=\"alignnone size-full wp-image-43078\" src=\"https:\/\/old.mercatflors.cat\/wp-content\/uploads\/2019\/07\/generalitat-1.png\" alt=\"\" width=\"225\" height=\"43\" srcset=\"https:\/\/old.mercatflors.cat\/wp-content\/uploads\/2019\/07\/generalitat-1.png 225w, https:\/\/old.mercatflors.cat\/wp-content\/uploads\/2019\/07\/generalitat-1-223x43.png 223w\" sizes=\"(max-width: 225px) 100vw, 225px\" \/><\/a><\/p>\n<p>&nbsp;<\/p>\n<h2>Con el soporte<\/h2>\n<p>&nbsp;<\/p>\n<p><a href=\"http:\/\/www.mecd.gob.es\/redirigeme\/?ruta=\/mecd\/avisos\/migracion\/artesEscenicas.html\"><img decoding=\"async\" loading=\"lazy\" class=\"alignnone size-full wp-image-43056\" src=\"https:\/\/old.mercatflors.cat\/wp-content\/uploads\/2019\/07\/inaem.png\" alt=\"\" width=\"257\" height=\"40\" \/><\/a><a href=\"http:\/\/www.mecd.gob.es\/redirigeme\/?ruta=\/mecd\/avisos\/migracion\/artesEscenicas.html\">\u00a0 \u00a0\u00a0<\/a><a href=\"http:\/\/www.mecd.gob.es\/redirigeme\/?ruta=\/mecd\/avisos\/migracion\/artesEscenicas.html\"><img decoding=\"async\" loading=\"lazy\" class=\"alignnone wp-image-57946\" src=\"https:\/\/old.mercatflors.cat\/wp-content\/uploads\/2023\/01\/BCN-Capital-Cultural-logo-350x142.png\" alt=\"\" width=\"97\" height=\"40\" srcset=\"https:\/\/old.mercatflors.cat\/wp-content\/uploads\/2023\/01\/BCN-Capital-Cultural-logo-350x142.png 350w, https:\/\/old.mercatflors.cat\/wp-content\/uploads\/2023\/01\/BCN-Capital-Cultural-logo.png 353w\" sizes=\"(max-width: 97px) 100vw, 97px\" \/><\/a><\/p>\n<p>&nbsp;<\/p>\n<h2>Medios colaboradores<\/h2>\n<p>&nbsp;<\/p>\n<p><a href=\"https:\/\/www.ccma.cat\/tv3\/\" target=\"_blank\" rel=\"noopener\"><img decoding=\"async\" loading=\"lazy\" class=\"alignnone wp-image-43065\" src=\"https:\/\/old.mercatflors.cat\/wp-content\/uploads\/2019\/07\/tv3.png\" alt=\"\" width=\"63\" height=\"54\" \/><\/a>\u00a0 \u00a0 \u00a0 \u00a0 \u00a0 \u00a0 \u00a0 \u00a0 \u00a0<img decoding=\"async\" loading=\"lazy\" class=\"alignnone wp-image-49504 \" src=\"https:\/\/old.mercatflors.cat\/wp-content\/uploads\/2021\/01\/ELPERIODICO-LOGOTIPO-P-black-350x73.jpg\" alt=\"\" width=\"216\" height=\"54\" \/>\u00a0 \u00a0 \u00a0 \u00a0 \u00a0 \u00a0 \u00a0 \u00a0 \u00a0<a href=\"https:\/\/www.ccma.cat\/catradio\/\"><img decoding=\"async\" loading=\"lazy\" class=\"alignnone wp-image-43044\" src=\"https:\/\/old.mercatflors.cat\/wp-content\/uploads\/2019\/07\/catradio.png\" alt=\"\" width=\"113\" height=\"50\" \/><\/a>\u00a0 \u00a0 \u00a0 \u00a0 \u00a0 \u00a0 \u00a0 \u00a0<a href=\"https:\/\/beteve.cat\/\"><img decoding=\"async\" loading=\"lazy\" class=\"alignnone wp-image-43041\" src=\"https:\/\/old.mercatflors.cat\/wp-content\/uploads\/2019\/07\/betebe.png\" alt=\"\" width=\"125\" height=\"50\" \/><\/a><\/p>\n<p>&nbsp;<\/p>\n<p><a href=\"https:\/\/www.timeout.com\/barcelona\"><img decoding=\"async\" loading=\"lazy\" class=\"alignnone wp-image-43062\" src=\"https:\/\/old.mercatflors.cat\/wp-content\/uploads\/2019\/07\/timeout.png\" alt=\"\" width=\"95\" height=\"60\" \/><\/a>\u00a0 \u00a0 \u00a0 \u00a0 \u00a0<a href=\"https:\/\/www.ara.cat\/\"><img decoding=\"async\" loading=\"lazy\" class=\"alignnone wp-image-43038\" src=\"https:\/\/old.mercatflors.cat\/wp-content\/uploads\/2019\/07\/aracat.png\" alt=\"\" width=\"132\" height=\"60\" \/><\/a><\/p>\n<p>&nbsp;<\/p>\n<h2>Colaboran<\/h2>\n<p><a href=\"https:\/\/www.fundacionbancosabadell.com\/\"><img decoding=\"async\" loading=\"lazy\" class=\"alignnone size-full wp-image-43059\" src=\"https:\/\/old.mercatflors.cat\/wp-content\/uploads\/2019\/07\/sabadellfund.png\" alt=\"\" width=\"152\" height=\"55\" \/> <\/a><a href=\"https:\/\/www.estrelladamm.com\/\" target=\"_blank\" rel=\"noopener\"><img decoding=\"async\" loading=\"lazy\" class=\"wp-image-42926\" src=\"https:\/\/old.mercatflors.cat\/wp-content\/uploads\/2019\/07\/ED_LOGO_BLACK-650x490.jpg\" alt=\"\" width=\"151\" height=\"114\" srcset=\"https:\/\/old.mercatflors.cat\/wp-content\/uploads\/2019\/07\/ED_LOGO_BLACK-650x490.jpg 650w, https:\/\/old.mercatflors.cat\/wp-content\/uploads\/2019\/07\/ED_LOGO_BLACK-350x264.jpg 350w, https:\/\/old.mercatflors.cat\/wp-content\/uploads\/2019\/07\/ED_LOGO_BLACK-768x579.jpg 768w\" sizes=\"(max-width: 151px) 100vw, 151px\" \/><\/a><a href=\"https:\/\/www.veri.es\/ca\"><img decoding=\"async\" loading=\"lazy\" class=\"alignnone size-full wp-image-43068\" src=\"https:\/\/old.mercatflors.cat\/wp-content\/uploads\/2019\/07\/veri.png\" alt=\"\" width=\"129\" height=\"55\" \/><\/a><\/p>\n<p>&nbsp;<\/p>\n<h2>En red con los proyectos europeos<\/h2>\n<p><img decoding=\"async\" loading=\"lazy\" class=\"alignnone wp-image-49049\" src=\"https:\/\/old.mercatflors.cat\/wp-content\/uploads\/2020\/11\/edn-carousel-1-350x163.jpg\" alt=\"\" width=\"250\" height=\"117\" srcset=\"https:\/\/old.mercatflors.cat\/wp-content\/uploads\/2020\/11\/edn-carousel-1-350x163.jpg 350w, https:\/\/old.mercatflors.cat\/wp-content\/uploads\/2020\/11\/edn-carousel-1.jpg 750w\" sizes=\"(max-width: 250px) 100vw, 250px\" \/>\u00a0<img decoding=\"async\" loading=\"lazy\" class=\"alignnone wp-image-49043\" src=\"https:\/\/old.mercatflors.cat\/wp-content\/uploads\/2020\/11\/europe_creative_program-350x175.png\" alt=\"\" width=\"250\" height=\"125\" srcset=\"https:\/\/old.mercatflors.cat\/wp-content\/uploads\/2020\/11\/europe_creative_program-350x175.png 350w, https:\/\/old.mercatflors.cat\/wp-content\/uploads\/2020\/11\/europe_creative_program.png 400w\" sizes=\"(max-width: 250px) 100vw, 250px\" \/><\/p>\n<p><img decoding=\"async\" loading=\"lazy\" class=\"alignnone wp-image-49036\" src=\"https:\/\/old.mercatflors.cat\/wp-content\/uploads\/2020\/11\/Dancing-Museums-retallat-350x79.jpg\" alt=\"\" width=\"240\" height=\"54\" srcset=\"https:\/\/old.mercatflors.cat\/wp-content\/uploads\/2020\/11\/Dancing-Museums-retallat-350x79.jpg 350w, https:\/\/old.mercatflors.cat\/wp-content\/uploads\/2020\/11\/Dancing-Museums-retallat-768x173.jpg 768w, https:\/\/old.mercatflors.cat\/wp-content\/uploads\/2020\/11\/Dancing-Museums-retallat-790x178.jpg 790w, https:\/\/old.mercatflors.cat\/wp-content\/uploads\/2020\/11\/Dancing-Museums-retallat.jpg 1008w\" sizes=\"(max-width: 240px) 100vw, 240px\" \/>\u00a0 \u00a0 \u00a0\u00a0<img decoding=\"async\" loading=\"lazy\" class=\"alignnone wp-image-48479\" src=\"https:\/\/old.mercatflors.cat\/wp-content\/uploads\/2020\/05\/DOPODO-LOGO_350x200-350x200.jpg\" alt=\"\" width=\"120\" height=\"69\" srcset=\"https:\/\/old.mercatflors.cat\/wp-content\/uploads\/2020\/05\/DOPODO-LOGO_350x200.jpg 350w, https:\/\/old.mercatflors.cat\/wp-content\/uploads\/2020\/05\/DOPODO-LOGO_350x200-223x127.jpg 223w\" sizes=\"(max-width: 120px) 100vw, 120px\" \/><\/p>\n<p>&nbsp;<\/p>\n<h2>Con los circuitos de creaci\u00f3n<\/h2>\n<p>&nbsp;<\/p>\n<p><img decoding=\"async\" loading=\"lazy\" class=\"alignnone wp-image-17668\" src=\"https:\/\/old.mercatflors.cat\/wp-content\/uploads\/2015\/12\/logo-aerowaves-350x91.png\" alt=\"Aerowaves - dance across europe\" width=\"250\" height=\"65\" srcset=\"https:\/\/old.mercatflors.cat\/wp-content\/uploads\/2015\/12\/logo-aerowaves-350x91.png 350w, https:\/\/old.mercatflors.cat\/wp-content\/uploads\/2015\/12\/logo-aerowaves.png 596w\" sizes=\"(max-width: 250px) 100vw, 250px\" \/><img decoding=\"async\" loading=\"lazy\" class=\"alignnone wp-image-49058\" src=\"https:\/\/old.mercatflors.cat\/wp-content\/uploads\/2020\/11\/CircusNext__noir-3.png\" alt=\"\" width=\"250\" height=\"78\" \/><\/p>\n<p>Es fundamental e imprescindible que el proyecto del Mercat cuente con el apoyo econ\u00f3mico de personas, empresas y entidades que se vinculen a nuestra instituci\u00f3n a partir de algunas de las f\u00f3rmulas de mecenazgo y patrocinio que proponemos: mecenas, protector, colaborador, benefactor y patrocinador. Puedes vincularte al Mercat de manera gen\u00e9rica o por ciclos de espect\u00e1culos y actividades concretas.\u00a0Consulta condiciones y contraprestaciones: tel. 93 256 26 00 \/ <span style=\"text-decoration: underline; color: #0000ff;\"><a href=\"mailto:suport@mercatflors.cat\" target=\"_blank\" rel=\"noopener\"><span style=\"color: #0000ff;\">suport@mercatflors.cat<\/span><\/a><\/span><\/p>\n","protected":false},"excerpt":{"rendered":"<p>&nbsp; El Mercat de les Flors es un consorcio formado [&hellip;]<\/p>\n","protected":false},"author":1,"featured_media":10973,"parent":711,"menu_order":0,"comment_status":"open","ping_status":"open","template":"","meta":[],"_links":{"self":[{"href":"https:\/\/old.mercatflors.cat\/es\/wp-json\/wp\/v2\/pages\/744\/"}],"collection":[{"href":"https:\/\/old.mercatflors.cat\/es\/wp-json\/wp\/v2\/pages\/"}],"about":[{"href":"https:\/\/old.mercatflors.cat\/es\/wp-json\/wp\/v2\/types\/page\/"}],"author":[{"embeddable":true,"href":"https:\/\/old.mercatflors.cat\/es\/wp-json\/wp\/v2\/users\/1\/"}],"replies":[{"embeddable":true,"href":"https:\/\/old.mercatflors.cat\/es\/wp-json\/wp\/v2\/comments\/?post=744"}],"version-history":[{"count":0,"href":"https:\/\/old.mercatflors.cat\/es\/wp-json\/wp\/v2\/pages\/744\/revisions\/"}],"up":[{"embeddable":true,"href":"https:\/\/old.mercatflors.cat\/es\/wp-json\/wp\/v2\/pages\/711\/"}],"wp:featuredmedia":[{"embeddable":true,"href":"https:\/\/old.mercatflors.cat\/es\/wp-json\/wp\/v2\/media\/10973\/"}],"wp:attachment":[{"href":"https:\/\/old.mercatflors.cat\/es\/wp-json\/wp\/v2\/media\/?parent=744"}],"curies":[{"name":"wp","href":"https:\/\/api.w.org\/{rel}","templated":true}]}}