{"id":769,"date":"2011-09-13T15:42:13","date_gmt":"2011-09-13T15:42:13","guid":{"rendered":"https:\/\/old.mercatflors.cat\/?page_id=769"},"modified":"2013-07-12T12:07:24","modified_gmt":"2013-07-12T11:07:24","slug":"embajadores","status":"publish","type":"page","link":"https:\/\/old.mercatflors.cat\/es\/publicos\/embajadores\/","title":{"rendered":"Embajadores"},"content":{"rendered":"<h2>Queremos que tu tambi\u00e9n formes parte del Mercat<\/h2>\n<p>Para eso, te invitamos a compartir tu pasi\u00f3n y tu inter\u00e9s por la danza y las artes de movimiento, as\u00ed como por las actividades que hacemos en el Mercat, siendo <strong>miembro de nuestro equipo de embajadores<\/strong>.<\/p>\n<h2>Quieres formar parte del equipo de embajadores del Mercat?<\/h2>\n<p>Si te apasiona la danza y las artes de movimiento, te gusta la propuesta art\u00edstica del Mercat y tienes ganas y te sientes capaz de contagiarlo a la gente que te rodea (amigos, familia, compa\u00f1eros de trabajo y de estudios, colegas, vecinos, facebook, twitter&#8230;),\u00a0<strong>tu puedes ser un@ de nuestr@s embajador@s<\/strong>. Tu colaboraci\u00f3n nos ser\u00e1 de gran ayuda. Si quieres ser embajador@, contacta con nosotros:\u00a0<a href=\"mailto:publics@mercatflors.cat\">publics [at] mercatflors.cat<\/a>\u00a0\/ Tel. 93 256 26 05<\/p>\n<h2>Qu\u00e9 ventajas tienes reservadas por ser embajador@?<\/h2>\n<ul>\n<li>Atenci\u00f3n personalizada a lo largo de toda la temporada<\/li>\n<li>Invitaci\u00f3n a la presentaci\u00f3n de la temporada<\/li>\n<li>Participaci\u00f3n en actividades de formaci\u00f3n del espectador<\/li>\n<li>Sesiones peri\u00f3dicas de intercambio de informaci\u00f3n y de opini\u00f3n sobre la programaci\u00f3n y las actividades del Mercat<\/li>\n<li>Acceso exclusivo a ensayos<\/li>\n<li>Acceso privilegiado a todas las actividadess paralelas<\/li>\n<li>Recepci\u00f3n peri\u00f3dica de informaci\u00f3n exclusiva sobre nuestra programaci\u00f3n<\/li>\n<li>Invitaciones, regalos y participaci\u00f3n en sorteos<\/li>\n<\/ul>\n<h2>La opini\u00f3n de los embajadores<\/h2>\n<p>Agunos de nuestros embajadores tienen blogs personales donde hablan, entre otras tem\u00e1ticas, de los espect\u00e1culos a los que asisten. Aqu\u00ed los pod\u00e9is seguir:<\/p>\n<ul>\n<li><span style=\"text-decoration: underline;\"><span style=\"color: #0000ff; text-decoration: underline;\"><a href=\"http:\/\/blogs.ccrtvi.com\/jordicervera.php\"><span style=\"color: #0000ff; text-decoration: underline;\"><strong>http:\/\/blogs.ccrtvi.com\/jordicervera.php<\/strong><\/span><\/a><\/span><\/span><\/li>\n<li><span style=\"text-decoration: underline;\"><span style=\"color: #0000ff; text-decoration: underline;\"><a href=\"http:\/\/proyectoverdanza.com\/\" target=\"_blank\"><span style=\"color: #0000ff; text-decoration: underline;\"><strong>http:\/\/proyectoverdanza.com\/<\/strong><\/span><\/a><\/span><\/span><\/li>\n<li><span style=\"text-decoration: underline;\"><span style=\"color: #0000ff; text-decoration: underline;\"><a href=\"http:\/\/escenadelamemoria.blogspot.com.es\/\"><span style=\"color: #0000ff; text-decoration: underline;\"><strong>http:\/\/escenadelamemoria.blogspot.com<\/strong><\/span><\/a><\/span><\/span><\/li>\n<li><span style=\"text-decoration: underline;\"><span style=\"color: #0000ff; text-decoration: underline;\"><a href=\"http:\/\/www.alejandraundurraga.com\/\"><span style=\"color: #0000ff; text-decoration: underline;\"><strong>http:\/\/www.alejandraundurraga.com\/<\/strong><\/span><\/a><\/span><\/span><\/li>\n<li><span style=\"text-decoration: underline;\"><span style=\"color: #0000ff; text-decoration: underline;\"><a href=\"http:\/\/dansaalmercat.wordpress.com\/\"><span style=\"color: #0000ff; text-decoration: underline;\"><strong>http:\/\/dansaalmercat.wordpress.com\/<\/strong><\/span><\/a><\/span><\/span><\/li>\n<\/ul>\n","protected":false},"excerpt":{"rendered":"<p>Queremos que tu tambi\u00e9n formes parte del Mercat Para eso, [&hellip;]<\/p>\n","protected":false},"author":1,"featured_media":6734,"parent":715,"menu_order":0,"comment_status":"open","ping_status":"open","template":"","meta":[],"_links":{"self":[{"href":"https:\/\/old.mercatflors.cat\/es\/wp-json\/wp\/v2\/pages\/769\/"}],"collection":[{"href":"https:\/\/old.mercatflors.cat\/es\/wp-json\/wp\/v2\/pages\/"}],"about":[{"href":"https:\/\/old.mercatflors.cat\/es\/wp-json\/wp\/v2\/types\/page\/"}],"author":[{"embeddable":true,"href":"https:\/\/old.mercatflors.cat\/es\/wp-json\/wp\/v2\/users\/1\/"}],"replies":[{"embeddable":true,"href":"https:\/\/old.mercatflors.cat\/es\/wp-json\/wp\/v2\/comments\/?post=769"}],"version-history":[{"count":0,"href":"https:\/\/old.mercatflors.cat\/es\/wp-json\/wp\/v2\/pages\/769\/revisions\/"}],"up":[{"embeddable":true,"href":"https:\/\/old.mercatflors.cat\/es\/wp-json\/wp\/v2\/pages\/715\/"}],"wp:featuredmedia":[{"embeddable":true,"href":"https:\/\/old.mercatflors.cat\/es\/wp-json\/wp\/v2\/media\/6734\/"}],"wp:attachment":[{"href":"https:\/\/old.mercatflors.cat\/es\/wp-json\/wp\/v2\/media\/?parent=769"}],"curies":[{"name":"wp","href":"https:\/\/api.w.org\/{rel}","templated":true}]}}