{"id":808,"date":"2011-09-09T16:27:08","date_gmt":"2011-09-09T16:27:08","guid":{"rendered":"https:\/\/old.mercatflors.cat\/?page_id=808"},"modified":"2019-09-05T10:40:35","modified_gmt":"2019-09-05T09:40:35","slug":"red-de-teatros","status":"publish","type":"page","link":"https:\/\/old.mercatflors.cat\/es\/red-de-teatros\/","title":{"rendered":"Red de Teatros"},"content":{"rendered":"<h2>Red de Teatros<\/h2>\n<p>La Red Espa\u00f1ola de Teatros, Auditorios, Circuitos y Festivales de Titularidad P\u00fablica es una asociaci\u00f3n cultural sin \u00e1nimo de lucro constituida en febrero de 2000, en convenio de colaboraci\u00f3n con el INAEM (Instituto Nacional de las Artes Esc\u00e9nicas y de la M\u00fasica), Ministerio de Educaci\u00f3n Cultura y Deportes. En la actualidad La Red cuenta con 159 asociados.\u00a0Se trata de espacios de exhibici\u00f3n de artes esc\u00e9nicas de titularidad p\u00fablica de todo el territorio nacional. Dentro de esta cifra se incluyen los principales teatros y auditorios del pa\u00eds. Adem\u00e1s de 12 redes y circuitos de artes esc\u00e9nicas de las comunidades aut\u00f3nomas y provinciales que a su vez aglutinan sus espacios dependientes. Por lo que La Red re\u00fane m\u00e1s de\u00a0<strong>700 espacios de exhibici\u00f3n<\/strong>\u00a0p\u00fablicos.<\/p>\n<p><span style=\"text-decoration: underline; color: #0000ff;\"><a style=\"color: #0000ff; text-decoration: underline;\" href=\"http:\/\/www.redescena.net\/home\/index.php\" target=\"_blank\" rel=\"noopener\">http:\/\/www.redescena.net<\/a><\/span><\/p>\n<p>&nbsp;<\/p>\n","protected":false},"excerpt":{"rendered":"<p>Red de Teatros La Red Espa\u00f1ola de Teatros, Auditorios, Circuitos [&hellip;]<\/p>\n","protected":false},"author":1,"featured_media":43126,"parent":0,"menu_order":0,"comment_status":"open","ping_status":"open","template":"","meta":[],"_links":{"self":[{"href":"https:\/\/old.mercatflors.cat\/es\/wp-json\/wp\/v2\/pages\/808\/"}],"collection":[{"href":"https:\/\/old.mercatflors.cat\/es\/wp-json\/wp\/v2\/pages\/"}],"about":[{"href":"https:\/\/old.mercatflors.cat\/es\/wp-json\/wp\/v2\/types\/page\/"}],"author":[{"embeddable":true,"href":"https:\/\/old.mercatflors.cat\/es\/wp-json\/wp\/v2\/users\/1\/"}],"replies":[{"embeddable":true,"href":"https:\/\/old.mercatflors.cat\/es\/wp-json\/wp\/v2\/comments\/?post=808"}],"version-history":[{"count":0,"href":"https:\/\/old.mercatflors.cat\/es\/wp-json\/wp\/v2\/pages\/808\/revisions\/"}],"wp:featuredmedia":[{"embeddable":true,"href":"https:\/\/old.mercatflors.cat\/es\/wp-json\/wp\/v2\/media\/43126\/"}],"wp:attachment":[{"href":"https:\/\/old.mercatflors.cat\/es\/wp-json\/wp\/v2\/media\/?parent=808"}],"curies":[{"name":"wp","href":"https:\/\/api.w.org\/{rel}","templated":true}]}}